{"id":7516,"date":"2017-03-17T11:25:00","date_gmt":"2017-03-17T10:25:00","guid":{"rendered":"https:\/\/www.united-europe.eu\/?page_id=7516"},"modified":"2024-11-12T17:48:56","modified_gmt":"2024-11-12T16:48:56","slug":"die-entstehung-des-manifests","status":"publish","type":"page","link":"https:\/\/www.united-europe.eu\/de\/advocacy-programme\/roemisches-manifest\/die-entstehung-des-manifests\/","title":{"rendered":"Wie das Manifest entstand"},"content":{"rendered":"<p>Im M\u00e4rz 2017 feierte die Europ\u00e4ische Union den 60. Jahrestag der Unterzeichnung der R\u00f6mischen Vertr\u00e4ge. Welch gro\u00dfartige Errungenschaft! Die europ\u00e4ische Einigung hat es drei Generationen an Europ\u00e4ern m\u00f6glich gemacht, in Frieden und Wohlstand zusammen zu leben.<\/p>\n<figure id=\"attachment_7560\" aria-describedby=\"caption-attachment-7560\" style=\"width: 381px\" class=\"wp-caption alignright\"><img loading=\"lazy\" decoding=\"async\" class=\"wp-image-7560 \" src=\"https:\/\/www.united-europe.eu\/wp-content\/uploads\/2017\/03\/Gruppenbild-Autoren_bearbeitet-550x300.jpg\" alt=\"\" width=\"381\" height=\"208\" srcset=\"https:\/\/www.united-europe.eu\/wp-content\/uploads\/2017\/03\/Gruppenbild-Autoren_bearbeitet-550x300.jpg 550w, https:\/\/www.united-europe.eu\/wp-content\/uploads\/2017\/03\/Gruppenbild-Autoren_bearbeitet-800x436.jpg 800w, https:\/\/www.united-europe.eu\/wp-content\/uploads\/2017\/03\/Gruppenbild-Autoren_bearbeitet-1160x633.jpg 1160w, https:\/\/www.united-europe.eu\/wp-content\/uploads\/2017\/03\/Gruppenbild-Autoren_bearbeitet-320x175.jpg 320w, https:\/\/www.united-europe.eu\/wp-content\/uploads\/2017\/03\/Gruppenbild-Autoren_bearbeitet-560x306.jpg 560w, https:\/\/www.united-europe.eu\/wp-content\/uploads\/2017\/03\/Gruppenbild-Autoren_bearbeitet-1920x1047.jpg 1920w, https:\/\/www.united-europe.eu\/wp-content\/uploads\/2017\/03\/Gruppenbild-Autoren_bearbeitet-640x349.jpg 640w, https:\/\/www.united-europe.eu\/wp-content\/uploads\/2017\/03\/Gruppenbild-Autoren_bearbeitet-1120x611.jpg 1120w, https:\/\/www.united-europe.eu\/wp-content\/uploads\/2017\/03\/Gruppenbild-Autoren_bearbeitet-1600x873.jpg 1600w, https:\/\/www.united-europe.eu\/wp-content\/uploads\/2017\/03\/Gruppenbild-Autoren_bearbeitet-2320x1266.jpg 2320w, https:\/\/www.united-europe.eu\/wp-content\/uploads\/2017\/03\/Gruppenbild-Autoren_bearbeitet-1266x691.jpg 1266w, https:\/\/www.united-europe.eu\/wp-content\/uploads\/2017\/03\/Gruppenbild-Autoren_bearbeitet-360x196.jpg 360w, https:\/\/www.united-europe.eu\/wp-content\/uploads\/2017\/03\/Gruppenbild-Autoren_bearbeitet-633x345.jpg 633w, https:\/\/www.united-europe.eu\/wp-content\/uploads\/2017\/03\/Gruppenbild-Autoren_bearbeitet-180x98.jpg 180w, https:\/\/www.united-europe.eu\/wp-content\/uploads\/2017\/03\/Gruppenbild-Autoren_bearbeitet-300x164.jpg 300w, https:\/\/www.united-europe.eu\/wp-content\/uploads\/2017\/03\/Gruppenbild-Autoren_bearbeitet-768x419.jpg 768w, https:\/\/www.united-europe.eu\/wp-content\/uploads\/2017\/03\/Gruppenbild-Autoren_bearbeitet.jpg 3248w\" sizes=\"auto, (max-width: 381px) 100vw, 381px\" \/><figcaption id=\"caption-attachment-7560\" class=\"wp-caption-text\">Authors of the Rome Manifesto at Lake Como<\/figcaption><\/figure>\n<p>Dennoch ist es ein Jahrestag der von\u00a0Krisen und Resignation \u00fcberschattet ist. Nach dem Brexit-Referendum vom Juni 2016 wird Gro\u00dfbritannien nun auch offiziell seinen Austritt aus der Europ\u00e4ischen Union erkl\u00e4ren. Im S\u00fcden Europas sind die Folgen der Finanzkrise noch immer nicht \u00fcberwunden. 2017 finden zudem in wichtigen europ\u00e4ischen L\u00e4ndern Wahlen statt, bei denen populistische Bewegungen mit nationalistischen und fremdenfeindlichen Parolen die liberale Ordnung in Frage stellen. Auch von au\u00dfen w\u00e4chst der Druck auf Europa durch die Politik des neuen US-Pr\u00e4sidenten und durch autorit\u00e4r regierte Nachbarl\u00e4nder wie die T\u00fcrkei und Russland.<\/p>\n<p>In dieser Situation erweist sich die politische F\u00fchrung in Europa bisher als mutlos. Statt f\u00fcr Reformen zu werben, konzentriert sich die EU auf Schadensbegrenzung. Die Resignation der politischen Elite steht in starkem Kontrast zu der Haltung vieler junger Europ\u00e4er, die Europa auf gar keinen Fall aufgeben wollen. Fast \u00fcberall in der EU sind die J\u00fcngeren deutlich positiver gegen\u00fcber der europ\u00e4ischen Einigung eingestellt als die \u00e4ltere Generation.<\/p>\n<p>Vor diesem Hintergrund beschlossen United Europe und Villa Vigoni im Herbst 2016, eine Gruppe herausragender junger Wissenschaftlern und Berufst\u00e4tiger aus Europa einzuladen, eine gemeinsame Vision f\u00fcr die Erneuerung des europ\u00e4ischen Projekts zu erarbeiten. Das Ergebnis ist das &#8218;R\u00f6mische Manifest&#8216;, das jetzt im Rahmen der Feierlichkeiten zum 60. Jahrestag der Unterzeichnung der R\u00f6mischen Vertr\u00e4ge ver\u00f6ffentlicht wurde.<\/p>\n<p>Einige der Autoren stammen aus Italien und Deutschland, andere aus den Niederlanden, \u00d6sterreich, Kroatien, Griechenland oder Gro\u00dfbritannien. Zur H\u00e4lfte sind es Wissenschaftler aus europ\u00e4ischen Fakult\u00e4ten f\u00fcr Geschichte, Philosophie oder Recht; zur anderen H\u00e4lfte Unternehmer, \u00c4rzte, Unternehmensberater und Public Affairs Spezialisten.<\/p>\n<p>Anfang 2017 kamen die Autoren in drei separaten Arbeitsgruppen zusammen:<\/p>\n<figure id=\"attachment_7015\" aria-describedby=\"caption-attachment-7015\" style=\"width: 143px\" class=\"wp-caption alignleft\"><img loading=\"lazy\" decoding=\"async\" class=\" wp-image-7015\" src=\"https:\/\/www.united-europe.eu\/wp-content\/uploads\/2017\/01\/Peer-Steinbr\u00fcck-1-206x300.jpg\" alt=\"\" width=\"143\" height=\"208\" srcset=\"https:\/\/www.united-europe.eu\/wp-content\/uploads\/2017\/01\/Peer-Steinbr\u00fcck-1-206x300.jpg 206w, https:\/\/www.united-europe.eu\/wp-content\/uploads\/2017\/01\/Peer-Steinbr\u00fcck-1-800x1163.jpg 800w, https:\/\/www.united-europe.eu\/wp-content\/uploads\/2017\/01\/Peer-Steinbr\u00fcck-1-1160x1686.jpg 1160w, https:\/\/www.united-europe.eu\/wp-content\/uploads\/2017\/01\/Peer-Steinbr\u00fcck-1-320x465.jpg 320w, https:\/\/www.united-europe.eu\/wp-content\/uploads\/2017\/01\/Peer-Steinbr\u00fcck-1-560x814.jpg 560w, https:\/\/www.united-europe.eu\/wp-content\/uploads\/2017\/01\/Peer-Steinbr\u00fcck-1-1920x2790.jpg 1920w, https:\/\/www.united-europe.eu\/wp-content\/uploads\/2017\/01\/Peer-Steinbr\u00fcck-1-640x930.jpg 640w, https:\/\/www.united-europe.eu\/wp-content\/uploads\/2017\/01\/Peer-Steinbr\u00fcck-1-1120x1628.jpg 1120w, https:\/\/www.united-europe.eu\/wp-content\/uploads\/2017\/01\/Peer-Steinbr\u00fcck-1-1600x2325.jpg 1600w, https:\/\/www.united-europe.eu\/wp-content\/uploads\/2017\/01\/Peer-Steinbr\u00fcck-1-2320x3372.jpg 2320w, https:\/\/www.united-europe.eu\/wp-content\/uploads\/2017\/01\/Peer-Steinbr\u00fcck-1-1266x1840.jpg 1266w, https:\/\/www.united-europe.eu\/wp-content\/uploads\/2017\/01\/Peer-Steinbr\u00fcck-1-138x200.jpg 138w, https:\/\/www.united-europe.eu\/wp-content\/uploads\/2017\/01\/Peer-Steinbr\u00fcck-1-633x920.jpg 633w, https:\/\/www.united-europe.eu\/wp-content\/uploads\/2017\/01\/Peer-Steinbr\u00fcck-1-69x100.jpg 69w, https:\/\/www.united-europe.eu\/wp-content\/uploads\/2017\/01\/Peer-Steinbr\u00fcck-1-768x1116.jpg 768w, https:\/\/www.united-europe.eu\/wp-content\/uploads\/2017\/01\/Peer-Steinbr\u00fcck-1.jpg 2557w\" sizes=\"auto, (max-width: 143px) 100vw, 143px\" \/><figcaption id=\"caption-attachment-7015\" class=\"wp-caption-text\">Peer Steinbr\u00fcck<\/figcaption><\/figure>\n<p><strong>Arbeitsgruppe 1<\/strong> traf sich in Berlin, um \u00fcber eine neues Narrativ f\u00fcr Europa zu beraten.\u00a0 Seit den Anf\u00e4ngen war es das wichtigste Ziel des vereinten Europas, Frieden und Wohlstand zu sichern. Nat\u00fcrlih bleibt das im Grundsatz richtig. Es bedarf aber einer neuen Interpretation, die auch f\u00fcr j\u00fcngere Europ\u00e4er \u00fcberzeugend ist. Nach lebhaften Diskussionen entschied sich die Gruppe daf\u00fcr, die europ\u00e4ische Einigung mit den inviduellen Rechten zu begr\u00fcnden, die den B\u00fcrgern Europas zustehen. Schirmherr dieser Arbeitsgruppe war\u00a0der fr\u00fchere Bundesfinanzminister Peer Steinbr\u00fcck, der sich schon lange mit der Frage befasst, wie man Europa heute begr\u00fcnden kann.<\/p>\n<figure id=\"attachment_6996\" aria-describedby=\"caption-attachment-6996\" style=\"width: 200px\" class=\"wp-caption alignright\"><img loading=\"lazy\" decoding=\"async\" class=\"size-full wp-image-6996\" src=\"https:\/\/www.united-europe.eu\/wp-content\/uploads\/2017\/01\/Taddei.jpeg\" alt=\"\" width=\"200\" height=\"200\" srcset=\"https:\/\/www.united-europe.eu\/wp-content\/uploads\/2017\/01\/Taddei.jpeg 200w, https:\/\/www.united-europe.eu\/wp-content\/uploads\/2017\/01\/Taddei-90x90.jpeg 90w, https:\/\/www.united-europe.eu\/wp-content\/uploads\/2017\/01\/Taddei-180x180.jpeg 180w, https:\/\/www.united-europe.eu\/wp-content\/uploads\/2017\/01\/Taddei-150x150.jpeg 150w, https:\/\/www.united-europe.eu\/wp-content\/uploads\/2017\/01\/Taddei-100x100.jpeg 100w\" sizes=\"auto, (max-width: 200px) 100vw, 200px\" \/><figcaption id=\"caption-attachment-6996\" class=\"wp-caption-text\">Felipe Taddei<\/figcaption><\/figure>\n<p><strong>Arbeitsgruppe 2<\/strong>\u00a0befasste sich mit den Institutionen und Entscheidungsverfahren in Europa, die in ihrer jetzigen Verfassung nicht nur ineffektiv, sondern auch intransparent sind. Es schadet der Legitimit\u00e4t der europ\u00e4ischen Institutionen, wenn ihre B\u00fcrger nicht verstehen, wie sie funktionieren. Erschwerend kommt hinzu, dass die nationalen Regierungen unpopul\u00e4re Entscheidungen gerne der EU zuschreiben, und zwar auch dann, wenn sie selbst an deren Zustandekommen beteiligt waren. Bei\u00a0dem Arbeitstreffen in Bologna entschieden sich die Autoren f\u00fcr einen radikalen Neuentwurf, n\u00e4mlich die Gr\u00fcndung einer Europ\u00e4ischen F\u00f6deralen Union, der eine klare Gewaltenteilung zugrunde liegen soll. Professor Filippo Taddei, Direktor des Bologna Instituts f\u00fcr Politikforschung der Johns Hopkins Universit\u00e4t und Chef\u00f6konom der italienischen Demokratischen Partei, war\u00a0Schirmherr dieser Gruppe.<\/p>\n<figure id=\"attachment_6800\" aria-describedby=\"caption-attachment-6800\" style=\"width: 225px\" class=\"wp-caption alignleft\"><img loading=\"lazy\" decoding=\"async\" class=\" wp-image-6800\" src=\"https:\/\/www.united-europe.eu\/wp-content\/uploads\/2016\/11\/Sylvie-Goulard-e1479133603137-300x225.jpg\" alt=\"\" width=\"225\" height=\"169\" \/><figcaption id=\"caption-attachment-6800\" class=\"wp-caption-text\">Sylvie Goulard<\/figcaption><\/figure>\n<p><strong>Arbeitsgruppe 3<\/strong>\u00a0traf sich in Br\u00fcssel um das Thema der europ\u00e4ischen Identit\u00e4t zu diskutieren. In ganz Europa haben die Menschen viele Wurzeln gemeinsam: in Geschichte, Religion, Kultur, Politik sowie Gesellschaft und Werten. \u00a0Auch die geografische N\u00e4he begr\u00fcndet, dass die Europ\u00e4er eine gemeinsame Bestimmung haben.\u00a0Das von der Gruppe gew\u00e4hlte Bild zur Verdeutlichung dieser Komplexit\u00e4t ist das Mosaik: ein Bild, das gerade durch die Vielfalt seiner Einzelteile zu einem sch\u00f6nen und farbenfrohen Ganzen wird. Es ist insbesondere die junge Generation die durch die europ\u00e4ische Integration gepr\u00e4gt ist; dies ist der Grund, weshalb sie nun besonders gefordert ist, sich f\u00fcr die Erneuerung des Projekts einzusetzen. Sylvie Goulard, franz\u00f6sische Europa-Abgeordnete und liberale Politikerin, war\u00a0Schirmherrin dieser Arbeitsgruppe.<\/p>\n<p>Genau einen Monat vor der Ver\u00f6ffentlichung des R\u00f6mischen Manifests trafen sich die drei Arbeitsgruppen in der Villa Vigoni am Comer See. Nach einem intensiven Arbeitswochenende, bei dem jeder Satz unter die Lupe genommen wurde, war das Manifest fertig. Das Ergebnis ist ein erstaunlich kurzer Text, der in klarer und pr\u00e4gnanter Sprache eine konstruktive und ehrgeizige Vision f\u00fcr Europa aufzeigt. Im M\u00e4rz 2017 wurde das Manifest schlie\u00dflich vor zahlreichen Ehreng\u00e4sten in der Deutschen Botschaft in Rom vorgestellt.<\/p>\n<p><a href=\"https:\/\/www.romemanifesto.eu\/?lang=de\"><img loading=\"lazy\" decoding=\"async\" class=\"alignright wp-image-7549 size-thumbnail\" src=\"https:\/\/www.united-europe.eu\/wp-content\/uploads\/2017\/03\/Icon-150x145.png\" alt=\"\" width=\"150\" height=\"145\" \/><\/a>In den kommenden Monaten wird das Manifest mit der Unterst\u00fctzung von Kooperationspartnern in etlichen europ\u00e4ischen L\u00e4ndern \u2013 Universit\u00e4ten, Think Tanks und Stiftungen \u2013 auch einem breiteren Publikum vorgestellt. F\u00fcr Twitter Updates folgen Sie bitte #RomeManifesto.<\/p>\n<div class=\"shariff shariff-align-flex-start shariff-widget-align-flex-start\" data-services=\"facebook%7Cpinterest\" data-url=\"https%3A%2F%2Fwww.united-europe.eu%2Fde%2Fadvocacy-programme%2Froemisches-manifest%2Fdie-entstehung-des-manifests%2F\" data-timestamp=\"1731433736\" data-backendurl=\"https:\/\/www.united-europe.eu\/de\/wp-json\/shariff\/v1\/share_counts?\"><ul class=\"shariff-buttons theme-default orientation-horizontal buttonsize-medium\"><li class=\"shariff-button facebook\" style=\"background-color:#f2a900\"><a href=\"https:\/\/www.facebook.com\/sharer\/sharer.php?u=https%3A%2F%2Fwww.united-europe.eu%2Fde%2Fadvocacy-programme%2Froemisches-manifest%2Fdie-entstehung-des-manifests%2F\" title=\"Bei Facebook teilen\" aria-label=\"Bei Facebook teilen\" role=\"button\" rel=\"nofollow\" class=\"shariff-link\" style=\"; background-color:#d9d9d9; color:#fff\" target=\"_blank\"><span class=\"shariff-icon\" style=\"\"><svg width=\"32px\" height=\"20px\" xmlns=\"http:\/\/www.w3.org\/2000\/svg\" viewBox=\"0 0 18 32\"><path fill=\"#3b5998\" d=\"M17.1 0.2v4.7h-2.8q-1.5 0-2.1 0.6t-0.5 1.9v3.4h5.2l-0.7 5.3h-4.5v13.6h-5.5v-13.6h-4.5v-5.3h4.5v-3.9q0-3.3 1.9-5.2t5-1.8q2.6 0 4.1 0.2z\"\/><\/svg><\/span><span class=\"shariff-text\">teilen<\/span>&nbsp;<\/a><\/li><li class=\"shariff-button twitter\" style=\"background-color:#f2a900\"><a href=\"https:\/\/twitter.com\/share?url=https%3A%2F%2Fwww.united-europe.eu%2Fde%2Fadvocacy-programme%2Froemisches-manifest%2Fdie-entstehung-des-manifests%2F&text=Wie%20das%20Manifest%20entstand&via=unitedeurope_eu\" title=\"Bei X teilen\" aria-label=\"Bei X teilen\" role=\"button\" rel=\"noopener nofollow\" class=\"shariff-link\" style=\"; background-color:#d9d9d9; color:#fff\" target=\"_blank\"><span class=\"shariff-icon\" style=\"\"><svg width=\"32px\" height=\"20px\" xmlns=\"http:\/\/www.w3.org\/2000\/svg\" viewBox=\"0 0 24 24\"><path fill=\"#000\" d=\"M14.258 10.152L23.176 0h-2.113l-7.747 8.813L7.133 0H0l9.352 13.328L0 23.973h2.113l8.176-9.309 6.531 9.309h7.133zm-2.895 3.293l-.949-1.328L2.875 1.56h3.246l6.086 8.523.945 1.328 7.91 11.078h-3.246zm0 0\"\/><\/svg><\/span><span class=\"shariff-text\">teilen<\/span>&nbsp;<\/a><\/li><li class=\"shariff-button whatsapp\" style=\"background-color:#f2a900\"><a href=\"https:\/\/api.whatsapp.com\/send?text=https%3A%2F%2Fwww.united-europe.eu%2Fde%2Fadvocacy-programme%2Froemisches-manifest%2Fdie-entstehung-des-manifests%2F%20Wie%20das%20Manifest%20entstand\" title=\"Bei Whatsapp teilen\" aria-label=\"Bei Whatsapp teilen\" role=\"button\" rel=\"noopener nofollow\" class=\"shariff-link\" style=\"; background-color:#d9d9d9; color:#fff\" target=\"_blank\"><span class=\"shariff-icon\" style=\"\"><svg width=\"32px\" height=\"20px\" xmlns=\"http:\/\/www.w3.org\/2000\/svg\" viewBox=\"0 0 32 32\"><path fill=\"#34af23\" d=\"M17.6 17.4q0.2 0 1.7 0.8t1.6 0.9q0 0.1 0 0.3 0 0.6-0.3 1.4-0.3 0.7-1.3 1.2t-1.8 0.5q-1 0-3.4-1.1-1.7-0.8-3-2.1t-2.6-3.3q-1.3-1.9-1.3-3.5v-0.1q0.1-1.6 1.3-2.8 0.4-0.4 0.9-0.4 0.1 0 0.3 0t0.3 0q0.3 0 0.5 0.1t0.3 0.5q0.1 0.4 0.6 1.6t0.4 1.3q0 0.4-0.6 1t-0.6 0.8q0 0.1 0.1 0.3 0.6 1.3 1.8 2.4 1 0.9 2.7 1.8 0.2 0.1 0.4 0.1 0.3 0 1-0.9t0.9-0.9zM14 26.9q2.3 0 4.3-0.9t3.6-2.4 2.4-3.6 0.9-4.3-0.9-4.3-2.4-3.6-3.6-2.4-4.3-0.9-4.3 0.9-3.6 2.4-2.4 3.6-0.9 4.3q0 3.6 2.1 6.6l-1.4 4.2 4.3-1.4q2.8 1.9 6.2 1.9zM14 2.2q2.7 0 5.2 1.1t4.3 2.9 2.9 4.3 1.1 5.2-1.1 5.2-2.9 4.3-4.3 2.9-5.2 1.1q-3.5 0-6.5-1.7l-7.4 2.4 2.4-7.2q-1.9-3.2-1.9-6.9 0-2.7 1.1-5.2t2.9-4.3 4.3-2.9 5.2-1.1z\"\/><\/svg><\/span><span class=\"shariff-text\">teilen<\/span>&nbsp;<\/a><\/li><li class=\"shariff-button threema shariff-mobile\" style=\"background-color:#f2a900\"><a href=\"threema:\/\/compose?text=Wie%20das%20Manifest%20entstand%20https%3A%2F%2Fwww.united-europe.eu%2Fde%2Fadvocacy-programme%2Froemisches-manifest%2Fdie-entstehung-des-manifests%2F\" title=\"Bei Threema teilen\" aria-label=\"Bei Threema teilen\" role=\"button\" rel=\"noopener nofollow\" class=\"shariff-link\" style=\"; background-color:#d9d9d9; color:#fff\" target=\"_blank\"><span class=\"shariff-icon\" style=\"\"><svg width=\"32px\" height=\"20px\" xmlns=\"http:\/\/www.w3.org\/2000\/svg\" viewBox=\"0 0 32 32\"><path fill=\"#1f1f1f\" d=\"M30.8 10.9c-0.3-1.4-0.9-2.6-1.8-3.8-2-2.6-5.5-4.5-9.4-5.2-1.3-0.2-1.9-0.3-3.5-0.3s-2.2 0-3.5 0.3c-4 0.7-7.4 2.6-9.4 5.2-0.9 1.2-1.5 2.4-1.8 3.8-0.1 0.5-0.2 1.2-0.2 1.6 0 0.4 0.1 1.1 0.2 1.6 0.4 1.9 1.3 3.4 2.9 5 0.8 0.8 0.8 0.8 0.7 1.3 0 0.6-0.5 1.6-1.7 3.6-0.3 0.5-0.5 0.9-0.5 0.9 0 0.1 0.1 0.1 0.5 0 0.8-0.2 2.3-0.6 5.6-1.6 1.1-0.3 1.3-0.4 2.3-0.4 0.8 0 1.1 0 2.3 0.2 1.5 0.2 3.5 0.2 4.9 0 5.1-0.6 9.3-2.9 11.4-6.3 0.5-0.9 0.9-1.8 1.1-2.8 0.1-0.5 0.2-1.1 0.2-1.6 0-0.7-0.1-1.1-0.2-1.6-0.3-1.4 0.1 0.5 0 0zM20.6 17.3c0 0.4-0.4 0.8-0.8 0.8h-7.7c-0.4 0-0.8-0.4-0.8-0.8v-4.6c0-0.4 0.4-0.8 0.8-0.8h0.2l0-1.6c0-0.9 0-1.8 0.1-2 0.1-0.6 0.6-1.2 1.1-1.7s1.1-0.7 1.9-0.8c1.8-0.3 3.7 0.7 4.2 2.2 0.1 0.3 0.1 0.7 0.1 2.1v0 1.7h0.1c0.4 0 0.8 0.4 0.8 0.8v4.6zM15.6 7.3c-0.5 0.1-0.8 0.3-1.2 0.6s-0.6 0.8-0.7 1.3c0 0.2 0 0.8 0 1.5l0 1.2h4.6v-1.3c0-1 0-1.4-0.1-1.6-0.3-1.1-1.5-1.9-2.6-1.7zM25.8 28.2c0 1.2-1 2.2-2.1 2.2s-2.1-1-2.1-2.1c0-1.2 1-2.1 2.2-2.1s2.2 1 2.2 2.2zM18.1 28.2c0 1.2-1 2.2-2.1 2.2s-2.1-1-2.1-2.1c0-1.2 1-2.1 2.2-2.1s2.2 1 2.2 2.2zM10.4 28.2c0 1.2-1 2.2-2.1 2.2s-2.1-1-2.1-2.1c0-1.2 1-2.1 2.2-2.1s2.2 1 2.2 2.2z\"\/><\/svg><\/span><span class=\"shariff-text\">teilen<\/span>&nbsp;<\/a><\/li><li class=\"shariff-button pinterest\" style=\"background-color:#f2a900\"><a href=\"https:\/\/www.pinterest.com\/pin\/create\/link\/?url=https%3A%2F%2Fwww.united-europe.eu%2Fde%2Fadvocacy-programme%2Froemisches-manifest%2Fdie-entstehung-des-manifests%2F&media=https%3A%2F%2Fwww.united-europe.eu%2Fwp-content%2Fuploads%2F2017%2F03%2FGruppenbild-Autoren_bearbeitet-550x300.jpg&description=Wie%20das%20Manifest%20entstand\" title=\"Bei Pinterest pinnen\" aria-label=\"Bei Pinterest pinnen\" role=\"button\" rel=\"noopener nofollow\" class=\"shariff-link\" style=\"; background-color:#d9d9d9; color:#fff\" target=\"_blank\"><span class=\"shariff-icon\" style=\"\"><svg width=\"32px\" height=\"20px\" xmlns=\"http:\/\/www.w3.org\/2000\/svg\" viewBox=\"0 0 27 32\"><path fill=\"#cb2027\" d=\"M27.4 16q0 3.7-1.8 6.9t-5 5-6.9 1.9q-2 0-3.9-0.6 1.1-1.7 1.4-2.9 0.2-0.6 1-3.8 0.4 0.7 1.3 1.2t2 0.5q2.1 0 3.8-1.2t2.7-3.4 0.9-4.8q0-2-1.1-3.8t-3.1-2.9-4.5-1.2q-1.9 0-3.5 0.5t-2.8 1.4-2 2-1.2 2.3-0.4 2.4q0 1.9 0.7 3.3t2.1 2q0.5 0.2 0.7-0.4 0-0.1 0.1-0.5t0.2-0.5q0.1-0.4-0.2-0.8-0.9-1.1-0.9-2.7 0-2.7 1.9-4.6t4.9-2q2.7 0 4.2 1.5t1.5 3.8q0 3-1.2 5.2t-3.1 2.1q-1.1 0-1.7-0.8t-0.4-1.9q0.1-0.6 0.5-1.7t0.5-1.8 0.2-1.4q0-0.9-0.5-1.5t-1.4-0.6q-1.1 0-1.9 1t-0.8 2.6q0 1.3 0.4 2.2l-1.8 7.5q-0.3 1.2-0.2 3.2-3.7-1.6-6-5t-2.3-7.6q0-3.7 1.9-6.9t5-5 6.9-1.9 6.9 1.9 5 5 1.8 6.9z\"\/><\/svg><\/span><span class=\"shariff-text\">merken<\/span>&nbsp;<\/a><\/li><li class=\"shariff-button xing\" style=\"background-color:#f2a900\"><a href=\"https:\/\/www.xing.com\/spi\/shares\/new?url=https%3A%2F%2Fwww.united-europe.eu%2Fde%2Fadvocacy-programme%2Froemisches-manifest%2Fdie-entstehung-des-manifests%2F\" title=\"Bei XING teilen\" aria-label=\"Bei XING teilen\" role=\"button\" rel=\"noopener nofollow\" class=\"shariff-link\" style=\"; background-color:#d9d9d9; color:#fff\" target=\"_blank\"><span class=\"shariff-icon\" style=\"\"><svg width=\"32px\" height=\"20px\" xmlns=\"http:\/\/www.w3.org\/2000\/svg\" viewBox=\"0 0 25 32\"><path fill=\"#126567\" d=\"M10.7 11.9q-0.2 0.3-4.6 8.2-0.5 0.8-1.2 0.8h-4.3q-0.4 0-0.5-0.3t0-0.6l4.5-8q0 0 0 0l-2.9-5q-0.2-0.4 0-0.7 0.2-0.3 0.5-0.3h4.3q0.7 0 1.2 0.8zM25.1 0.4q0.2 0.3 0 0.7l-9.4 16.7 6 11q0.2 0.4 0 0.6-0.2 0.3-0.6 0.3h-4.3q-0.7 0-1.2-0.8l-6-11.1q0.3-0.6 9.5-16.8 0.4-0.8 1.2-0.8h4.3q0.4 0 0.5 0.3z\"\/><\/svg><\/span><span class=\"shariff-text\">teilen<\/span>&nbsp;<\/a><\/li><li class=\"shariff-button linkedin\" style=\"background-color:#f2a900\"><a href=\"https:\/\/www.linkedin.com\/sharing\/share-offsite\/?url=https%3A%2F%2Fwww.united-europe.eu%2Fde%2Fadvocacy-programme%2Froemisches-manifest%2Fdie-entstehung-des-manifests%2F\" title=\"Bei LinkedIn teilen\" aria-label=\"Bei LinkedIn teilen\" role=\"button\" rel=\"noopener nofollow\" class=\"shariff-link\" style=\"; background-color:#d9d9d9; color:#fff\" target=\"_blank\"><span class=\"shariff-icon\" style=\"\"><svg width=\"32px\" height=\"20px\" xmlns=\"http:\/\/www.w3.org\/2000\/svg\" viewBox=\"0 0 27 32\"><path fill=\"#0077b5\" d=\"M6.2 11.2v17.7h-5.9v-17.7h5.9zM6.6 5.7q0 1.3-0.9 2.2t-2.4 0.9h0q-1.5 0-2.4-0.9t-0.9-2.2 0.9-2.2 2.4-0.9 2.4 0.9 0.9 2.2zM27.4 18.7v10.1h-5.9v-9.5q0-1.9-0.7-2.9t-2.3-1.1q-1.1 0-1.9 0.6t-1.2 1.5q-0.2 0.5-0.2 1.4v9.9h-5.9q0-7.1 0-11.6t0-5.3l0-0.9h5.9v2.6h0q0.4-0.6 0.7-1t1-0.9 1.6-0.8 2-0.3q3 0 4.9 2t1.9 6z\"\/><\/svg><\/span><span class=\"shariff-text\">teilen<\/span>&nbsp;<\/a><\/li><li class=\"shariff-button mailto\" style=\"background-color:#f2a900\"><a href=\"mailto:?body=https%3A%2F%2Fwww.united-europe.eu%2Fde%2Fadvocacy-programme%2Froemisches-manifest%2Fdie-entstehung-des-manifests%2F&subject=Wie%20das%20Manifest%20entstand\" title=\"Per E-Mail versenden\" aria-label=\"Per E-Mail versenden\" role=\"button\" rel=\"noopener nofollow\" class=\"shariff-link\" style=\"; background-color:#d9d9d9; color:#fff\"><span class=\"shariff-icon\" style=\"\"><svg width=\"32px\" height=\"20px\" xmlns=\"http:\/\/www.w3.org\/2000\/svg\" viewBox=\"0 0 32 32\"><path fill=\"#999\" d=\"M32 12.7v14.2q0 1.2-0.8 2t-2 0.9h-26.3q-1.2 0-2-0.9t-0.8-2v-14.2q0.8 0.9 1.8 1.6 6.5 4.4 8.9 6.1 1 0.8 1.6 1.2t1.7 0.9 2 0.4h0.1q0.9 0 2-0.4t1.7-0.9 1.6-1.2q3-2.2 8.9-6.1 1-0.7 1.8-1.6zM32 7.4q0 1.4-0.9 2.7t-2.2 2.2q-6.7 4.7-8.4 5.8-0.2 0.1-0.7 0.5t-1 0.7-0.9 0.6-1.1 0.5-0.9 0.2h-0.1q-0.4 0-0.9-0.2t-1.1-0.5-0.9-0.6-1-0.7-0.7-0.5q-1.6-1.1-4.7-3.2t-3.6-2.6q-1.1-0.7-2.1-2t-1-2.5q0-1.4 0.7-2.3t2.1-0.9h26.3q1.2 0 2 0.8t0.9 2z\"\/><\/svg><\/span><span class=\"shariff-text\">E-Mail<\/span>&nbsp;<\/a><\/li><\/ul><\/div>\n","protected":false},"excerpt":{"rendered":"<p>Im M\u00e4rz 2017 feierte die Europ\u00e4ische Union den 60. Jahrestag der Unterzeichnung der R\u00f6mischen Vertr\u00e4ge. Welch gro\u00dfartige Errungenschaft! Die europ\u00e4ische Einigung hat es drei Generationen an Europ\u00e4ern m\u00f6glich gemacht, in&hellip;<\/p>\n","protected":false},"author":16,"featured_media":0,"parent":7512,"menu_order":2,"comment_status":"closed","ping_status":"closed","template":"","meta":{"_acf_changed":false,"footnotes":""},"class_list":["post-7516","page","type-page","status-publish"],"acf":[],"aioseo_notices":[],"_links":{"self":[{"href":"https:\/\/www.united-europe.eu\/de\/wp-json\/wp\/v2\/pages\/7516","targetHints":{"allow":["GET"]}}],"collection":[{"href":"https:\/\/www.united-europe.eu\/de\/wp-json\/wp\/v2\/pages"}],"about":[{"href":"https:\/\/www.united-europe.eu\/de\/wp-json\/wp\/v2\/types\/page"}],"author":[{"embeddable":true,"href":"https:\/\/www.united-europe.eu\/de\/wp-json\/wp\/v2\/users\/16"}],"replies":[{"embeddable":true,"href":"https:\/\/www.united-europe.eu\/de\/wp-json\/wp\/v2\/comments?post=7516"}],"version-history":[{"count":13,"href":"https:\/\/www.united-europe.eu\/de\/wp-json\/wp\/v2\/pages\/7516\/revisions"}],"predecessor-version":[{"id":24689,"href":"https:\/\/www.united-europe.eu\/de\/wp-json\/wp\/v2\/pages\/7516\/revisions\/24689"}],"up":[{"embeddable":true,"href":"https:\/\/www.united-europe.eu\/de\/wp-json\/wp\/v2\/pages\/7512"}],"wp:attachment":[{"href":"https:\/\/www.united-europe.eu\/de\/wp-json\/wp\/v2\/media?parent=7516"}],"curies":[{"name":"wp","href":"https:\/\/api.w.org\/{rel}","templated":true}]}}