{"id":7514,"date":"2017-03-17T11:23:08","date_gmt":"2017-03-17T10:23:08","guid":{"rendered":"https:\/\/www.united-europe.eu\/?page_id=7514"},"modified":"2025-04-28T09:05:43","modified_gmt":"2025-04-28T07:05:43","slug":"das-manifest","status":"publish","type":"page","link":"https:\/\/www.united-europe.eu\/de\/advocacy-programme\/roemisches-manifest\/das-manifest\/","title":{"rendered":"Das Manifest"},"content":{"rendered":"<p><iframe loading=\"lazy\" title=\"Presentation of the #RomeManifesto\" width=\"1160\" height=\"653\" src=\"https:\/\/www.youtube.com\/embed\/LrFYfTvbRLo?feature=oembed\" frameborder=\"0\" allow=\"accelerometer; autoplay; clipboard-write; encrypted-media; gyroscope; picture-in-picture; web-share\" referrerpolicy=\"strict-origin-when-cross-origin\" allowfullscreen><\/iframe><\/p>\n<p class=\"alignnone\">Mit dem R\u00f6mischen Manifest hat eine Gruppe f\u00fchrender junger Wissenschaftler und Berufst\u00e4tiger aus Europa einen weitreichenden Vorschlag zur Erneuerung des europ\u00e4ischen Projekts vorgelegt. Die 18 Autoren pr\u00e4sentierten das Manifest, ein gemeinsames Projekt von United Europe und Villa Vigoni, im Rahmen der offiziellen Feierlichkeiten zum 60. Jahrestag der Unterzeichnung der R\u00f6mischen Vertr\u00e4ge am 25. M\u00e4rz 2017 an der Deutschen Botschaft in Rom. Sie schlagen die Gr\u00fcndung einer Europ\u00e4ischen F\u00f6deralen Union mit demokratischeren und transparenteren Institutionen und klar definierten Kompetenzen vor.<\/p>\n<p>\u201cWir schlagen eine Europ\u00e4ische F\u00f6derale Union vor, die die Herausforderungen effektiv bew\u00e4ltigen kann, die au\u00dferhalb der Reichweite einzelner Staaten liegen. Dazu geh\u00f6rt beispielsweise Verteidigung, aber auch die Sicherung des EU-Binnenmarktes und der gemeinsamen W\u00e4hrung,\u201c sagte Claudia Schmidt, Managerin f\u00fcr Europ\u00e4ische Projekte in Frankfurt und Mit-Autorin des Manifests. \u201eEs gibt auch Kompetenzen, die auf die nationale Ebene zur\u00fcckverlagert werden k\u00f6nnen. Wir wollen keinen europ\u00e4ischen Superstaat.\u201c<\/p>\n<p>Die Initiative f\u00fcr das Manifest wurde vom Deutsch-Italienischen Zentrum f\u00fcr Europ\u00e4ische Exzellenz, Villa Vigoni, und dem gemeinn\u00fctzigen und pro-europ\u00e4ischen Verein United Europe ins Leben gerufen. Die Autoren sind zwischen Mitte 20 und Ende 30; sie stammen aus Italien, Deutschland, Kroatien, den Niederlanden, Gro\u00dfbritannien, \u00d6sterreich, Griechenland und anderen europ\u00e4ischen L\u00e4ndern. Sie wurden aufgrund ihres intellektuellen Profils und ihres Engagements f\u00fcr die europ\u00e4ische Idee ausgew\u00e4hlt.<\/p>\n<p>\u201cWir, die junge Generation, sehen es als unsere Pflicht an, das Erbe Europas nicht nur zu erhalten, sondern uns auch f\u00fcr seine dringende Erneuerung einzusetzen,\u201d hei\u00dft es in dem Manifest. \u201cWir wurden gepr\u00e4gt durch offene Grenzen und die M\u00f6glichkeit zu Reisen, durch eine gemeinsame W\u00e4hrung und Staatsb\u00fcrgerschaft, durch den Sch\u00fcler- und Studentenaustausch und neue Technologien. Aufgrund all dessen konnten wir andere Europ\u00e4er kennenlernen und sehr konkret erleben, dass wir zusammengeh\u00f6ren.\u201d<\/p>\n<p>An der Spitze der F\u00f6deralen Union soll laut Manifest ein europ\u00e4ischer Pr\u00e4sident stehen, der sich auf eine Exekutive st\u00fctzt, die aus der heutigen EU-Kommission hervorgeht. Anders als heute sollen alle Gesetze nach der gleichen Abstimmungsregel verabschiedet werden: mit einfacher Mehrheit im Europ\u00e4ischen Parlament als dem Haus des Volkes, und mit qualifizierter Mehrheit im Europ\u00e4ischen Senat als dem Haus der Staaten.<\/p>\n<p>F\u00fcr die Umsetzung ihres Konzepts schlagen die Autoren ein neuartiges Verfahren vor: Delegierte aus allen europ\u00e4ischen Staaten sollten sich noch im Jahr 2017 in Rom versammeln und eine Verfassung f\u00fcr die Europ\u00e4ische F\u00f6derale Union ausarbeiten. Diese Verfassung soll in Kraft treten, sobald sie von einer Mehrheit der heutigen EU-Staaten ratifiziert wird.<\/p>\n<p>\u201cGenau so wurden die Vereinigten Staaten von Amerika gegr\u00fcndet,\u201d sagte Federico Fabbrini, Jura-Professor in Dublin und Mitautor des Manifests. \u201eWenn wir ihrem Beispiel folgen, erzeugen wir eine v\u00f6llig andere Dynamik als bei Vertragsreformen heute. Einzelne Staaten haben dann nicht mehr die Macht, den gesamten Prozess zu blockieren. Stattdessen werden sie sich der Frage stellen m\u00fcssen, ob sie dabei sein m\u00f6chten oder nicht.\u201c<\/p>\n<p>Im Jahr 2017 wurde das Manifest mit der Unterst\u00fctzung von Kooperationspartnern in etlichen europ\u00e4ischen L\u00e4ndern \u2013 Universit\u00e4ten, Think Tanks und Stiftungen \u2013 auch einem breiteren Publikum vorgestellt. F\u00fcr Twitter Updates folgen Sie bitte #RomeManifesto.<br \/>\nUm das Manifest zu lesen, klicken Sie bitte auf das Buch:<a href=\"https:\/\/www.united-europe.eu\/wp-content\/uploads\/2025\/04\/Rome_Manifesto_brochure.pdf\"><img loading=\"lazy\" decoding=\"async\" class=\"alignright wp-image-7576 size-full\" src=\"https:\/\/www.united-europe.eu\/wp-content\/uploads\/2017\/03\/Icon_Brochure_RM.png\" alt=\"\" width=\"179\" height=\"145\" srcset=\"https:\/\/www.united-europe.eu\/wp-content\/uploads\/2017\/03\/Icon_Brochure_RM.png 179w, https:\/\/www.united-europe.eu\/wp-content\/uploads\/2017\/03\/Icon_Brochure_RM-123x100.png 123w\" sizes=\"auto, (max-width: 179px) 100vw, 179px\" \/><\/a><\/p>\n<div class=\"shariff shariff-align-flex-start shariff-widget-align-flex-start\" data-services=\"facebook%7Cpinterest\" data-url=\"https%3A%2F%2Fwww.united-europe.eu%2Fde%2Fadvocacy-programme%2Froemisches-manifest%2Fdas-manifest%2F\" data-timestamp=\"1745831143\" data-backendurl=\"https:\/\/www.united-europe.eu\/de\/wp-json\/shariff\/v1\/share_counts?\"><ul class=\"shariff-buttons theme-default orientation-horizontal buttonsize-medium\"><li class=\"shariff-button facebook\" style=\"background-color:#f2a900\"><a href=\"https:\/\/www.facebook.com\/sharer\/sharer.php?u=https%3A%2F%2Fwww.united-europe.eu%2Fde%2Fadvocacy-programme%2Froemisches-manifest%2Fdas-manifest%2F\" title=\"Bei Facebook teilen\" aria-label=\"Bei Facebook teilen\" role=\"button\" rel=\"nofollow\" class=\"shariff-link\" style=\"; background-color:#d9d9d9; color:#fff\" target=\"_blank\"><span class=\"shariff-icon\" style=\"\"><svg width=\"32px\" height=\"20px\" xmlns=\"http:\/\/www.w3.org\/2000\/svg\" viewBox=\"0 0 18 32\"><path fill=\"#3b5998\" d=\"M17.1 0.2v4.7h-2.8q-1.5 0-2.1 0.6t-0.5 1.9v3.4h5.2l-0.7 5.3h-4.5v13.6h-5.5v-13.6h-4.5v-5.3h4.5v-3.9q0-3.3 1.9-5.2t5-1.8q2.6 0 4.1 0.2z\"\/><\/svg><\/span><span class=\"shariff-text\">teilen<\/span>&nbsp;<\/a><\/li><li class=\"shariff-button twitter\" style=\"background-color:#f2a900\"><a href=\"https:\/\/twitter.com\/share?url=https%3A%2F%2Fwww.united-europe.eu%2Fde%2Fadvocacy-programme%2Froemisches-manifest%2Fdas-manifest%2F&text=Das%20Manifest&via=unitedeurope_eu\" title=\"Bei X teilen\" aria-label=\"Bei X teilen\" role=\"button\" rel=\"noopener nofollow\" class=\"shariff-link\" style=\"; background-color:#d9d9d9; color:#fff\" target=\"_blank\"><span class=\"shariff-icon\" style=\"\"><svg width=\"32px\" height=\"20px\" xmlns=\"http:\/\/www.w3.org\/2000\/svg\" viewBox=\"0 0 24 24\"><path fill=\"#000\" d=\"M14.258 10.152L23.176 0h-2.113l-7.747 8.813L7.133 0H0l9.352 13.328L0 23.973h2.113l8.176-9.309 6.531 9.309h7.133zm-2.895 3.293l-.949-1.328L2.875 1.56h3.246l6.086 8.523.945 1.328 7.91 11.078h-3.246zm0 0\"\/><\/svg><\/span><span class=\"shariff-text\">teilen<\/span>&nbsp;<\/a><\/li><li class=\"shariff-button whatsapp\" style=\"background-color:#f2a900\"><a href=\"https:\/\/api.whatsapp.com\/send?text=https%3A%2F%2Fwww.united-europe.eu%2Fde%2Fadvocacy-programme%2Froemisches-manifest%2Fdas-manifest%2F%20Das%20Manifest\" title=\"Bei Whatsapp teilen\" aria-label=\"Bei Whatsapp teilen\" role=\"button\" rel=\"noopener nofollow\" class=\"shariff-link\" style=\"; background-color:#d9d9d9; color:#fff\" target=\"_blank\"><span class=\"shariff-icon\" style=\"\"><svg width=\"32px\" height=\"20px\" xmlns=\"http:\/\/www.w3.org\/2000\/svg\" viewBox=\"0 0 32 32\"><path fill=\"#34af23\" d=\"M17.6 17.4q0.2 0 1.7 0.8t1.6 0.9q0 0.1 0 0.3 0 0.6-0.3 1.4-0.3 0.7-1.3 1.2t-1.8 0.5q-1 0-3.4-1.1-1.7-0.8-3-2.1t-2.6-3.3q-1.3-1.9-1.3-3.5v-0.1q0.1-1.6 1.3-2.8 0.4-0.4 0.9-0.4 0.1 0 0.3 0t0.3 0q0.3 0 0.5 0.1t0.3 0.5q0.1 0.4 0.6 1.6t0.4 1.3q0 0.4-0.6 1t-0.6 0.8q0 0.1 0.1 0.3 0.6 1.3 1.8 2.4 1 0.9 2.7 1.8 0.2 0.1 0.4 0.1 0.3 0 1-0.9t0.9-0.9zM14 26.9q2.3 0 4.3-0.9t3.6-2.4 2.4-3.6 0.9-4.3-0.9-4.3-2.4-3.6-3.6-2.4-4.3-0.9-4.3 0.9-3.6 2.4-2.4 3.6-0.9 4.3q0 3.6 2.1 6.6l-1.4 4.2 4.3-1.4q2.8 1.9 6.2 1.9zM14 2.2q2.7 0 5.2 1.1t4.3 2.9 2.9 4.3 1.1 5.2-1.1 5.2-2.9 4.3-4.3 2.9-5.2 1.1q-3.5 0-6.5-1.7l-7.4 2.4 2.4-7.2q-1.9-3.2-1.9-6.9 0-2.7 1.1-5.2t2.9-4.3 4.3-2.9 5.2-1.1z\"\/><\/svg><\/span><span class=\"shariff-text\">teilen<\/span>&nbsp;<\/a><\/li><li class=\"shariff-button threema shariff-mobile\" style=\"background-color:#f2a900\"><a href=\"threema:\/\/compose?text=Das%20Manifest%20https%3A%2F%2Fwww.united-europe.eu%2Fde%2Fadvocacy-programme%2Froemisches-manifest%2Fdas-manifest%2F\" title=\"Bei Threema teilen\" aria-label=\"Bei Threema teilen\" role=\"button\" rel=\"noopener nofollow\" class=\"shariff-link\" style=\"; background-color:#d9d9d9; color:#fff\" target=\"_blank\"><span class=\"shariff-icon\" style=\"\"><svg width=\"32px\" height=\"20px\" xmlns=\"http:\/\/www.w3.org\/2000\/svg\" viewBox=\"0 0 32 32\"><path fill=\"#1f1f1f\" d=\"M30.8 10.9c-0.3-1.4-0.9-2.6-1.8-3.8-2-2.6-5.5-4.5-9.4-5.2-1.3-0.2-1.9-0.3-3.5-0.3s-2.2 0-3.5 0.3c-4 0.7-7.4 2.6-9.4 5.2-0.9 1.2-1.5 2.4-1.8 3.8-0.1 0.5-0.2 1.2-0.2 1.6 0 0.4 0.1 1.1 0.2 1.6 0.4 1.9 1.3 3.4 2.9 5 0.8 0.8 0.8 0.8 0.7 1.3 0 0.6-0.5 1.6-1.7 3.6-0.3 0.5-0.5 0.9-0.5 0.9 0 0.1 0.1 0.1 0.5 0 0.8-0.2 2.3-0.6 5.6-1.6 1.1-0.3 1.3-0.4 2.3-0.4 0.8 0 1.1 0 2.3 0.2 1.5 0.2 3.5 0.2 4.9 0 5.1-0.6 9.3-2.9 11.4-6.3 0.5-0.9 0.9-1.8 1.1-2.8 0.1-0.5 0.2-1.1 0.2-1.6 0-0.7-0.1-1.1-0.2-1.6-0.3-1.4 0.1 0.5 0 0zM20.6 17.3c0 0.4-0.4 0.8-0.8 0.8h-7.7c-0.4 0-0.8-0.4-0.8-0.8v-4.6c0-0.4 0.4-0.8 0.8-0.8h0.2l0-1.6c0-0.9 0-1.8 0.1-2 0.1-0.6 0.6-1.2 1.1-1.7s1.1-0.7 1.9-0.8c1.8-0.3 3.7 0.7 4.2 2.2 0.1 0.3 0.1 0.7 0.1 2.1v0 1.7h0.1c0.4 0 0.8 0.4 0.8 0.8v4.6zM15.6 7.3c-0.5 0.1-0.8 0.3-1.2 0.6s-0.6 0.8-0.7 1.3c0 0.2 0 0.8 0 1.5l0 1.2h4.6v-1.3c0-1 0-1.4-0.1-1.6-0.3-1.1-1.5-1.9-2.6-1.7zM25.8 28.2c0 1.2-1 2.2-2.1 2.2s-2.1-1-2.1-2.1c0-1.2 1-2.1 2.2-2.1s2.2 1 2.2 2.2zM18.1 28.2c0 1.2-1 2.2-2.1 2.2s-2.1-1-2.1-2.1c0-1.2 1-2.1 2.2-2.1s2.2 1 2.2 2.2zM10.4 28.2c0 1.2-1 2.2-2.1 2.2s-2.1-1-2.1-2.1c0-1.2 1-2.1 2.2-2.1s2.2 1 2.2 2.2z\"\/><\/svg><\/span><span class=\"shariff-text\">teilen<\/span>&nbsp;<\/a><\/li><li class=\"shariff-button pinterest\" style=\"background-color:#f2a900\"><a href=\"https:\/\/www.pinterest.com\/pin\/create\/link\/?url=https%3A%2F%2Fwww.united-europe.eu%2Fde%2Fadvocacy-programme%2Froemisches-manifest%2Fdas-manifest%2F&media=https%3A%2F%2Fwww.united-europe.eu%2Fwp-content%2Fuploads%2F2017%2F03%2FIcon_Brochure_RM.png&description=Das%20Manifest\" title=\"Bei Pinterest pinnen\" aria-label=\"Bei Pinterest pinnen\" role=\"button\" rel=\"noopener nofollow\" class=\"shariff-link\" style=\"; background-color:#d9d9d9; color:#fff\" target=\"_blank\"><span class=\"shariff-icon\" style=\"\"><svg width=\"32px\" height=\"20px\" xmlns=\"http:\/\/www.w3.org\/2000\/svg\" viewBox=\"0 0 27 32\"><path fill=\"#cb2027\" d=\"M27.4 16q0 3.7-1.8 6.9t-5 5-6.9 1.9q-2 0-3.9-0.6 1.1-1.7 1.4-2.9 0.2-0.6 1-3.8 0.4 0.7 1.3 1.2t2 0.5q2.1 0 3.8-1.2t2.7-3.4 0.9-4.8q0-2-1.1-3.8t-3.1-2.9-4.5-1.2q-1.9 0-3.5 0.5t-2.8 1.4-2 2-1.2 2.3-0.4 2.4q0 1.9 0.7 3.3t2.1 2q0.5 0.2 0.7-0.4 0-0.1 0.1-0.5t0.2-0.5q0.1-0.4-0.2-0.8-0.9-1.1-0.9-2.7 0-2.7 1.9-4.6t4.9-2q2.7 0 4.2 1.5t1.5 3.8q0 3-1.2 5.2t-3.1 2.1q-1.1 0-1.7-0.8t-0.4-1.9q0.1-0.6 0.5-1.7t0.5-1.8 0.2-1.4q0-0.9-0.5-1.5t-1.4-0.6q-1.1 0-1.9 1t-0.8 2.6q0 1.3 0.4 2.2l-1.8 7.5q-0.3 1.2-0.2 3.2-3.7-1.6-6-5t-2.3-7.6q0-3.7 1.9-6.9t5-5 6.9-1.9 6.9 1.9 5 5 1.8 6.9z\"\/><\/svg><\/span><span class=\"shariff-text\">merken<\/span>&nbsp;<\/a><\/li><li class=\"shariff-button xing\" style=\"background-color:#f2a900\"><a href=\"https:\/\/www.xing.com\/spi\/shares\/new?url=https%3A%2F%2Fwww.united-europe.eu%2Fde%2Fadvocacy-programme%2Froemisches-manifest%2Fdas-manifest%2F\" title=\"Bei XING teilen\" aria-label=\"Bei XING teilen\" role=\"button\" rel=\"noopener nofollow\" class=\"shariff-link\" style=\"; background-color:#d9d9d9; color:#fff\" target=\"_blank\"><span class=\"shariff-icon\" style=\"\"><svg width=\"32px\" height=\"20px\" xmlns=\"http:\/\/www.w3.org\/2000\/svg\" viewBox=\"0 0 25 32\"><path fill=\"#126567\" d=\"M10.7 11.9q-0.2 0.3-4.6 8.2-0.5 0.8-1.2 0.8h-4.3q-0.4 0-0.5-0.3t0-0.6l4.5-8q0 0 0 0l-2.9-5q-0.2-0.4 0-0.7 0.2-0.3 0.5-0.3h4.3q0.7 0 1.2 0.8zM25.1 0.4q0.2 0.3 0 0.7l-9.4 16.7 6 11q0.2 0.4 0 0.6-0.2 0.3-0.6 0.3h-4.3q-0.7 0-1.2-0.8l-6-11.1q0.3-0.6 9.5-16.8 0.4-0.8 1.2-0.8h4.3q0.4 0 0.5 0.3z\"\/><\/svg><\/span><span class=\"shariff-text\">teilen<\/span>&nbsp;<\/a><\/li><li class=\"shariff-button linkedin\" style=\"background-color:#f2a900\"><a href=\"https:\/\/www.linkedin.com\/sharing\/share-offsite\/?url=https%3A%2F%2Fwww.united-europe.eu%2Fde%2Fadvocacy-programme%2Froemisches-manifest%2Fdas-manifest%2F\" title=\"Bei LinkedIn teilen\" aria-label=\"Bei LinkedIn teilen\" role=\"button\" rel=\"noopener nofollow\" class=\"shariff-link\" style=\"; background-color:#d9d9d9; color:#fff\" target=\"_blank\"><span class=\"shariff-icon\" style=\"\"><svg width=\"32px\" height=\"20px\" xmlns=\"http:\/\/www.w3.org\/2000\/svg\" viewBox=\"0 0 27 32\"><path fill=\"#0077b5\" d=\"M6.2 11.2v17.7h-5.9v-17.7h5.9zM6.6 5.7q0 1.3-0.9 2.2t-2.4 0.9h0q-1.5 0-2.4-0.9t-0.9-2.2 0.9-2.2 2.4-0.9 2.4 0.9 0.9 2.2zM27.4 18.7v10.1h-5.9v-9.5q0-1.9-0.7-2.9t-2.3-1.1q-1.1 0-1.9 0.6t-1.2 1.5q-0.2 0.5-0.2 1.4v9.9h-5.9q0-7.1 0-11.6t0-5.3l0-0.9h5.9v2.6h0q0.4-0.6 0.7-1t1-0.9 1.6-0.8 2-0.3q3 0 4.9 2t1.9 6z\"\/><\/svg><\/span><span class=\"shariff-text\">teilen<\/span>&nbsp;<\/a><\/li><li class=\"shariff-button mailto\" style=\"background-color:#f2a900\"><a href=\"mailto:?body=https%3A%2F%2Fwww.united-europe.eu%2Fde%2Fadvocacy-programme%2Froemisches-manifest%2Fdas-manifest%2F&subject=Das%20Manifest\" title=\"Per E-Mail versenden\" aria-label=\"Per E-Mail versenden\" role=\"button\" rel=\"noopener nofollow\" class=\"shariff-link\" style=\"; background-color:#d9d9d9; color:#fff\"><span class=\"shariff-icon\" style=\"\"><svg width=\"32px\" height=\"20px\" xmlns=\"http:\/\/www.w3.org\/2000\/svg\" viewBox=\"0 0 32 32\"><path fill=\"#999\" d=\"M32 12.7v14.2q0 1.2-0.8 2t-2 0.9h-26.3q-1.2 0-2-0.9t-0.8-2v-14.2q0.8 0.9 1.8 1.6 6.5 4.4 8.9 6.1 1 0.8 1.6 1.2t1.7 0.9 2 0.4h0.1q0.9 0 2-0.4t1.7-0.9 1.6-1.2q3-2.2 8.9-6.1 1-0.7 1.8-1.6zM32 7.4q0 1.4-0.9 2.7t-2.2 2.2q-6.7 4.7-8.4 5.8-0.2 0.1-0.7 0.5t-1 0.7-0.9 0.6-1.1 0.5-0.9 0.2h-0.1q-0.4 0-0.9-0.2t-1.1-0.5-0.9-0.6-1-0.7-0.7-0.5q-1.6-1.1-4.7-3.2t-3.6-2.6q-1.1-0.7-2.1-2t-1-2.5q0-1.4 0.7-2.3t2.1-0.9h26.3q1.2 0 2 0.8t0.9 2z\"\/><\/svg><\/span><span class=\"shariff-text\">E-Mail<\/span>&nbsp;<\/a><\/li><\/ul><\/div>\n","protected":false},"excerpt":{"rendered":"<p>Mit dem R\u00f6mischen Manifest hat eine Gruppe f\u00fchrender junger Wissenschaftler und Berufst\u00e4tiger aus Europa einen weitreichenden Vorschlag zur Erneuerung des europ\u00e4ischen Projekts vorgelegt. Die 18 Autoren pr\u00e4sentierten das Manifest, ein&hellip;<\/p>\n","protected":false},"author":16,"featured_media":0,"parent":7512,"menu_order":1,"comment_status":"closed","ping_status":"closed","template":"","meta":{"_acf_changed":false,"footnotes":""},"class_list":["post-7514","page","type-page","status-publish"],"acf":[],"aioseo_notices":[],"_links":{"self":[{"href":"https:\/\/www.united-europe.eu\/de\/wp-json\/wp\/v2\/pages\/7514","targetHints":{"allow":["GET"]}}],"collection":[{"href":"https:\/\/www.united-europe.eu\/de\/wp-json\/wp\/v2\/pages"}],"about":[{"href":"https:\/\/www.united-europe.eu\/de\/wp-json\/wp\/v2\/types\/page"}],"author":[{"embeddable":true,"href":"https:\/\/www.united-europe.eu\/de\/wp-json\/wp\/v2\/users\/16"}],"replies":[{"embeddable":true,"href":"https:\/\/www.united-europe.eu\/de\/wp-json\/wp\/v2\/comments?post=7514"}],"version-history":[{"count":13,"href":"https:\/\/www.united-europe.eu\/de\/wp-json\/wp\/v2\/pages\/7514\/revisions"}],"predecessor-version":[{"id":25074,"href":"https:\/\/www.united-europe.eu\/de\/wp-json\/wp\/v2\/pages\/7514\/revisions\/25074"}],"up":[{"embeddable":true,"href":"https:\/\/www.united-europe.eu\/de\/wp-json\/wp\/v2\/pages\/7512"}],"wp:attachment":[{"href":"https:\/\/www.united-europe.eu\/de\/wp-json\/wp\/v2\/media?parent=7514"}],"curies":[{"name":"wp","href":"https:\/\/api.w.org\/{rel}","templated":true}]}}