{"id":20669,"date":"2022-02-14T23:50:57","date_gmt":"2022-02-14T22:50:57","guid":{"rendered":"https:\/\/www.united-europe.eu\/advocacy-network\/"},"modified":"2024-07-01T11:41:02","modified_gmt":"2024-07-01T09:41:02","slug":"advocacy-netzwerk","status":"publish","type":"page","link":"https:\/\/www.united-europe.eu\/de\/advocacy-programme\/advocacy-netzwerk\/","title":{"rendered":"Young Leaders Alumni"},"content":{"rendered":"<div class=\"wpb-content-wrapper\">[vc_row][vc_column][vc_column_text]\n\n\n<div id=\"wpv-view-layout-20644\" class=\"js-wpv-view-layout js-wpv-layout-responsive js-wpv-view-layout-20644\" data-viewnumber=\"20644\" data-pagination=\"{&quot;id&quot;:20644,&quot;query&quot;:&quot;normal&quot;,&quot;type&quot;:&quot;disabled&quot;,&quot;effect&quot;:&quot;fade&quot;,&quot;duration&quot;:500,&quot;speed&quot;:5,&quot;pause_on_hover&quot;:&quot;disabled&quot;,&quot;stop_rollover&quot;:&quot;false&quot;,&quot;cache_pages&quot;:&quot;enabled&quot;,&quot;preload_images&quot;:&quot;enabled&quot;,&quot;preload_pages&quot;:&quot;enabled&quot;,&quot;preload_reach&quot;:1,&quot;spinner&quot;:&quot;builtin&quot;,&quot;spinner_image&quot;:&quot;https:\/\/www.united-europe.eu\/wp-content\/plugins\/toolset-blocks\/embedded\/res\/img\/ajax-loader.gif&quot;,&quot;callback_next&quot;:&quot;&quot;,&quot;manage_history&quot;:&quot;enabled&quot;,&quot;has_controls_in_form&quot;:&quot;disabled&quot;,&quot;infinite_tolerance&quot;:&quot;0&quot;,&quot;max_pages&quot;:0,&quot;page&quot;:1,&quot;base_permalink&quot;:&quot;\/de\/wp-json\/wp\/v2\/pages\/20669?wpv_view_count=20644&amp;wpv_paged=WPV_PAGE_NUM&quot;,&quot;loop&quot;:{&quot;type&quot;:&quot;&quot;,&quot;name&quot;:&quot;&quot;,&quot;data&quot;:[],&quot;id&quot;:0}}\" data-permalink=\"\/de\/wp-json\/wp\/v2\/pages\/20669?wpv_view_count=20644\">\n\n\t\n\t\n\t<div class=\"vc_row wpb_row vc_row-fluid ypa-profiles vc_row-o-equal-height vc_row-flex\">\t\n      \n          <div class=\"wpb_column vc_column_container vc_col-sm-6 vc_col-md-3 vc_col-sm-offset-0 vc_col-xs-offset-1 vc_col-xs-10\">\n              <div class=\"vc_column-inner\">\n                  <div class=\"wpb_wrapper\">\n                      <div class=\"wpb-content-wrapper\">[vc_row][vc_column el_class=&#8220;ypa-profile-container&#8220;][vc_single_image source=&#8220;featured_image&#8220; img_size=&#8220;325&#215;325&#8243; alignment=&#8220;left&#8220; style=&#8220;vc_box_rounded&#8220; onclick=&#8220;custom_link&#8220; el_class=&#8220;ypa-image&#8220; link=&#8220;https:\/\/www.united-europe.eu\/de\/ypa\/simon-costa\/&#8222;][vc_column_text css=&#8220;.vc_custom_1592400565482{margin-bottom: 0px !important;}&#8220; el_class=&#8220;ypa-name&#8220;]\n<h2 id=\"simon-costa\" style=\"text-align: left;\"><a href=\"https:\/\/www.united-europe.eu\/de\/ypa\/simon-costa\/\">Simon Costa<\/a><\/h2>\n[\/vc_column_text][vc_column_text el_class=&#8220;ypa-job&#8220;]\n<p style=\"text-align: left;\">Vice President bei Pava Partners &#8211; Deutschland\n[\/vc_column_text][vc_column_text el_class=&#8220;ypa-read-more&#8220;]\n<p style=\"text-align: left;\"><a href=\"https:\/\/www.united-europe.eu\/de\/ypa\/simon-costa\/\">Mehr \u00bb<\/a><\/p>\n[\/vc_column_text][\/vc_column][\/vc_row]<\/div>\n                  <\/div>\n              <\/div>\n          <\/div>\n      \n          <div class=\"wpb_column vc_column_container vc_col-sm-6 vc_col-md-3 vc_col-sm-offset-0 vc_col-xs-offset-1 vc_col-xs-10\">\n              <div class=\"vc_column-inner\">\n                  <div class=\"wpb_wrapper\">\n                      <div class=\"wpb-content-wrapper\">[vc_row][vc_column el_class=&#8220;ypa-profile-container&#8220;][vc_single_image source=&#8220;featured_image&#8220; img_size=&#8220;325&#215;325&#8243; alignment=&#8220;left&#8220; style=&#8220;vc_box_rounded&#8220; onclick=&#8220;custom_link&#8220; el_class=&#8220;ypa-image&#8220; link=&#8220;https:\/\/www.united-europe.eu\/de\/ypa\/felix-rank\/&#8222;][vc_column_text css=&#8220;.vc_custom_1592400565482{margin-bottom: 0px !important;}&#8220; el_class=&#8220;ypa-name&#8220;]\n<h2 id=\"felix-rank\" style=\"text-align: left;\"><a href=\"https:\/\/www.united-europe.eu\/de\/ypa\/felix-rank\/\">Felix Rank<\/a><\/h2>\n[\/vc_column_text][vc_column_text el_class=&#8220;ypa-job&#8220;]\n<p style=\"text-align: left;\">Product Owner f\u00fcr Data Insights & Analytics P&C &#8211; Deutschland\n[\/vc_column_text][vc_column_text el_class=&#8220;ypa-read-more&#8220;]\n<p style=\"text-align: left;\"><a href=\"https:\/\/www.united-europe.eu\/de\/ypa\/felix-rank\/\">Mehr \u00bb<\/a><\/p>\n[\/vc_column_text][\/vc_column][\/vc_row]<\/div>\n                  <\/div>\n              <\/div>\n          <\/div>\n      \n          <div class=\"wpb_column vc_column_container vc_col-sm-6 vc_col-md-3 vc_col-sm-offset-0 vc_col-xs-offset-1 vc_col-xs-10\">\n              <div class=\"vc_column-inner\">\n                  <div class=\"wpb_wrapper\">\n                      <div class=\"wpb-content-wrapper\">[vc_row][vc_column el_class=&#8220;ypa-profile-container&#8220;][vc_single_image source=&#8220;featured_image&#8220; img_size=&#8220;325&#215;325&#8243; alignment=&#8220;left&#8220; style=&#8220;vc_box_rounded&#8220; onclick=&#8220;custom_link&#8220; el_class=&#8220;ypa-image&#8220; link=&#8220;https:\/\/www.united-europe.eu\/de\/ypa\/katharina-kastens\/&#8222;][vc_column_text css=&#8220;.vc_custom_1592400565482{margin-bottom: 0px !important;}&#8220; el_class=&#8220;ypa-name&#8220;]\n<h2 id=\"katharina-kastens\" style=\"text-align: left;\"><a href=\"https:\/\/www.united-europe.eu\/de\/ypa\/katharina-kastens\/\">Katharina Kastens<\/a><\/h2>\n[\/vc_column_text][vc_column_text el_class=&#8220;ypa-job&#8220;]\n<p style=\"text-align: left;\">Wealth Manager bei Hartz Regehr GmbH in M\u00fcnchen &#8211; Deutschland\n[\/vc_column_text][vc_column_text el_class=&#8220;ypa-read-more&#8220;]\n<p style=\"text-align: left;\"><a href=\"https:\/\/www.united-europe.eu\/de\/ypa\/katharina-kastens\/\">Mehr \u00bb<\/a><\/p>\n[\/vc_column_text][\/vc_column][\/vc_row]<\/div>\n                  <\/div>\n              <\/div>\n          <\/div>\n      \n          <div class=\"wpb_column vc_column_container vc_col-sm-6 vc_col-md-3 vc_col-sm-offset-0 vc_col-xs-offset-1 vc_col-xs-10\">\n              <div class=\"vc_column-inner\">\n                  <div class=\"wpb_wrapper\">\n                      <div class=\"wpb-content-wrapper\">[vc_row][vc_column el_class=&#8220;ypa-profile-container&#8220;][vc_single_image source=&#8220;featured_image&#8220; img_size=&#8220;325&#215;325&#8243; alignment=&#8220;left&#8220; style=&#8220;vc_box_rounded&#8220; onclick=&#8220;custom_link&#8220; el_class=&#8220;ypa-image&#8220; link=&#8220;https:\/\/www.united-europe.eu\/de\/ypa\/michael-schemel\/&#8222;][vc_column_text css=&#8220;.vc_custom_1592400565482{margin-bottom: 0px !important;}&#8220; el_class=&#8220;ypa-name&#8220;]\n<h2 id=\"michael-schemel\" style=\"text-align: left;\"><a href=\"https:\/\/www.united-europe.eu\/de\/ypa\/michael-schemel\/\">Michael Schemel<\/a><\/h2>\n[\/vc_column_text][vc_column_text el_class=&#8220;ypa-job&#8220;]\n<p style=\"text-align: left;\">Direktor bei UnternehmerTUM &#8211; Deutschland\n[\/vc_column_text][vc_column_text el_class=&#8220;ypa-read-more&#8220;]\n<p style=\"text-align: left;\"><a href=\"https:\/\/www.united-europe.eu\/de\/ypa\/michael-schemel\/\">Mehr \u00bb<\/a><\/p>\n[\/vc_column_text][\/vc_column][\/vc_row]<\/div>\n                  <\/div>\n              <\/div>\n          <\/div>\n      \n          <div class=\"wpb_column vc_column_container vc_col-sm-6 vc_col-md-3 vc_col-sm-offset-0 vc_col-xs-offset-1 vc_col-xs-10\">\n              <div class=\"vc_column-inner\">\n                  <div class=\"wpb_wrapper\">\n                      <div class=\"wpb-content-wrapper\">[vc_row][vc_column el_class=&#8220;ypa-profile-container&#8220;][vc_single_image source=&#8220;featured_image&#8220; img_size=&#8220;325&#215;325&#8243; alignment=&#8220;left&#8220; style=&#8220;vc_box_rounded&#8220; onclick=&#8220;custom_link&#8220; el_class=&#8220;ypa-image&#8220; link=&#8220;https:\/\/www.united-europe.eu\/de\/ypa\/elisbeth-ulshoefer\/&#8222;][vc_column_text css=&#8220;.vc_custom_1592400565482{margin-bottom: 0px !important;}&#8220; el_class=&#8220;ypa-name&#8220;]\n<h2 id=\"elisabeth-ulshoefer\" style=\"text-align: left;\"><a href=\"https:\/\/www.united-europe.eu\/de\/ypa\/elisbeth-ulshoefer\/\">Elisabeth Ulsh\u00f6fer<\/a><\/h2>\n[\/vc_column_text][vc_column_text el_class=&#8220;ypa-job&#8220;]\n<p style=\"text-align: left;\">Senior Managerin bei Vindelici Advisors AG &#8211; Deutschland\n[\/vc_column_text][vc_column_text el_class=&#8220;ypa-read-more&#8220;]\n<p style=\"text-align: left;\"><a href=\"https:\/\/www.united-europe.eu\/de\/ypa\/elisbeth-ulshoefer\/\">Mehr \u00bb<\/a><\/p>\n[\/vc_column_text][\/vc_column][\/vc_row]<\/div>\n                  <\/div>\n              <\/div>\n          <\/div>\n      \n          <div class=\"wpb_column vc_column_container vc_col-sm-6 vc_col-md-3 vc_col-sm-offset-0 vc_col-xs-offset-1 vc_col-xs-10\">\n              <div class=\"vc_column-inner\">\n                  <div class=\"wpb_wrapper\">\n                      <div class=\"wpb-content-wrapper\">[vc_row][vc_column el_class=&#8220;ypa-profile-container&#8220;][vc_single_image source=&#8220;featured_image&#8220; img_size=&#8220;325&#215;325&#8243; alignment=&#8220;left&#8220; style=&#8220;vc_box_rounded&#8220; onclick=&#8220;custom_link&#8220; el_class=&#8220;ypa-image&#8220; link=&#8220;https:\/\/www.united-europe.eu\/de\/ypa\/olga-konsevych\/&#8222;][vc_column_text css=&#8220;.vc_custom_1592400565482{margin-bottom: 0px !important;}&#8220; el_class=&#8220;ypa-name&#8220;]\n<h2 id=\"olga-konsevych\" style=\"text-align: left;\"><a href=\"https:\/\/www.united-europe.eu\/de\/ypa\/olga-konsevych\/\">Olga Konsevych<\/a><\/h2>\n[\/vc_column_text][vc_column_text el_class=&#8220;ypa-job&#8220;]\n<p style=\"text-align: left;\">Journalistin und Media-Managerin &#8211; Ukraine\n[\/vc_column_text][vc_column_text el_class=&#8220;ypa-read-more&#8220;]\n<p style=\"text-align: left;\"><a href=\"https:\/\/www.united-europe.eu\/de\/ypa\/olga-konsevych\/\">Mehr \u00bb<\/a><\/p>\n[\/vc_column_text][\/vc_column][\/vc_row]<\/div>\n                  <\/div>\n              <\/div>\n          <\/div>\n      \n          <div class=\"wpb_column vc_column_container vc_col-sm-6 vc_col-md-3 vc_col-sm-offset-0 vc_col-xs-offset-1 vc_col-xs-10\">\n              <div class=\"vc_column-inner\">\n                  <div class=\"wpb_wrapper\">\n                      <div class=\"wpb-content-wrapper\">[vc_row][vc_column el_class=&#8220;ypa-profile-container&#8220;][vc_single_image source=&#8220;featured_image&#8220; img_size=&#8220;325&#215;325&#8243; alignment=&#8220;left&#8220; style=&#8220;vc_box_rounded&#8220; onclick=&#8220;custom_link&#8220; el_class=&#8220;ypa-image&#8220; link=&#8220;https:\/\/www.united-europe.eu\/de\/ypa\/julia-barthel\/&#8222;][vc_column_text css=&#8220;.vc_custom_1592400565482{margin-bottom: 0px !important;}&#8220; el_class=&#8220;ypa-name&#8220;]\n<h2 id=\"julia-barthel\" style=\"text-align: left;\"><a href=\"https:\/\/www.united-europe.eu\/de\/ypa\/julia-barthel\/\">Julia Barthel<\/a><\/h2>\n[\/vc_column_text][vc_column_text el_class=&#8220;ypa-job&#8220;]\n<p style=\"text-align: left;\">Direktorin bei der Brunswick Group &#8211; Deutschland\n[\/vc_column_text][vc_column_text el_class=&#8220;ypa-read-more&#8220;]\n<p style=\"text-align: left;\"><a href=\"https:\/\/www.united-europe.eu\/de\/ypa\/julia-barthel\/\">Mehr \u00bb<\/a><\/p>\n[\/vc_column_text][\/vc_column][\/vc_row]<\/div>\n                  <\/div>\n              <\/div>\n          <\/div>\n      \n          <div class=\"wpb_column vc_column_container vc_col-sm-6 vc_col-md-3 vc_col-sm-offset-0 vc_col-xs-offset-1 vc_col-xs-10\">\n              <div class=\"vc_column-inner\">\n                  <div class=\"wpb_wrapper\">\n                      <div class=\"wpb-content-wrapper\">[vc_row][vc_column el_class=&#8220;ypa-profile-container&#8220;][vc_single_image source=&#8220;featured_image&#8220; img_size=&#8220;325&#215;325&#8243; alignment=&#8220;left&#8220; style=&#8220;vc_box_rounded&#8220; onclick=&#8220;custom_link&#8220; el_class=&#8220;ypa-image&#8220; link=&#8220;https:\/\/www.united-europe.eu\/de\/ypa\/dr-jennifer-pernau\/&#8222;][vc_column_text css=&#8220;.vc_custom_1592400565482{margin-bottom: 0px !important;}&#8220; el_class=&#8220;ypa-name&#8220;]\n<h2 id=\"dr-jennifer-pernau\" style=\"text-align: left;\"><a href=\"https:\/\/www.united-europe.eu\/de\/ypa\/dr-jennifer-pernau\/\">Dr. Jennifer Pernau<\/a><\/h2>\n[\/vc_column_text][vc_column_text el_class=&#8220;ypa-job&#8220;]\n<p style=\"text-align: left;\">Government Affairs Manager, Microsoft &#8211; Deutschland\n[\/vc_column_text][vc_column_text el_class=&#8220;ypa-read-more&#8220;]\n<p style=\"text-align: left;\"><a href=\"https:\/\/www.united-europe.eu\/de\/ypa\/dr-jennifer-pernau\/\">Mehr \u00bb<\/a><\/p>\n[\/vc_column_text][\/vc_column][\/vc_row]<\/div>\n                  <\/div>\n              <\/div>\n          <\/div>\n      \n          <div class=\"wpb_column vc_column_container vc_col-sm-6 vc_col-md-3 vc_col-sm-offset-0 vc_col-xs-offset-1 vc_col-xs-10\">\n              <div class=\"vc_column-inner\">\n                  <div class=\"wpb_wrapper\">\n                      <div class=\"wpb-content-wrapper\">[vc_row][vc_column el_class=&#8220;ypa-profile-container&#8220;][vc_single_image source=&#8220;featured_image&#8220; img_size=&#8220;325&#215;325&#8243; alignment=&#8220;left&#8220; style=&#8220;vc_box_rounded&#8220; onclick=&#8220;custom_link&#8220; el_class=&#8220;ypa-image&#8220; link=&#8220;https:\/\/www.united-europe.eu\/de\/ypa\/dr-niclas-von-woedtke\/&#8222;][vc_column_text css=&#8220;.vc_custom_1592400565482{margin-bottom: 0px !important;}&#8220; el_class=&#8220;ypa-name&#8220;]\n<h2 id=\"dr-niclas-von-woedtke\" style=\"text-align: left;\"><a href=\"https:\/\/www.united-europe.eu\/de\/ypa\/dr-niclas-von-woedtke\/\">Dr. Niclas von Woedtke<\/a><\/h2>\n[\/vc_column_text][vc_column_text el_class=&#8220;ypa-job&#8220;]\n<p style=\"text-align: left;\">MBA (Kellogg\/WHU), Rechtsanwalt &#8211; Deutschland\n[\/vc_column_text][vc_column_text el_class=&#8220;ypa-read-more&#8220;]\n<p style=\"text-align: left;\"><a href=\"https:\/\/www.united-europe.eu\/de\/ypa\/dr-niclas-von-woedtke\/\">Mehr \u00bb<\/a><\/p>\n[\/vc_column_text][\/vc_column][\/vc_row]<\/div>\n                  <\/div>\n              <\/div>\n          <\/div>\n      \n          <div class=\"wpb_column vc_column_container vc_col-sm-6 vc_col-md-3 vc_col-sm-offset-0 vc_col-xs-offset-1 vc_col-xs-10\">\n              <div class=\"vc_column-inner\">\n                  <div class=\"wpb_wrapper\">\n                      <div class=\"wpb-content-wrapper\">[vc_row][vc_column el_class=&#8220;ypa-profile-container&#8220;][vc_single_image source=&#8220;featured_image&#8220; img_size=&#8220;325&#215;325&#8243; alignment=&#8220;left&#8220; style=&#8220;vc_box_rounded&#8220; onclick=&#8220;custom_link&#8220; el_class=&#8220;ypa-image&#8220; link=&#8220;https:\/\/www.united-europe.eu\/de\/ypa\/lukas-fabian-goslar\/&#8222;][vc_column_text css=&#8220;.vc_custom_1592400565482{margin-bottom: 0px !important;}&#8220; el_class=&#8220;ypa-name&#8220;]\n<h2 id=\"lukas-fabian-goslar\" style=\"text-align: left;\"><a href=\"https:\/\/www.united-europe.eu\/de\/ypa\/lukas-fabian-goslar\/\">Lukas Fabian Goslar<\/a><\/h2>\n[\/vc_column_text][vc_column_text el_class=&#8220;ypa-job&#8220;]\n<p style=\"text-align: left;\">NGO-Gr\u00fcnder \"Intergenerational Intelligence\" und Workshop Facilitator &#8211; Deutschland\n[\/vc_column_text][vc_column_text el_class=&#8220;ypa-read-more&#8220;]\n<p style=\"text-align: left;\"><a href=\"https:\/\/www.united-europe.eu\/de\/ypa\/lukas-fabian-goslar\/\">Mehr \u00bb<\/a><\/p>\n[\/vc_column_text][\/vc_column][\/vc_row]<\/div>\n                  <\/div>\n              <\/div>\n          <\/div>\n      \n          <div class=\"wpb_column vc_column_container vc_col-sm-6 vc_col-md-3 vc_col-sm-offset-0 vc_col-xs-offset-1 vc_col-xs-10\">\n              <div class=\"vc_column-inner\">\n                  <div class=\"wpb_wrapper\">\n                      <div class=\"wpb-content-wrapper\">[vc_row][vc_column el_class=&#8220;ypa-profile-container&#8220;][vc_single_image source=&#8220;featured_image&#8220; img_size=&#8220;325&#215;325&#8243; alignment=&#8220;left&#8220; style=&#8220;vc_box_rounded&#8220; onclick=&#8220;custom_link&#8220; el_class=&#8220;ypa-image&#8220; link=&#8220;https:\/\/www.united-europe.eu\/de\/ypa\/maria-tomai\/&#8222;][vc_column_text css=&#8220;.vc_custom_1592400565482{margin-bottom: 0px !important;}&#8220; el_class=&#8220;ypa-name&#8220;]\n<h2 id=\"maria-tomai\" style=\"text-align: left;\"><a href=\"https:\/\/www.united-europe.eu\/de\/ypa\/maria-tomai\/\">Maria Tomai<\/a><\/h2>\n[\/vc_column_text][vc_column_text el_class=&#8220;ypa-job&#8220;]\n<p style=\"text-align: left;\">PhD-Kandidatin an der United Nations University-MERIT (UNU-MERIT) &#8211; Niederlande\n[\/vc_column_text][vc_column_text el_class=&#8220;ypa-read-more&#8220;]\n<p style=\"text-align: left;\"><a href=\"https:\/\/www.united-europe.eu\/de\/ypa\/maria-tomai\/\">Mehr \u00bb<\/a><\/p>\n[\/vc_column_text][\/vc_column][\/vc_row]<\/div>\n                  <\/div>\n              <\/div>\n          <\/div>\n      \n          <div class=\"wpb_column vc_column_container vc_col-sm-6 vc_col-md-3 vc_col-sm-offset-0 vc_col-xs-offset-1 vc_col-xs-10\">\n              <div class=\"vc_column-inner\">\n                  <div class=\"wpb_wrapper\">\n                      <div class=\"wpb-content-wrapper\">[vc_row][vc_column el_class=&#8220;ypa-profile-container&#8220;][vc_single_image source=&#8220;featured_image&#8220; img_size=&#8220;325&#215;325&#8243; alignment=&#8220;left&#8220; style=&#8220;vc_box_rounded&#8220; onclick=&#8220;custom_link&#8220; el_class=&#8220;ypa-image&#8220; link=&#8220;https:\/\/www.united-europe.eu\/de\/ypa\/karina-matvienko-2\/&#8222;][vc_column_text css=&#8220;.vc_custom_1592400565482{margin-bottom: 0px !important;}&#8220; el_class=&#8220;ypa-name&#8220;]\n<h2 id=\"karina-matvienko\" style=\"text-align: left;\"><a href=\"https:\/\/www.united-europe.eu\/de\/ypa\/karina-matvienko-2\/\">Karina Matvienko<\/a><\/h2>\n[\/vc_column_text][vc_column_text el_class=&#8220;ypa-job&#8220;]\n<p style=\"text-align: left;\">MA-Studentin der Osteuropastudien, Praktikantin beim Deutsch-Russischen Austausch (DRA &#8211; Russland\n[\/vc_column_text][vc_column_text el_class=&#8220;ypa-read-more&#8220;]\n<p style=\"text-align: left;\"><a href=\"https:\/\/www.united-europe.eu\/de\/ypa\/karina-matvienko-2\/\">Mehr \u00bb<\/a><\/p>\n[\/vc_column_text][\/vc_column][\/vc_row]<\/div>\n                  <\/div>\n              <\/div>\n          <\/div>\n      \n          <div class=\"wpb_column vc_column_container vc_col-sm-6 vc_col-md-3 vc_col-sm-offset-0 vc_col-xs-offset-1 vc_col-xs-10\">\n              <div class=\"vc_column-inner\">\n                  <div class=\"wpb_wrapper\">\n                      <div class=\"wpb-content-wrapper\">[vc_row][vc_column el_class=&#8220;ypa-profile-container&#8220;][vc_single_image source=&#8220;featured_image&#8220; img_size=&#8220;325&#215;325&#8243; alignment=&#8220;left&#8220; style=&#8220;vc_box_rounded&#8220; onclick=&#8220;custom_link&#8220; el_class=&#8220;ypa-image&#8220; link=&#8220;https:\/\/www.united-europe.eu\/de\/ypa\/sofia-trojanowski\/&#8222;][vc_column_text css=&#8220;.vc_custom_1592400565482{margin-bottom: 0px !important;}&#8220; el_class=&#8220;ypa-name&#8220;]\n<h2 id=\"sofia-trojanowska\" style=\"text-align: left;\"><a href=\"https:\/\/www.united-europe.eu\/de\/ypa\/sofia-trojanowski\/\">Sofia Trojanowska<\/a><\/h2>\n[\/vc_column_text][vc_column_text el_class=&#8220;ypa-job&#8220;]\n<p style=\"text-align: left;\">Business Developement Executive bei Infosys &#8211; Deutschland\n[\/vc_column_text][vc_column_text el_class=&#8220;ypa-read-more&#8220;]\n<p style=\"text-align: left;\"><a href=\"https:\/\/www.united-europe.eu\/de\/ypa\/sofia-trojanowski\/\">Mehr \u00bb<\/a><\/p>\n[\/vc_column_text][\/vc_column][\/vc_row]<\/div>\n                  <\/div>\n              <\/div>\n          <\/div>\n      \n          <div class=\"wpb_column vc_column_container vc_col-sm-6 vc_col-md-3 vc_col-sm-offset-0 vc_col-xs-offset-1 vc_col-xs-10\">\n              <div class=\"vc_column-inner\">\n                  <div class=\"wpb_wrapper\">\n                      <div class=\"wpb-content-wrapper\">[vc_row][vc_column el_class=&#8220;ypa-profile-container&#8220;][vc_single_image source=&#8220;featured_image&#8220; img_size=&#8220;325&#215;325&#8243; alignment=&#8220;left&#8220; style=&#8220;vc_box_rounded&#8220; onclick=&#8220;custom_link&#8220; el_class=&#8220;ypa-image&#8220; link=&#8220;https:\/\/www.united-europe.eu\/de\/ypa\/damilola-m-oguntade\/&#8222;][vc_column_text css=&#8220;.vc_custom_1592400565482{margin-bottom: 0px !important;}&#8220; el_class=&#8220;ypa-name&#8220;]\n<h2 id=\"damilola-m-oguntade\" style=\"text-align: left;\"><a href=\"https:\/\/www.united-europe.eu\/de\/ypa\/damilola-m-oguntade\/\">Damilola M. Oguntade<\/a><\/h2>\n[\/vc_column_text][vc_column_text el_class=&#8220;ypa-job&#8220;]\n<p style=\"text-align: left;\">Erasmus Mundus Scholar of International Law and Development &#8211; Deutschland\n[\/vc_column_text][vc_column_text el_class=&#8220;ypa-read-more&#8220;]\n<p style=\"text-align: left;\"><a href=\"https:\/\/www.united-europe.eu\/de\/ypa\/damilola-m-oguntade\/\">Mehr \u00bb<\/a><\/p>\n[\/vc_column_text][\/vc_column][\/vc_row]<\/div>\n                  <\/div>\n              <\/div>\n          <\/div>\n      \n          <div class=\"wpb_column vc_column_container vc_col-sm-6 vc_col-md-3 vc_col-sm-offset-0 vc_col-xs-offset-1 vc_col-xs-10\">\n              <div class=\"vc_column-inner\">\n                  <div class=\"wpb_wrapper\">\n                      <div class=\"wpb-content-wrapper\">[vc_row][vc_column el_class=&#8220;ypa-profile-container&#8220;][vc_single_image source=&#8220;featured_image&#8220; img_size=&#8220;325&#215;325&#8243; alignment=&#8220;left&#8220; style=&#8220;vc_box_rounded&#8220; onclick=&#8220;custom_link&#8220; el_class=&#8220;ypa-image&#8220; link=&#8220;https:\/\/www.united-europe.eu\/de\/ypa\/olta-qejvani\/&#8222;][vc_column_text css=&#8220;.vc_custom_1592400565482{margin-bottom: 0px !important;}&#8220; el_class=&#8220;ypa-name&#8220;]\n<h2 id=\"olta-qejvani\" style=\"text-align: left;\"><a href=\"https:\/\/www.united-europe.eu\/de\/ypa\/olta-qejvani\/\">Olta Qejvani<\/a><\/h2>\n[\/vc_column_text][vc_column_text el_class=&#8220;ypa-job&#8220;]\n<p style=\"text-align: left;\">Lecturer of European Union Law, Universit\u00e4t von Tirana &#8211; Albanien\n[\/vc_column_text][vc_column_text el_class=&#8220;ypa-read-more&#8220;]\n<p style=\"text-align: left;\"><a href=\"https:\/\/www.united-europe.eu\/de\/ypa\/olta-qejvani\/\">Mehr \u00bb<\/a><\/p>\n[\/vc_column_text][\/vc_column][\/vc_row]<\/div>\n                  <\/div>\n              <\/div>\n          <\/div>\n      \n          <div class=\"wpb_column vc_column_container vc_col-sm-6 vc_col-md-3 vc_col-sm-offset-0 vc_col-xs-offset-1 vc_col-xs-10\">\n              <div class=\"vc_column-inner\">\n                  <div class=\"wpb_wrapper\">\n                      <div class=\"wpb-content-wrapper\">[vc_row][vc_column el_class=&#8220;ypa-profile-container&#8220;][vc_single_image source=&#8220;featured_image&#8220; img_size=&#8220;325&#215;325&#8243; alignment=&#8220;left&#8220; style=&#8220;vc_box_rounded&#8220; onclick=&#8220;custom_link&#8220; el_class=&#8220;ypa-image&#8220; link=&#8220;https:\/\/www.united-europe.eu\/de\/ypa\/lisa-stolleis\/&#8222;][vc_column_text css=&#8220;.vc_custom_1592400565482{margin-bottom: 0px !important;}&#8220; el_class=&#8220;ypa-name&#8220;]\n<h2 id=\"lisa-stolleis\" style=\"text-align: left;\"><a href=\"https:\/\/www.united-europe.eu\/de\/ypa\/lisa-stolleis\/\">Lisa Stolleis<\/a><\/h2>\n[\/vc_column_text][vc_column_text el_class=&#8220;ypa-job&#8220;]\n<p style=\"text-align: left;\">Master-Studium Public Policy an der Sciences Po Paris and Hertie School &#8211; Deutschland\n[\/vc_column_text][vc_column_text el_class=&#8220;ypa-read-more&#8220;]\n<p style=\"text-align: left;\"><a href=\"https:\/\/www.united-europe.eu\/de\/ypa\/lisa-stolleis\/\">Mehr \u00bb<\/a><\/p>\n[\/vc_column_text][\/vc_column][\/vc_row]<\/div>\n                  <\/div>\n              <\/div>\n          <\/div>\n      \n          <div class=\"wpb_column vc_column_container vc_col-sm-6 vc_col-md-3 vc_col-sm-offset-0 vc_col-xs-offset-1 vc_col-xs-10\">\n              <div class=\"vc_column-inner\">\n                  <div class=\"wpb_wrapper\">\n                      <div class=\"wpb-content-wrapper\">[vc_row][vc_column el_class=&#8220;ypa-profile-container&#8220;][vc_single_image source=&#8220;featured_image&#8220; img_size=&#8220;325&#215;325&#8243; alignment=&#8220;left&#8220; style=&#8220;vc_box_rounded&#8220; onclick=&#8220;custom_link&#8220; el_class=&#8220;ypa-image&#8220; link=&#8220;https:\/\/www.united-europe.eu\/de\/ypa\/marie-noesser\/&#8222;][vc_column_text css=&#8220;.vc_custom_1592400565482{margin-bottom: 0px !important;}&#8220; el_class=&#8220;ypa-name&#8220;]\n<h2 id=\"marie-noesser\" style=\"text-align: left;\"><a href=\"https:\/\/www.united-europe.eu\/de\/ypa\/marie-noesser\/\">Marie N\u00f6sser<\/a><\/h2>\n[\/vc_column_text][vc_column_text el_class=&#8220;ypa-job&#8220;]\n<p style=\"text-align: left;\">Senior Referentin Public Affairs Nachhaltigkeit & Umwelt, Deutsche Bahn AG &#8211; Deutschland\n[\/vc_column_text][vc_column_text el_class=&#8220;ypa-read-more&#8220;]\n<p style=\"text-align: left;\"><a href=\"https:\/\/www.united-europe.eu\/de\/ypa\/marie-noesser\/\">Mehr \u00bb<\/a><\/p>\n[\/vc_column_text][\/vc_column][\/vc_row]<\/div>\n                  <\/div>\n              <\/div>\n          <\/div>\n      \n          <div class=\"wpb_column vc_column_container vc_col-sm-6 vc_col-md-3 vc_col-sm-offset-0 vc_col-xs-offset-1 vc_col-xs-10\">\n              <div class=\"vc_column-inner\">\n                  <div class=\"wpb_wrapper\">\n                      <div class=\"wpb-content-wrapper\">[vc_row][vc_column el_class=&#8220;ypa-profile-container&#8220;][vc_single_image source=&#8220;featured_image&#8220; img_size=&#8220;325&#215;325&#8243; alignment=&#8220;left&#8220; style=&#8220;vc_box_rounded&#8220; onclick=&#8220;custom_link&#8220; el_class=&#8220;ypa-image&#8220; link=&#8220;https:\/\/www.united-europe.eu\/de\/ypa\/jan-bauer\/&#8222;][vc_column_text css=&#8220;.vc_custom_1592400565482{margin-bottom: 0px !important;}&#8220; el_class=&#8220;ypa-name&#8220;]\n<h2 id=\"jan-bauer\" style=\"text-align: left;\"><a href=\"https:\/\/www.united-europe.eu\/de\/ypa\/jan-bauer\/\">Jan Bauer<\/a><\/h2>\n[\/vc_column_text][vc_column_text el_class=&#8220;ypa-job&#8220;]\n<p style=\"text-align: left;\">Senior PR-Manager bei Axel Springer &#8211; Deutschland\n[\/vc_column_text][vc_column_text el_class=&#8220;ypa-read-more&#8220;]\n<p style=\"text-align: left;\"><a href=\"https:\/\/www.united-europe.eu\/de\/ypa\/jan-bauer\/\">Mehr \u00bb<\/a><\/p>\n[\/vc_column_text][\/vc_column][\/vc_row]<\/div>\n                  <\/div>\n              <\/div>\n          <\/div>\n      \n          <div class=\"wpb_column vc_column_container vc_col-sm-6 vc_col-md-3 vc_col-sm-offset-0 vc_col-xs-offset-1 vc_col-xs-10\">\n              <div class=\"vc_column-inner\">\n                  <div class=\"wpb_wrapper\">\n                      <div class=\"wpb-content-wrapper\">[vc_row][vc_column el_class=&#8220;ypa-profile-container&#8220;][vc_single_image source=&#8220;featured_image&#8220; img_size=&#8220;325&#215;325&#8243; alignment=&#8220;left&#8220; style=&#8220;vc_box_rounded&#8220; onclick=&#8220;custom_link&#8220; el_class=&#8220;ypa-image&#8220; link=&#8220;https:\/\/www.united-europe.eu\/de\/ypa\/kai-blum\/&#8222;][vc_column_text css=&#8220;.vc_custom_1592400565482{margin-bottom: 0px !important;}&#8220; el_class=&#8220;ypa-name&#8220;]\n<h2 id=\"kai-blum\" style=\"text-align: left;\"><a href=\"https:\/\/www.united-europe.eu\/de\/ypa\/kai-blum\/\">Kai Blum<\/a><\/h2>\n[\/vc_column_text][vc_column_text el_class=&#8220;ypa-job&#8220;]\n<p style=\"text-align: left;\">Senior Client Executive Fuchs & Cie &#8211; Deutschland\n[\/vc_column_text][vc_column_text el_class=&#8220;ypa-read-more&#8220;]\n<p style=\"text-align: left;\"><a href=\"https:\/\/www.united-europe.eu\/de\/ypa\/kai-blum\/\">Mehr \u00bb<\/a><\/p>\n[\/vc_column_text][\/vc_column][\/vc_row]<\/div>\n                  <\/div>\n              <\/div>\n          <\/div>\n      \n          <div class=\"wpb_column vc_column_container vc_col-sm-6 vc_col-md-3 vc_col-sm-offset-0 vc_col-xs-offset-1 vc_col-xs-10\">\n              <div class=\"vc_column-inner\">\n                  <div class=\"wpb_wrapper\">\n                      <div class=\"wpb-content-wrapper\">[vc_row][vc_column el_class=&#8220;ypa-profile-container&#8220;][vc_single_image source=&#8220;featured_image&#8220; img_size=&#8220;325&#215;325&#8243; alignment=&#8220;left&#8220; style=&#8220;vc_box_rounded&#8220; onclick=&#8220;custom_link&#8220; el_class=&#8220;ypa-image&#8220; link=&#8220;https:\/\/www.united-europe.eu\/de\/ypa\/simom-schuetz\/&#8222;][vc_column_text css=&#8220;.vc_custom_1592400565482{margin-bottom: 0px !important;}&#8220; el_class=&#8220;ypa-name&#8220;]\n<h2 id=\"simon-schuetz\" style=\"text-align: left;\"><a href=\"https:\/\/www.united-europe.eu\/de\/ypa\/simom-schuetz\/\">Simon Sch\u00fctz<\/a><\/h2>\n[\/vc_column_text][vc_column_text el_class=&#8220;ypa-job&#8220;]\n<p style=\"text-align: left;\">Pressesprecher VDA &#8211; Deutschland\n[\/vc_column_text][vc_column_text el_class=&#8220;ypa-read-more&#8220;]\n<p style=\"text-align: left;\"><a href=\"https:\/\/www.united-europe.eu\/de\/ypa\/simom-schuetz\/\">Mehr \u00bb<\/a><\/p>\n[\/vc_column_text][\/vc_column][\/vc_row]<\/div>\n                  <\/div>\n              <\/div>\n          <\/div>\n      \n          <div class=\"wpb_column vc_column_container vc_col-sm-6 vc_col-md-3 vc_col-sm-offset-0 vc_col-xs-offset-1 vc_col-xs-10\">\n              <div class=\"vc_column-inner\">\n                  <div class=\"wpb_wrapper\">\n                      <div class=\"wpb-content-wrapper\">[vc_row][vc_column el_class=&#8220;ypa-profile-container&#8220;][vc_single_image source=&#8220;featured_image&#8220; img_size=&#8220;325&#215;325&#8243; alignment=&#8220;left&#8220; style=&#8220;vc_box_rounded&#8220; onclick=&#8220;custom_link&#8220; el_class=&#8220;ypa-image&#8220; link=&#8220;https:\/\/www.united-europe.eu\/de\/ypa\/katharina-hug\/&#8222;][vc_column_text css=&#8220;.vc_custom_1592400565482{margin-bottom: 0px !important;}&#8220; el_class=&#8220;ypa-name&#8220;]\n<h2 id=\"katharina-hug\" style=\"text-align: left;\"><a href=\"https:\/\/www.united-europe.eu\/de\/ypa\/katharina-hug\/\">Katharina Hug<\/a><\/h2>\n[\/vc_column_text][vc_column_text el_class=&#8220;ypa-job&#8220;]\n<p style=\"text-align: left;\">Senior Consultant EY &#8211; Deutschland\n[\/vc_column_text][vc_column_text el_class=&#8220;ypa-read-more&#8220;]\n<p style=\"text-align: left;\"><a href=\"https:\/\/www.united-europe.eu\/de\/ypa\/katharina-hug\/\">Mehr \u00bb<\/a><\/p>\n[\/vc_column_text][\/vc_column][\/vc_row]<\/div>\n                  <\/div>\n              <\/div>\n          <\/div>\n      \n          <div class=\"wpb_column vc_column_container vc_col-sm-6 vc_col-md-3 vc_col-sm-offset-0 vc_col-xs-offset-1 vc_col-xs-10\">\n              <div class=\"vc_column-inner\">\n                  <div class=\"wpb_wrapper\">\n                      <div class=\"wpb-content-wrapper\">[vc_row][vc_column el_class=&#8220;ypa-profile-container&#8220;][vc_single_image source=&#8220;featured_image&#8220; img_size=&#8220;325&#215;325&#8243; alignment=&#8220;left&#8220; style=&#8220;vc_box_rounded&#8220; onclick=&#8220;custom_link&#8220; el_class=&#8220;ypa-image&#8220; link=&#8220;https:\/\/www.united-europe.eu\/de\/ypa\/hanns-koenig\/&#8222;][vc_column_text css=&#8220;.vc_custom_1592400565482{margin-bottom: 0px !important;}&#8220; el_class=&#8220;ypa-name&#8220;]\n<h2 id=\"hanns-koenig\" style=\"text-align: left;\"><a href=\"https:\/\/www.united-europe.eu\/de\/ypa\/hanns-koenig\/\">Hanns Koenig<\/a><\/h2>\n[\/vc_column_text][vc_column_text el_class=&#8220;ypa-job&#8220;]\n<p style=\"text-align: left;\">Head of Commissioned Projects Aurora Energy Research &#8211; Deutschland\n[\/vc_column_text][vc_column_text el_class=&#8220;ypa-read-more&#8220;]\n<p style=\"text-align: left;\"><a href=\"https:\/\/www.united-europe.eu\/de\/ypa\/hanns-koenig\/\">Mehr \u00bb<\/a><\/p>\n[\/vc_column_text][\/vc_column][\/vc_row]<\/div>\n                  <\/div>\n              <\/div>\n          <\/div>\n      \n          <div class=\"wpb_column vc_column_container vc_col-sm-6 vc_col-md-3 vc_col-sm-offset-0 vc_col-xs-offset-1 vc_col-xs-10\">\n              <div class=\"vc_column-inner\">\n                  <div class=\"wpb_wrapper\">\n                      <div class=\"wpb-content-wrapper\">[vc_row][vc_column el_class=&#8220;ypa-profile-container&#8220;][vc_single_image source=&#8220;featured_image&#8220; img_size=&#8220;325&#215;325&#8243; alignment=&#8220;left&#8220; style=&#8220;vc_box_rounded&#8220; onclick=&#8220;custom_link&#8220; el_class=&#8220;ypa-image&#8220; link=&#8220;https:\/\/www.united-europe.eu\/de\/ypa\/milena-oschmann\/&#8222;][vc_column_text css=&#8220;.vc_custom_1592400565482{margin-bottom: 0px !important;}&#8220; el_class=&#8220;ypa-name&#8220;]\n<h2 id=\"milena-oschmann\" style=\"text-align: left;\"><a href=\"https:\/\/www.united-europe.eu\/de\/ypa\/milena-oschmann\/\">Milena Oschmann<\/a><\/h2>\n[\/vc_column_text][vc_column_text el_class=&#8220;ypa-job&#8220;]\n<p style=\"text-align: left;\">Governmental Affairs, Deutsche Bahn &#8211; Deutschland\n[\/vc_column_text][vc_column_text el_class=&#8220;ypa-read-more&#8220;]\n<p style=\"text-align: left;\"><a href=\"https:\/\/www.united-europe.eu\/de\/ypa\/milena-oschmann\/\">Mehr \u00bb<\/a><\/p>\n[\/vc_column_text][\/vc_column][\/vc_row]<\/div>\n                  <\/div>\n              <\/div>\n          <\/div>\n      \n          <div class=\"wpb_column vc_column_container vc_col-sm-6 vc_col-md-3 vc_col-sm-offset-0 vc_col-xs-offset-1 vc_col-xs-10\">\n              <div class=\"vc_column-inner\">\n                  <div class=\"wpb_wrapper\">\n                      <div class=\"wpb-content-wrapper\">[vc_row][vc_column el_class=&#8220;ypa-profile-container&#8220;][vc_single_image source=&#8220;featured_image&#8220; img_size=&#8220;325&#215;325&#8243; alignment=&#8220;left&#8220; style=&#8220;vc_box_rounded&#8220; onclick=&#8220;custom_link&#8220; el_class=&#8220;ypa-image&#8220; link=&#8220;https:\/\/www.united-europe.eu\/de\/ypa\/claudia-thiesse\/&#8222;][vc_column_text css=&#8220;.vc_custom_1592400565482{margin-bottom: 0px !important;}&#8220; el_class=&#8220;ypa-name&#8220;]\n<h2 id=\"claudia-thiesse\" style=\"text-align: left;\"><a href=\"https:\/\/www.united-europe.eu\/de\/ypa\/claudia-thiesse\/\">Claudia Thie\u00dfe<\/a><\/h2>\n[\/vc_column_text][vc_column_text el_class=&#8220;ypa-job&#8220;]\n<p style=\"text-align: left;\">Referentin bei der Stiftung der Deutschen Wirtschaft (SDW) &#8211; Deutschland\n[\/vc_column_text][vc_column_text el_class=&#8220;ypa-read-more&#8220;]\n<p style=\"text-align: left;\"><a href=\"https:\/\/www.united-europe.eu\/de\/ypa\/claudia-thiesse\/\">Mehr \u00bb<\/a><\/p>\n[\/vc_column_text][\/vc_column][\/vc_row]<\/div>\n                  <\/div>\n              <\/div>\n          <\/div>\n      \n          <div class=\"wpb_column vc_column_container vc_col-sm-6 vc_col-md-3 vc_col-sm-offset-0 vc_col-xs-offset-1 vc_col-xs-10\">\n              <div class=\"vc_column-inner\">\n                  <div class=\"wpb_wrapper\">\n                      <div class=\"wpb-content-wrapper\">[vc_row][vc_column el_class=&#8220;ypa-profile-container&#8220;][vc_single_image source=&#8220;featured_image&#8220; img_size=&#8220;325&#215;325&#8243; alignment=&#8220;left&#8220; style=&#8220;vc_box_rounded&#8220; onclick=&#8220;custom_link&#8220; el_class=&#8220;ypa-image&#8220; link=&#8220;https:\/\/www.united-europe.eu\/de\/ypa\/michael-suckow\/&#8222;][vc_column_text css=&#8220;.vc_custom_1592400565482{margin-bottom: 0px !important;}&#8220; el_class=&#8220;ypa-name&#8220;]\n<h2 id=\"michael-suckow\" style=\"text-align: left;\"><a href=\"https:\/\/www.united-europe.eu\/de\/ypa\/michael-suckow\/\">Michael Suckow<\/a><\/h2>\n[\/vc_column_text][vc_column_text el_class=&#8220;ypa-job&#8220;]\n<p style=\"text-align: left;\">Senior Consultant Zum Goldenen Hirschen &#8211; Deutschland\n[\/vc_column_text][vc_column_text el_class=&#8220;ypa-read-more&#8220;]\n<p style=\"text-align: left;\"><a href=\"https:\/\/www.united-europe.eu\/de\/ypa\/michael-suckow\/\">Mehr \u00bb<\/a><\/p>\n[\/vc_column_text][\/vc_column][\/vc_row]<\/div>\n                  <\/div>\n              <\/div>\n          <\/div>\n      \n          <div class=\"wpb_column vc_column_container vc_col-sm-6 vc_col-md-3 vc_col-sm-offset-0 vc_col-xs-offset-1 vc_col-xs-10\">\n              <div class=\"vc_column-inner\">\n                  <div class=\"wpb_wrapper\">\n                      <div class=\"wpb-content-wrapper\">[vc_row][vc_column el_class=&#8220;ypa-profile-container&#8220;][vc_single_image source=&#8220;featured_image&#8220; img_size=&#8220;325&#215;325&#8243; alignment=&#8220;left&#8220; style=&#8220;vc_box_rounded&#8220; onclick=&#8220;custom_link&#8220; el_class=&#8220;ypa-image&#8220; link=&#8220;https:\/\/www.united-europe.eu\/de\/ypa\/max-sherwood\/&#8222;][vc_column_text css=&#8220;.vc_custom_1592400565482{margin-bottom: 0px !important;}&#8220; el_class=&#8220;ypa-name&#8220;]\n<h2 id=\"max-sherwood\" style=\"text-align: left;\"><a href=\"https:\/\/www.united-europe.eu\/de\/ypa\/max-sherwood\/\">Max Sherwood<\/a><\/h2>\n[\/vc_column_text][vc_column_text el_class=&#8220;ypa-job&#8220;]\n<p style=\"text-align: left;\">Creator Wholegrain Crypto &#8211; Deutschland\n[\/vc_column_text][vc_column_text el_class=&#8220;ypa-read-more&#8220;]\n<p style=\"text-align: left;\"><a href=\"https:\/\/www.united-europe.eu\/de\/ypa\/max-sherwood\/\">Mehr \u00bb<\/a><\/p>\n[\/vc_column_text][\/vc_column][\/vc_row]<\/div>\n                  <\/div>\n              <\/div>\n          <\/div>\n      \n          <div class=\"wpb_column vc_column_container vc_col-sm-6 vc_col-md-3 vc_col-sm-offset-0 vc_col-xs-offset-1 vc_col-xs-10\">\n              <div class=\"vc_column-inner\">\n                  <div class=\"wpb_wrapper\">\n                      <div class=\"wpb-content-wrapper\">[vc_row][vc_column el_class=&#8220;ypa-profile-container&#8220;][vc_single_image source=&#8220;featured_image&#8220; img_size=&#8220;325&#215;325&#8243; alignment=&#8220;left&#8220; style=&#8220;vc_box_rounded&#8220; onclick=&#8220;custom_link&#8220; el_class=&#8220;ypa-image&#8220; link=&#8220;https:\/\/www.united-europe.eu\/de\/ypa\/ekaterina-muromtseva\/&#8222;][vc_column_text css=&#8220;.vc_custom_1592400565482{margin-bottom: 0px !important;}&#8220; el_class=&#8220;ypa-name&#8220;]\n<h2 id=\"ekaterina-muromtseva\" style=\"text-align: left;\"><a href=\"https:\/\/www.united-europe.eu\/de\/ypa\/ekaterina-muromtseva\/\">Ekaterina Muromtseva<\/a><\/h2>\n[\/vc_column_text][vc_column_text el_class=&#8220;ypa-job&#8220;]\n<p style=\"text-align: left;\">K\u00fcnstlerin &#8211; Russland\n[\/vc_column_text][vc_column_text el_class=&#8220;ypa-read-more&#8220;]\n<p style=\"text-align: left;\"><a href=\"https:\/\/www.united-europe.eu\/de\/ypa\/ekaterina-muromtseva\/\">Mehr \u00bb<\/a><\/p>\n[\/vc_column_text][\/vc_column][\/vc_row]<\/div>\n                  <\/div>\n              <\/div>\n          <\/div>\n      \n          <div class=\"wpb_column vc_column_container vc_col-sm-6 vc_col-md-3 vc_col-sm-offset-0 vc_col-xs-offset-1 vc_col-xs-10\">\n              <div class=\"vc_column-inner\">\n                  <div class=\"wpb_wrapper\">\n                      <div class=\"wpb-content-wrapper\">[vc_row][vc_column el_class=&#8220;ypa-profile-container&#8220;][vc_single_image source=&#8220;featured_image&#8220; img_size=&#8220;325&#215;325&#8243; alignment=&#8220;left&#8220; style=&#8220;vc_box_rounded&#8220; onclick=&#8220;custom_link&#8220; el_class=&#8220;ypa-image&#8220; link=&#8220;https:\/\/www.united-europe.eu\/de\/ypa\/19535\/&#8222;][vc_column_text css=&#8220;.vc_custom_1592400565482{margin-bottom: 0px !important;}&#8220; el_class=&#8220;ypa-name&#8220;]\n<h2 id=\"ipek-tekdemir\" style=\"text-align: left;\"><a href=\"https:\/\/www.united-europe.eu\/de\/ypa\/19535\/\">Ipek Tekdemir<\/a><\/h2>\n[\/vc_column_text][vc_column_text el_class=&#8220;ypa-job&#8220;]\n<p style=\"text-align: left;\">Political Advisor im europ\u00e4ischen Parlament &#8211; Belgien\n[\/vc_column_text][vc_column_text el_class=&#8220;ypa-read-more&#8220;]\n<p style=\"text-align: left;\"><a href=\"https:\/\/www.united-europe.eu\/de\/ypa\/19535\/\">Mehr \u00bb<\/a><\/p>\n[\/vc_column_text][\/vc_column][\/vc_row]<\/div>\n                  <\/div>\n              <\/div>\n          <\/div>\n      \n          <div class=\"wpb_column vc_column_container vc_col-sm-6 vc_col-md-3 vc_col-sm-offset-0 vc_col-xs-offset-1 vc_col-xs-10\">\n              <div class=\"vc_column-inner\">\n                  <div class=\"wpb_wrapper\">\n                      <div class=\"wpb-content-wrapper\">[vc_row][vc_column el_class=&#8220;ypa-profile-container&#8220;][vc_single_image source=&#8220;featured_image&#8220; img_size=&#8220;325&#215;325&#8243; alignment=&#8220;left&#8220; style=&#8220;vc_box_rounded&#8220; onclick=&#8220;custom_link&#8220; el_class=&#8220;ypa-image&#8220; link=&#8220;https:\/\/www.united-europe.eu\/de\/ypa\/yevgen-lantsuzovskyy\/&#8222;][vc_column_text css=&#8220;.vc_custom_1592400565482{margin-bottom: 0px !important;}&#8220; el_class=&#8220;ypa-name&#8220;]\n<h2 id=\"yevgen-lantsuzovskyy\" style=\"text-align: left;\"><a href=\"https:\/\/www.united-europe.eu\/de\/ypa\/yevgen-lantsuzovskyy\/\">Yevgen Lantsuzovskyy<\/a><\/h2>\n[\/vc_column_text][vc_column_text el_class=&#8220;ypa-job&#8220;]\n<p style=\"text-align: left;\">Berater im Projektmanagement & Gastdozent &#8211; Deutschland\n[\/vc_column_text][vc_column_text el_class=&#8220;ypa-read-more&#8220;]\n<p style=\"text-align: left;\"><a href=\"https:\/\/www.united-europe.eu\/de\/ypa\/yevgen-lantsuzovskyy\/\">Mehr \u00bb<\/a><\/p>\n[\/vc_column_text][\/vc_column][\/vc_row]<\/div>\n                  <\/div>\n              <\/div>\n          <\/div>\n      \n          <div class=\"wpb_column vc_column_container vc_col-sm-6 vc_col-md-3 vc_col-sm-offset-0 vc_col-xs-offset-1 vc_col-xs-10\">\n              <div class=\"vc_column-inner\">\n                  <div class=\"wpb_wrapper\">\n                      <div class=\"wpb-content-wrapper\">[vc_row][vc_column el_class=&#8220;ypa-profile-container&#8220;][vc_single_image source=&#8220;featured_image&#8220; img_size=&#8220;325&#215;325&#8243; alignment=&#8220;left&#8220; style=&#8220;vc_box_rounded&#8220; onclick=&#8220;custom_link&#8220; el_class=&#8220;ypa-image&#8220; link=&#8220;https:\/\/www.united-europe.eu\/de\/ypa\/elena-cecconi\/&#8222;][vc_column_text css=&#8220;.vc_custom_1592400565482{margin-bottom: 0px !important;}&#8220; el_class=&#8220;ypa-name&#8220;]\n<h2 id=\"elena-cecconi\" style=\"text-align: left;\"><a href=\"https:\/\/www.united-europe.eu\/de\/ypa\/elena-cecconi\/\">Elena Cecconi<\/a><\/h2>\n[\/vc_column_text][vc_column_text el_class=&#8220;ypa-job&#8220;]\n<p style=\"text-align: left;\">Masterstudentin in Internationaler und interkultureller Kommunikation &#8211; Italien\n[\/vc_column_text][vc_column_text el_class=&#8220;ypa-read-more&#8220;]\n<p style=\"text-align: left;\"><a href=\"https:\/\/www.united-europe.eu\/de\/ypa\/elena-cecconi\/\">Mehr \u00bb<\/a><\/p>\n[\/vc_column_text][\/vc_column][\/vc_row]<\/div>\n                  <\/div>\n              <\/div>\n          <\/div>\n      \n          <div class=\"wpb_column vc_column_container vc_col-sm-6 vc_col-md-3 vc_col-sm-offset-0 vc_col-xs-offset-1 vc_col-xs-10\">\n              <div class=\"vc_column-inner\">\n                  <div class=\"wpb_wrapper\">\n                      <div class=\"wpb-content-wrapper\">[vc_row][vc_column el_class=&#8220;ypa-profile-container&#8220;][vc_single_image source=&#8220;featured_image&#8220; img_size=&#8220;325&#215;325&#8243; alignment=&#8220;left&#8220; style=&#8220;vc_box_rounded&#8220; onclick=&#8220;custom_link&#8220; el_class=&#8220;ypa-image&#8220; link=&#8220;https:\/\/www.united-europe.eu\/de\/ypa\/lynda-menoueri\/&#8222;][vc_column_text css=&#8220;.vc_custom_1592400565482{margin-bottom: 0px !important;}&#8220; el_class=&#8220;ypa-name&#8220;]\n<h2 id=\"lynda-menoueri\" style=\"text-align: left;\"><a href=\"https:\/\/www.united-europe.eu\/de\/ypa\/lynda-menoueri\/\">Lynda Menoueri<\/a><\/h2>\n[\/vc_column_text][vc_column_text el_class=&#8220;ypa-job&#8220;]\n<p style=\"text-align: left;\">Co-Founder Reorient Initiative &#8211; Deutschland\n[\/vc_column_text][vc_column_text el_class=&#8220;ypa-read-more&#8220;]\n<p style=\"text-align: left;\"><a href=\"https:\/\/www.united-europe.eu\/de\/ypa\/lynda-menoueri\/\">Mehr \u00bb<\/a><\/p>\n[\/vc_column_text][\/vc_column][\/vc_row]<\/div>\n                  <\/div>\n              <\/div>\n          <\/div>\n      \n          <div class=\"wpb_column vc_column_container vc_col-sm-6 vc_col-md-3 vc_col-sm-offset-0 vc_col-xs-offset-1 vc_col-xs-10\">\n              <div class=\"vc_column-inner\">\n                  <div class=\"wpb_wrapper\">\n                      <div class=\"wpb-content-wrapper\">[vc_row][vc_column el_class=&#8220;ypa-profile-container&#8220;][vc_single_image source=&#8220;featured_image&#8220; img_size=&#8220;325&#215;325&#8243; alignment=&#8220;left&#8220; style=&#8220;vc_box_rounded&#8220; onclick=&#8220;custom_link&#8220; el_class=&#8220;ypa-image&#8220; link=&#8220;https:\/\/www.united-europe.eu\/de\/ypa\/oliver-behr\/&#8222;][vc_column_text css=&#8220;.vc_custom_1592400565482{margin-bottom: 0px !important;}&#8220; el_class=&#8220;ypa-name&#8220;]\n<h2 id=\"oliver-behr\" style=\"text-align: left;\"><a href=\"https:\/\/www.united-europe.eu\/de\/ypa\/oliver-behr\/\">Oliver Behr<\/a><\/h2>\n[\/vc_column_text][vc_column_text el_class=&#8220;ypa-job&#8220;]\n<p style=\"text-align: left;\">Open Innovation Researcher & Inclusive Business Consultant &#8211; Deutschland\n[\/vc_column_text][vc_column_text el_class=&#8220;ypa-read-more&#8220;]\n<p style=\"text-align: left;\"><a href=\"https:\/\/www.united-europe.eu\/de\/ypa\/oliver-behr\/\">Mehr \u00bb<\/a><\/p>\n[\/vc_column_text][\/vc_column][\/vc_row]<\/div>\n                  <\/div>\n              <\/div>\n          <\/div>\n      \n          <div class=\"wpb_column vc_column_container vc_col-sm-6 vc_col-md-3 vc_col-sm-offset-0 vc_col-xs-offset-1 vc_col-xs-10\">\n              <div class=\"vc_column-inner\">\n                  <div class=\"wpb_wrapper\">\n                      <div class=\"wpb-content-wrapper\">[vc_row][vc_column el_class=&#8220;ypa-profile-container&#8220;][vc_single_image source=&#8220;featured_image&#8220; img_size=&#8220;325&#215;325&#8243; alignment=&#8220;left&#8220; style=&#8220;vc_box_rounded&#8220; onclick=&#8220;custom_link&#8220; el_class=&#8220;ypa-image&#8220; link=&#8220;https:\/\/www.united-europe.eu\/de\/ypa\/nesrin-othmann\/&#8222;][vc_column_text css=&#8220;.vc_custom_1592400565482{margin-bottom: 0px !important;}&#8220; el_class=&#8220;ypa-name&#8220;]\n<h2 id=\"nesrin-othmann\" style=\"text-align: left;\"><a href=\"https:\/\/www.united-europe.eu\/de\/ypa\/nesrin-othmann\/\">Nesrin Othmann<\/a><\/h2>\n[\/vc_column_text][vc_column_text el_class=&#8220;ypa-job&#8220;]\n<p style=\"text-align: left;\">Master-Studentin der Wirtschaftsinformatik an der Humboldt Universit\u00e4t Berlin &#8211; Deutschland\n[\/vc_column_text][vc_column_text el_class=&#8220;ypa-read-more&#8220;]\n<p style=\"text-align: left;\"><a href=\"https:\/\/www.united-europe.eu\/de\/ypa\/nesrin-othmann\/\">Mehr \u00bb<\/a><\/p>\n[\/vc_column_text][\/vc_column][\/vc_row]<\/div>\n                  <\/div>\n              <\/div>\n          <\/div>\n      \n          <div class=\"wpb_column vc_column_container vc_col-sm-6 vc_col-md-3 vc_col-sm-offset-0 vc_col-xs-offset-1 vc_col-xs-10\">\n              <div class=\"vc_column-inner\">\n                  <div class=\"wpb_wrapper\">\n                      <div class=\"wpb-content-wrapper\">[vc_row][vc_column el_class=&#8220;ypa-profile-container&#8220;][vc_single_image source=&#8220;featured_image&#8220; img_size=&#8220;325&#215;325&#8243; alignment=&#8220;left&#8220; style=&#8220;vc_box_rounded&#8220; onclick=&#8220;custom_link&#8220; el_class=&#8220;ypa-image&#8220; link=&#8220;https:\/\/www.united-europe.eu\/de\/ypa\/thomas-berghaus\/&#8222;][vc_column_text css=&#8220;.vc_custom_1592400565482{margin-bottom: 0px !important;}&#8220; el_class=&#8220;ypa-name&#8220;]\n<h2 id=\"thomas-berghaus\" style=\"text-align: left;\"><a href=\"https:\/\/www.united-europe.eu\/de\/ypa\/thomas-berghaus\/\">Thomas Berghaus<\/a><\/h2>\n[\/vc_column_text][vc_column_text el_class=&#8220;ypa-job&#8220;]\n<p style=\"text-align: left;\">Product Owner und Berater &#8211; Deutschland\n[\/vc_column_text][vc_column_text el_class=&#8220;ypa-read-more&#8220;]\n<p style=\"text-align: left;\"><a href=\"https:\/\/www.united-europe.eu\/de\/ypa\/thomas-berghaus\/\">Mehr \u00bb<\/a><\/p>\n[\/vc_column_text][\/vc_column][\/vc_row]<\/div>\n                  <\/div>\n              <\/div>\n          <\/div>\n      \n          <div class=\"wpb_column vc_column_container vc_col-sm-6 vc_col-md-3 vc_col-sm-offset-0 vc_col-xs-offset-1 vc_col-xs-10\">\n              <div class=\"vc_column-inner\">\n                  <div class=\"wpb_wrapper\">\n                      <div class=\"wpb-content-wrapper\">[vc_row][vc_column el_class=&#8220;ypa-profile-container&#8220;][vc_single_image source=&#8220;featured_image&#8220; img_size=&#8220;325&#215;325&#8243; alignment=&#8220;left&#8220; style=&#8220;vc_box_rounded&#8220; onclick=&#8220;custom_link&#8220; el_class=&#8220;ypa-image&#8220; link=&#8220;https:\/\/www.united-europe.eu\/de\/ypa\/friedrich-von-kleist\/&#8222;][vc_column_text css=&#8220;.vc_custom_1592400565482{margin-bottom: 0px !important;}&#8220; el_class=&#8220;ypa-name&#8220;]\n<h2 id=\"friedrich-von-kleist\" style=\"text-align: left;\"><a href=\"https:\/\/www.united-europe.eu\/de\/ypa\/friedrich-von-kleist\/\">Friedrich von Kleist<\/a><\/h2>\n[\/vc_column_text][vc_column_text el_class=&#8220;ypa-job&#8220;]\n<p style=\"text-align: left;\">Senior Consultant bei WMC Healthcare GmbH &#8211; Deutschland\n[\/vc_column_text][vc_column_text el_class=&#8220;ypa-read-more&#8220;]\n<p style=\"text-align: left;\"><a href=\"https:\/\/www.united-europe.eu\/de\/ypa\/friedrich-von-kleist\/\">Mehr \u00bb<\/a><\/p>\n[\/vc_column_text][\/vc_column][\/vc_row]<\/div>\n                  <\/div>\n              <\/div>\n          <\/div>\n      \n          <div class=\"wpb_column vc_column_container vc_col-sm-6 vc_col-md-3 vc_col-sm-offset-0 vc_col-xs-offset-1 vc_col-xs-10\">\n              <div class=\"vc_column-inner\">\n                  <div class=\"wpb_wrapper\">\n                      <div class=\"wpb-content-wrapper\">[vc_row][vc_column el_class=&#8220;ypa-profile-container&#8220;][vc_single_image source=&#8220;featured_image&#8220; img_size=&#8220;325&#215;325&#8243; alignment=&#8220;left&#8220; style=&#8220;vc_box_rounded&#8220; onclick=&#8220;custom_link&#8220; el_class=&#8220;ypa-image&#8220; link=&#8220;https:\/\/www.united-europe.eu\/de\/ypa\/kseniya-cheshyk\/&#8222;][vc_column_text css=&#8220;.vc_custom_1592400565482{margin-bottom: 0px !important;}&#8220; el_class=&#8220;ypa-name&#8220;]\n<h2 id=\"kseniya-cheshyk\" style=\"text-align: left;\"><a href=\"https:\/\/www.united-europe.eu\/de\/ypa\/kseniya-cheshyk\/\">Kseniya Cheshyk<\/a><\/h2>\n[\/vc_column_text][vc_column_text el_class=&#8220;ypa-job&#8220;]\n<p style=\"text-align: left;\">Junior Legal Officer (Unternehmensf\u00fchrung) bei CITCO &#8211; Litauen\n[\/vc_column_text][vc_column_text el_class=&#8220;ypa-read-more&#8220;]\n<p style=\"text-align: left;\"><a href=\"https:\/\/www.united-europe.eu\/de\/ypa\/kseniya-cheshyk\/\">Mehr \u00bb<\/a><\/p>\n[\/vc_column_text][\/vc_column][\/vc_row]<\/div>\n                  <\/div>\n              <\/div>\n          <\/div>\n      \n          <div class=\"wpb_column vc_column_container vc_col-sm-6 vc_col-md-3 vc_col-sm-offset-0 vc_col-xs-offset-1 vc_col-xs-10\">\n              <div class=\"vc_column-inner\">\n                  <div class=\"wpb_wrapper\">\n                      <div class=\"wpb-content-wrapper\">[vc_row][vc_column el_class=&#8220;ypa-profile-container&#8220;][vc_single_image source=&#8220;featured_image&#8220; img_size=&#8220;325&#215;325&#8243; alignment=&#8220;left&#8220; style=&#8220;vc_box_rounded&#8220; onclick=&#8220;custom_link&#8220; el_class=&#8220;ypa-image&#8220; link=&#8220;https:\/\/www.united-europe.eu\/de\/ypa\/jens-daniel-florian\/&#8222;][vc_column_text css=&#8220;.vc_custom_1592400565482{margin-bottom: 0px !important;}&#8220; el_class=&#8220;ypa-name&#8220;]\n<h2 id=\"jens-daniel-florian\" style=\"text-align: left;\"><a href=\"https:\/\/www.united-europe.eu\/de\/ypa\/jens-daniel-florian\/\">Jens-Daniel Florian<\/a><\/h2>\n[\/vc_column_text][vc_column_text el_class=&#8220;ypa-job&#8220;]\n<p style=\"text-align: left;\">Leiter des Bereichs Digital bei Marsh Continental Europe &#8211; Deutschland\n[\/vc_column_text][vc_column_text el_class=&#8220;ypa-read-more&#8220;]\n<p style=\"text-align: left;\"><a href=\"https:\/\/www.united-europe.eu\/de\/ypa\/jens-daniel-florian\/\">Mehr \u00bb<\/a><\/p>\n[\/vc_column_text][\/vc_column][\/vc_row]<\/div>\n                  <\/div>\n              <\/div>\n          <\/div>\n      \n          <div class=\"wpb_column vc_column_container vc_col-sm-6 vc_col-md-3 vc_col-sm-offset-0 vc_col-xs-offset-1 vc_col-xs-10\">\n              <div class=\"vc_column-inner\">\n                  <div class=\"wpb_wrapper\">\n                      <div class=\"wpb-content-wrapper\">[vc_row][vc_column el_class=&#8220;ypa-profile-container&#8220;][vc_single_image source=&#8220;featured_image&#8220; img_size=&#8220;325&#215;325&#8243; alignment=&#8220;left&#8220; style=&#8220;vc_box_rounded&#8220; onclick=&#8220;custom_link&#8220; el_class=&#8220;ypa-image&#8220; link=&#8220;https:\/\/www.united-europe.eu\/de\/ypa\/michele-daliessi\/&#8222;][vc_column_text css=&#8220;.vc_custom_1592400565482{margin-bottom: 0px !important;}&#8220; el_class=&#8220;ypa-name&#8220;]\n<h2 id=\"michele-daliessi\" style=\"text-align: left;\"><a href=\"https:\/\/www.united-europe.eu\/de\/ypa\/michele-daliessi\/\">Michele D'Aliessi<\/a><\/h2>\n[\/vc_column_text][vc_column_text el_class=&#8220;ypa-job&#8220;]\n<p style=\"text-align: left;\">Co-Gr\u00fcnder & COO bei Superfluid, Gastdozent f\u00fcr Blockchain an der CASS Business School &#8211; Italien\n[\/vc_column_text][vc_column_text el_class=&#8220;ypa-read-more&#8220;]\n<p style=\"text-align: left;\"><a href=\"https:\/\/www.united-europe.eu\/de\/ypa\/michele-daliessi\/\">Mehr \u00bb<\/a><\/p>\n[\/vc_column_text][\/vc_column][\/vc_row]<\/div>\n                  <\/div>\n              <\/div>\n          <\/div>\n      \n          <div class=\"wpb_column vc_column_container vc_col-sm-6 vc_col-md-3 vc_col-sm-offset-0 vc_col-xs-offset-1 vc_col-xs-10\">\n              <div class=\"vc_column-inner\">\n                  <div class=\"wpb_wrapper\">\n                      <div class=\"wpb-content-wrapper\">[vc_row][vc_column el_class=&#8220;ypa-profile-container&#8220;][vc_single_image source=&#8220;featured_image&#8220; img_size=&#8220;325&#215;325&#8243; alignment=&#8220;left&#8220; style=&#8220;vc_box_rounded&#8220; onclick=&#8220;custom_link&#8220; el_class=&#8220;ypa-image&#8220; link=&#8220;https:\/\/www.united-europe.eu\/de\/ypa\/anna-romandash\/&#8222;][vc_column_text css=&#8220;.vc_custom_1592400565482{margin-bottom: 0px !important;}&#8220; el_class=&#8220;ypa-name&#8220;]\n<h2 id=\"anna-romandash\" style=\"text-align: left;\"><a href=\"https:\/\/www.united-europe.eu\/de\/ypa\/anna-romandash\/\">Anna Romandash<\/a><\/h2>\n[\/vc_column_text][vc_column_text el_class=&#8220;ypa-job&#8220;]\n<p style=\"text-align: left;\">Journalistin &#8211; Ukraine\n[\/vc_column_text][vc_column_text el_class=&#8220;ypa-read-more&#8220;]\n<p style=\"text-align: left;\"><a href=\"https:\/\/www.united-europe.eu\/de\/ypa\/anna-romandash\/\">Mehr \u00bb<\/a><\/p>\n[\/vc_column_text][\/vc_column][\/vc_row]<\/div>\n                  <\/div>\n              <\/div>\n          <\/div>\n      \n          <div class=\"wpb_column vc_column_container vc_col-sm-6 vc_col-md-3 vc_col-sm-offset-0 vc_col-xs-offset-1 vc_col-xs-10\">\n              <div class=\"vc_column-inner\">\n                  <div class=\"wpb_wrapper\">\n                      <div class=\"wpb-content-wrapper\">[vc_row][vc_column el_class=&#8220;ypa-profile-container&#8220;][vc_single_image source=&#8220;featured_image&#8220; img_size=&#8220;325&#215;325&#8243; alignment=&#8220;left&#8220; style=&#8220;vc_box_rounded&#8220; onclick=&#8220;custom_link&#8220; el_class=&#8220;ypa-image&#8220; link=&#8220;https:\/\/www.united-europe.eu\/de\/ypa\/albert-guasch\/&#8222;][vc_column_text css=&#8220;.vc_custom_1592400565482{margin-bottom: 0px !important;}&#8220; el_class=&#8220;ypa-name&#8220;]\n<h2 id=\"albert-guasch\" style=\"text-align: left;\"><a href=\"https:\/\/www.united-europe.eu\/de\/ypa\/albert-guasch\/\">Albert Guasch<\/a><\/h2>\n[\/vc_column_text][vc_column_text el_class=&#8220;ypa-job&#8220;]\n<p style=\"text-align: left;\">Kommunikationsbeauftragter, Club de Madrid &#8211; Spanien\n[\/vc_column_text][vc_column_text el_class=&#8220;ypa-read-more&#8220;]\n<p style=\"text-align: left;\"><a href=\"https:\/\/www.united-europe.eu\/de\/ypa\/albert-guasch\/\">Mehr \u00bb<\/a><\/p>\n[\/vc_column_text][\/vc_column][\/vc_row]<\/div>\n                  <\/div>\n              <\/div>\n          <\/div>\n      \n          <div class=\"wpb_column vc_column_container vc_col-sm-6 vc_col-md-3 vc_col-sm-offset-0 vc_col-xs-offset-1 vc_col-xs-10\">\n              <div class=\"vc_column-inner\">\n                  <div class=\"wpb_wrapper\">\n                      <div class=\"wpb-content-wrapper\">[vc_row][vc_column el_class=&#8220;ypa-profile-container&#8220;][vc_single_image source=&#8220;featured_image&#8220; img_size=&#8220;325&#215;325&#8243; alignment=&#8220;left&#8220; style=&#8220;vc_box_rounded&#8220; onclick=&#8220;custom_link&#8220; el_class=&#8220;ypa-image&#8220; link=&#8220;https:\/\/www.united-europe.eu\/de\/ypa\/elif-dilmen\/&#8222;][vc_column_text css=&#8220;.vc_custom_1592400565482{margin-bottom: 0px !important;}&#8220; el_class=&#8220;ypa-name&#8220;]\n<h2 id=\"elif-dilmen\" style=\"text-align: left;\"><a href=\"https:\/\/www.united-europe.eu\/de\/ypa\/elif-dilmen\/\">Elif Dilmen<\/a><\/h2>\n[\/vc_column_text][vc_column_text el_class=&#8220;ypa-job&#8220;]\n<p style=\"text-align: left;\">Manager, Marsh Risk Consulting &#8211; T\u00fcrkei\n[\/vc_column_text][vc_column_text el_class=&#8220;ypa-read-more&#8220;]\n<p style=\"text-align: left;\"><a href=\"https:\/\/www.united-europe.eu\/de\/ypa\/elif-dilmen\/\">Mehr \u00bb<\/a><\/p>\n[\/vc_column_text][\/vc_column][\/vc_row]<\/div>\n                  <\/div>\n              <\/div>\n          <\/div>\n      \n          <div class=\"wpb_column vc_column_container vc_col-sm-6 vc_col-md-3 vc_col-sm-offset-0 vc_col-xs-offset-1 vc_col-xs-10\">\n              <div class=\"vc_column-inner\">\n                  <div class=\"wpb_wrapper\">\n                      <div class=\"wpb-content-wrapper\">[vc_row][vc_column el_class=&#8220;ypa-profile-container&#8220;][vc_single_image source=&#8220;featured_image&#8220; img_size=&#8220;325&#215;325&#8243; alignment=&#8220;left&#8220; style=&#8220;vc_box_rounded&#8220; onclick=&#8220;custom_link&#8220; el_class=&#8220;ypa-image&#8220; link=&#8220;https:\/\/www.united-europe.eu\/de\/ypa\/kalina-trendafilova\/&#8222;][vc_column_text css=&#8220;.vc_custom_1592400565482{margin-bottom: 0px !important;}&#8220; el_class=&#8220;ypa-name&#8220;]\n<h2 id=\"kalina-trendafilova\" style=\"text-align: left;\"><a href=\"https:\/\/www.united-europe.eu\/de\/ypa\/kalina-trendafilova\/\">Kalina Trendafilova<\/a><\/h2>\n[\/vc_column_text][vc_column_text el_class=&#8220;ypa-job&#8220;]\n<p style=\"text-align: left;\">Expertin im Bereich Government and Public Affairs &#8211; Bulgarien\n[\/vc_column_text][vc_column_text el_class=&#8220;ypa-read-more&#8220;]\n<p style=\"text-align: left;\"><a href=\"https:\/\/www.united-europe.eu\/de\/ypa\/kalina-trendafilova\/\">Mehr \u00bb<\/a><\/p>\n[\/vc_column_text][\/vc_column][\/vc_row]<\/div>\n                  <\/div>\n              <\/div>\n          <\/div>\n      \n          <div class=\"wpb_column vc_column_container vc_col-sm-6 vc_col-md-3 vc_col-sm-offset-0 vc_col-xs-offset-1 vc_col-xs-10\">\n              <div class=\"vc_column-inner\">\n                  <div class=\"wpb_wrapper\">\n                      <div class=\"wpb-content-wrapper\">[vc_row][vc_column el_class=&#8220;ypa-profile-container&#8220;][vc_single_image source=&#8220;featured_image&#8220; img_size=&#8220;325&#215;325&#8243; alignment=&#8220;left&#8220; style=&#8220;vc_box_rounded&#8220; onclick=&#8220;custom_link&#8220; el_class=&#8220;ypa-image&#8220; link=&#8220;https:\/\/www.united-europe.eu\/de\/ypa\/karl-luis-neumann\/&#8222;][vc_column_text css=&#8220;.vc_custom_1592400565482{margin-bottom: 0px !important;}&#8220; el_class=&#8220;ypa-name&#8220;]\n<h2 id=\"karl-luis-neumann\" style=\"text-align: left;\"><a href=\"https:\/\/www.united-europe.eu\/de\/ypa\/karl-luis-neumann\/\">Karl Luis Neumann<\/a><\/h2>\n[\/vc_column_text][vc_column_text el_class=&#8220;ypa-job&#8220;]\n<p style=\"text-align: left;\">Leiter Partnermanagement, ESMT Berlin &#8211; Deutschland\n[\/vc_column_text][vc_column_text el_class=&#8220;ypa-read-more&#8220;]\n<p style=\"text-align: left;\"><a href=\"https:\/\/www.united-europe.eu\/de\/ypa\/karl-luis-neumann\/\">Mehr \u00bb<\/a><\/p>\n[\/vc_column_text][\/vc_column][\/vc_row]<\/div>\n                  <\/div>\n              <\/div>\n          <\/div>\n      \n          <div class=\"wpb_column vc_column_container vc_col-sm-6 vc_col-md-3 vc_col-sm-offset-0 vc_col-xs-offset-1 vc_col-xs-10\">\n              <div class=\"vc_column-inner\">\n                  <div class=\"wpb_wrapper\">\n                      <div class=\"wpb-content-wrapper\">[vc_row][vc_column el_class=&#8220;ypa-profile-container&#8220;][vc_single_image source=&#8220;featured_image&#8220; img_size=&#8220;325&#215;325&#8243; alignment=&#8220;left&#8220; style=&#8220;vc_box_rounded&#8220; onclick=&#8220;custom_link&#8220; el_class=&#8220;ypa-image&#8220; link=&#8220;https:\/\/www.united-europe.eu\/de\/ypa\/lazar-kaludjerovic\/&#8222;][vc_column_text css=&#8220;.vc_custom_1592400565482{margin-bottom: 0px !important;}&#8220; el_class=&#8220;ypa-name&#8220;]\n<h2 id=\"lazar-kaludjerovic\" style=\"text-align: left;\"><a href=\"https:\/\/www.united-europe.eu\/de\/ypa\/lazar-kaludjerovic\/\">Lazar Kaludjerovic<\/a><\/h2>\n[\/vc_column_text][vc_column_text el_class=&#8220;ypa-job&#8220;]\n<p style=\"text-align: left;\">Assistenzprofessor, Landwirtschaftliche Fakult\u00e4t, Universit\u00e4t Belgrad &#8211; Serbien\n[\/vc_column_text][vc_column_text el_class=&#8220;ypa-read-more&#8220;]\n<p style=\"text-align: left;\"><a href=\"https:\/\/www.united-europe.eu\/de\/ypa\/lazar-kaludjerovic\/\">Mehr \u00bb<\/a><\/p>\n[\/vc_column_text][\/vc_column][\/vc_row]<\/div>\n                  <\/div>\n              <\/div>\n          <\/div>\n      \n          <div class=\"wpb_column vc_column_container vc_col-sm-6 vc_col-md-3 vc_col-sm-offset-0 vc_col-xs-offset-1 vc_col-xs-10\">\n              <div class=\"vc_column-inner\">\n                  <div class=\"wpb_wrapper\">\n                      <div class=\"wpb-content-wrapper\">[vc_row][vc_column el_class=&#8220;ypa-profile-container&#8220;][vc_single_image source=&#8220;featured_image&#8220; img_size=&#8220;325&#215;325&#8243; alignment=&#8220;left&#8220; style=&#8220;vc_box_rounded&#8220; onclick=&#8220;custom_link&#8220; el_class=&#8220;ypa-image&#8220; link=&#8220;https:\/\/www.united-europe.eu\/de\/ypa\/silja-raunio\/&#8222;][vc_column_text css=&#8220;.vc_custom_1592400565482{margin-bottom: 0px !important;}&#8220; el_class=&#8220;ypa-name&#8220;]\n<h2 id=\"silja-raunio\" style=\"text-align: left;\"><a href=\"https:\/\/www.united-europe.eu\/de\/ypa\/silja-raunio\/\">Silja Raunio<\/a><\/h2>\n[\/vc_column_text][vc_column_text el_class=&#8220;ypa-job&#8220;]\n<p style=\"text-align: left;\">Journalistin bei der Finnischen Nationalen Rundfunkanstalt Yle &#8211; Finnland\n[\/vc_column_text][vc_column_text el_class=&#8220;ypa-read-more&#8220;]\n<p style=\"text-align: left;\"><a href=\"https:\/\/www.united-europe.eu\/de\/ypa\/silja-raunio\/\">Mehr \u00bb<\/a><\/p>\n[\/vc_column_text][\/vc_column][\/vc_row]<\/div>\n                  <\/div>\n              <\/div>\n          <\/div>\n      \n          <div class=\"wpb_column vc_column_container vc_col-sm-6 vc_col-md-3 vc_col-sm-offset-0 vc_col-xs-offset-1 vc_col-xs-10\">\n              <div class=\"vc_column-inner\">\n                  <div class=\"wpb_wrapper\">\n                      <div class=\"wpb-content-wrapper\">[vc_row][vc_column el_class=&#8220;ypa-profile-container&#8220;][vc_single_image source=&#8220;featured_image&#8220; img_size=&#8220;325&#215;325&#8243; alignment=&#8220;left&#8220; style=&#8220;vc_box_rounded&#8220; onclick=&#8220;custom_link&#8220; el_class=&#8220;ypa-image&#8220; link=&#8220;https:\/\/www.united-europe.eu\/de\/ypa\/raiko-pustuusmaa\/&#8222;][vc_column_text css=&#8220;.vc_custom_1592400565482{margin-bottom: 0px !important;}&#8220; el_class=&#8220;ypa-name&#8220;]\n<h2 id=\"raiko-pustuusmaa\" style=\"text-align: left;\"><a href=\"https:\/\/www.united-europe.eu\/de\/ypa\/raiko-pustuusmaa\/\">Raiko Pustuusmaa<\/a><\/h2>\n[\/vc_column_text][vc_column_text el_class=&#8220;ypa-job&#8220;]\n<p style=\"text-align: left;\">Berater, estnisches Finanzministerium &#8211; Estland\n[\/vc_column_text][vc_column_text el_class=&#8220;ypa-read-more&#8220;]\n<p style=\"text-align: left;\"><a href=\"https:\/\/www.united-europe.eu\/de\/ypa\/raiko-pustuusmaa\/\">Mehr \u00bb<\/a><\/p>\n[\/vc_column_text][\/vc_column][\/vc_row]<\/div>\n                  <\/div>\n              <\/div>\n          <\/div>\n      \n          <div class=\"wpb_column vc_column_container vc_col-sm-6 vc_col-md-3 vc_col-sm-offset-0 vc_col-xs-offset-1 vc_col-xs-10\">\n              <div class=\"vc_column-inner\">\n                  <div class=\"wpb_wrapper\">\n                      <div class=\"wpb-content-wrapper\">[vc_row][vc_column el_class=&#8220;ypa-profile-container&#8220;][vc_single_image source=&#8220;featured_image&#8220; img_size=&#8220;325&#215;325&#8243; alignment=&#8220;left&#8220; style=&#8220;vc_box_rounded&#8220; onclick=&#8220;custom_link&#8220; el_class=&#8220;ypa-image&#8220; link=&#8220;https:\/\/www.united-europe.eu\/de\/ypa\/justinas-lingevicius\/&#8222;][vc_column_text css=&#8220;.vc_custom_1592400565482{margin-bottom: 0px !important;}&#8220; el_class=&#8220;ypa-name&#8220;]\n<h2 id=\"justinas-lingevicius\" style=\"text-align: left;\"><a href=\"https:\/\/www.united-europe.eu\/de\/ypa\/justinas-lingevicius\/\">Justinas Lingevi\u010dius<\/a><\/h2>\n[\/vc_column_text][vc_column_text el_class=&#8220;ypa-job&#8220;]\n<p style=\"text-align: left;\">Senior Advisor, Botschaft des K\u00f6nigreichs der Niederlande in Litauen &#8211; Litauen\n[\/vc_column_text][vc_column_text el_class=&#8220;ypa-read-more&#8220;]\n<p style=\"text-align: left;\"><a href=\"https:\/\/www.united-europe.eu\/de\/ypa\/justinas-lingevicius\/\">Mehr \u00bb<\/a><\/p>\n[\/vc_column_text][\/vc_column][\/vc_row]<\/div>\n                  <\/div>\n              <\/div>\n          <\/div>\n      \n          <div class=\"wpb_column vc_column_container vc_col-sm-6 vc_col-md-3 vc_col-sm-offset-0 vc_col-xs-offset-1 vc_col-xs-10\">\n              <div class=\"vc_column-inner\">\n                  <div class=\"wpb_wrapper\">\n                      <div class=\"wpb-content-wrapper\">[vc_row][vc_column el_class=&#8220;ypa-profile-container&#8220;][vc_single_image source=&#8220;featured_image&#8220; img_size=&#8220;325&#215;325&#8243; alignment=&#8220;left&#8220; style=&#8220;vc_box_rounded&#8220; onclick=&#8220;custom_link&#8220; el_class=&#8220;ypa-image&#8220; link=&#8220;https:\/\/www.united-europe.eu\/de\/ypa\/dinand-drankier\/&#8222;][vc_column_text css=&#8220;.vc_custom_1592400565482{margin-bottom: 0px !important;}&#8220; el_class=&#8220;ypa-name&#8220;]\n<h2 id=\"dinand-drankier\" style=\"text-align: left;\"><a href=\"https:\/\/www.united-europe.eu\/de\/ypa\/dinand-drankier\/\">Dinand Drankier<\/a><\/h2>\n[\/vc_column_text][vc_column_text el_class=&#8220;ypa-job&#8220;]\n<p style=\"text-align: left;\">Politischer Referent im Ministerium f\u00fcr Wirtschaft und Klimapolitik &#8211; Niederlande\n[\/vc_column_text][vc_column_text el_class=&#8220;ypa-read-more&#8220;]\n<p style=\"text-align: left;\"><a href=\"https:\/\/www.united-europe.eu\/de\/ypa\/dinand-drankier\/\">Mehr \u00bb<\/a><\/p>\n[\/vc_column_text][\/vc_column][\/vc_row]<\/div>\n                  <\/div>\n              <\/div>\n          <\/div>\n      \n          <div class=\"wpb_column vc_column_container vc_col-sm-6 vc_col-md-3 vc_col-sm-offset-0 vc_col-xs-offset-1 vc_col-xs-10\">\n              <div class=\"vc_column-inner\">\n                  <div class=\"wpb_wrapper\">\n                      <div class=\"wpb-content-wrapper\">[vc_row][vc_column el_class=&#8220;ypa-profile-container&#8220;][vc_single_image source=&#8220;featured_image&#8220; img_size=&#8220;325&#215;325&#8243; alignment=&#8220;left&#8220; style=&#8220;vc_box_rounded&#8220; onclick=&#8220;custom_link&#8220; el_class=&#8220;ypa-image&#8220; link=&#8220;https:\/\/www.united-europe.eu\/de\/ypa\/vlado-planincic\/&#8222;][vc_column_text css=&#8220;.vc_custom_1592400565482{margin-bottom: 0px !important;}&#8220; el_class=&#8220;ypa-name&#8220;]\n<h2 id=\"vlado-planincic\" style=\"text-align: left;\"><a href=\"https:\/\/www.united-europe.eu\/de\/ypa\/vlado-planincic\/\">Vlado Planin\u010di\u0107<\/a><\/h2>\n[\/vc_column_text][vc_column_text el_class=&#8220;ypa-job&#8220;]\n<p style=\"text-align: left;\">Moderator\/Projektmanager &#8211; Bosnien und Herzegowina\n[\/vc_column_text][vc_column_text el_class=&#8220;ypa-read-more&#8220;]\n<p style=\"text-align: left;\"><a href=\"https:\/\/www.united-europe.eu\/de\/ypa\/vlado-planincic\/\">Mehr \u00bb<\/a><\/p>\n[\/vc_column_text][\/vc_column][\/vc_row]<\/div>\n                  <\/div>\n              <\/div>\n          <\/div>\n      \n          <div class=\"wpb_column vc_column_container vc_col-sm-6 vc_col-md-3 vc_col-sm-offset-0 vc_col-xs-offset-1 vc_col-xs-10\">\n              <div class=\"vc_column-inner\">\n                  <div class=\"wpb_wrapper\">\n                      <div class=\"wpb-content-wrapper\">[vc_row][vc_column el_class=&#8220;ypa-profile-container&#8220;][vc_single_image source=&#8220;featured_image&#8220; img_size=&#8220;325&#215;325&#8243; alignment=&#8220;left&#8220; style=&#8220;vc_box_rounded&#8220; onclick=&#8220;custom_link&#8220; el_class=&#8220;ypa-image&#8220; link=&#8220;https:\/\/www.united-europe.eu\/de\/ypa\/andranik-hovhannisyan\/&#8222;][vc_column_text css=&#8220;.vc_custom_1592400565482{margin-bottom: 0px !important;}&#8220; el_class=&#8220;ypa-name&#8220;]\n<h2 id=\"andranik-hovhannisyan\" style=\"text-align: left;\"><a href=\"https:\/\/www.united-europe.eu\/de\/ypa\/andranik-hovhannisyan\/\">Andranik Hovhannisyan<\/a><\/h2>\n[\/vc_column_text][vc_column_text el_class=&#8220;ypa-job&#8220;]\n<p style=\"text-align: left;\">Beamter und Analytiker im B\u00fcro des Premierministers von Armenien &#8211; Armenien\n[\/vc_column_text][vc_column_text el_class=&#8220;ypa-read-more&#8220;]\n<p style=\"text-align: left;\"><a href=\"https:\/\/www.united-europe.eu\/de\/ypa\/andranik-hovhannisyan\/\">Mehr \u00bb<\/a><\/p>\n[\/vc_column_text][\/vc_column][\/vc_row]<\/div>\n                  <\/div>\n              <\/div>\n          <\/div>\n      \n          <div class=\"wpb_column vc_column_container vc_col-sm-6 vc_col-md-3 vc_col-sm-offset-0 vc_col-xs-offset-1 vc_col-xs-10\">\n              <div class=\"vc_column-inner\">\n                  <div class=\"wpb_wrapper\">\n                      <div class=\"wpb-content-wrapper\">[vc_row][vc_column el_class=&#8220;ypa-profile-container&#8220;][vc_single_image source=&#8220;featured_image&#8220; img_size=&#8220;325&#215;325&#8243; alignment=&#8220;left&#8220; style=&#8220;vc_box_rounded&#8220; onclick=&#8220;custom_link&#8220; el_class=&#8220;ypa-image&#8220; link=&#8220;https:\/\/www.united-europe.eu\/de\/ypa\/robert-adrian-grecu\/&#8222;][vc_column_text css=&#8220;.vc_custom_1592400565482{margin-bottom: 0px !important;}&#8220; el_class=&#8220;ypa-name&#8220;]\n<h2 id=\"robert-adrian-grecu\" style=\"text-align: left;\"><a href=\"https:\/\/www.united-europe.eu\/de\/ypa\/robert-adrian-grecu\/\">Robert Adrian Grecu<\/a><\/h2>\n[\/vc_column_text][vc_column_text el_class=&#8220;ypa-job&#8220;]\n<p style=\"text-align: left;\">\u00d6konom, Nationalbank von Rum\u00e4nien &#8211; Rum\u00e4nien\n[\/vc_column_text][vc_column_text el_class=&#8220;ypa-read-more&#8220;]\n<p style=\"text-align: left;\"><a href=\"https:\/\/www.united-europe.eu\/de\/ypa\/robert-adrian-grecu\/\">Mehr \u00bb<\/a><\/p>\n[\/vc_column_text][\/vc_column][\/vc_row]<\/div>\n                  <\/div>\n              <\/div>\n          <\/div>\n      \n          <div class=\"wpb_column vc_column_container vc_col-sm-6 vc_col-md-3 vc_col-sm-offset-0 vc_col-xs-offset-1 vc_col-xs-10\">\n              <div class=\"vc_column-inner\">\n                  <div class=\"wpb_wrapper\">\n                      <div class=\"wpb-content-wrapper\">[vc_row][vc_column el_class=&#8220;ypa-profile-container&#8220;][vc_single_image source=&#8220;featured_image&#8220; img_size=&#8220;325&#215;325&#8243; alignment=&#8220;left&#8220; style=&#8220;vc_box_rounded&#8220; onclick=&#8220;custom_link&#8220; el_class=&#8220;ypa-image&#8220; link=&#8220;https:\/\/www.united-europe.eu\/de\/ypa\/felix-klein\/&#8222;][vc_column_text css=&#8220;.vc_custom_1592400565482{margin-bottom: 0px !important;}&#8220; el_class=&#8220;ypa-name&#8220;]\n<h2 id=\"felix-klein\" style=\"text-align: left;\"><a href=\"https:\/\/www.united-europe.eu\/de\/ypa\/felix-klein\/\">Felix Klein<\/a><\/h2>\n[\/vc_column_text][vc_column_text el_class=&#8220;ypa-job&#8220;]\n<p style=\"text-align: left;\">Master Student an der HU Berlin &#8211; Deutschland\n[\/vc_column_text][vc_column_text el_class=&#8220;ypa-read-more&#8220;]\n<p style=\"text-align: left;\"><a href=\"https:\/\/www.united-europe.eu\/de\/ypa\/felix-klein\/\">Mehr \u00bb<\/a><\/p>\n[\/vc_column_text][\/vc_column][\/vc_row]<\/div>\n                  <\/div>\n              <\/div>\n          <\/div>\n      \n          <div class=\"wpb_column vc_column_container vc_col-sm-6 vc_col-md-3 vc_col-sm-offset-0 vc_col-xs-offset-1 vc_col-xs-10\">\n              <div class=\"vc_column-inner\">\n                  <div class=\"wpb_wrapper\">\n                      <div class=\"wpb-content-wrapper\">[vc_row][vc_column el_class=&#8220;ypa-profile-container&#8220;][vc_single_image source=&#8220;featured_image&#8220; img_size=&#8220;325&#215;325&#8243; alignment=&#8220;left&#8220; style=&#8220;vc_box_rounded&#8220; onclick=&#8220;custom_link&#8220; el_class=&#8220;ypa-image&#8220; link=&#8220;https:\/\/www.united-europe.eu\/de\/ypa\/mihkel-kaevats\/&#8222;][vc_column_text css=&#8220;.vc_custom_1592400565482{margin-bottom: 0px !important;}&#8220; el_class=&#8220;ypa-name&#8220;]\n<h2 id=\"mihkel-kaevats\" style=\"text-align: left;\"><a href=\"https:\/\/www.united-europe.eu\/de\/ypa\/mihkel-kaevats\/\">Mihkel Kaevats<\/a><\/h2>\n[\/vc_column_text][vc_column_text el_class=&#8220;ypa-job&#8220;]\n<p style=\"text-align: left;\">Berater des estnischen Sozialministeriums &#8211; Estland\n[\/vc_column_text][vc_column_text el_class=&#8220;ypa-read-more&#8220;]\n<p style=\"text-align: left;\"><a href=\"https:\/\/www.united-europe.eu\/de\/ypa\/mihkel-kaevats\/\">Mehr \u00bb<\/a><\/p>\n[\/vc_column_text][\/vc_column][\/vc_row]<\/div>\n                  <\/div>\n              <\/div>\n          <\/div>\n      \n          <div class=\"wpb_column vc_column_container vc_col-sm-6 vc_col-md-3 vc_col-sm-offset-0 vc_col-xs-offset-1 vc_col-xs-10\">\n              <div class=\"vc_column-inner\">\n                  <div class=\"wpb_wrapper\">\n                      <div class=\"wpb-content-wrapper\">[vc_row][vc_column el_class=&#8220;ypa-profile-container&#8220;][vc_single_image source=&#8220;featured_image&#8220; img_size=&#8220;325&#215;325&#8243; alignment=&#8220;left&#8220; style=&#8220;vc_box_rounded&#8220; onclick=&#8220;custom_link&#8220; el_class=&#8220;ypa-image&#8220; link=&#8220;https:\/\/www.united-europe.eu\/de\/ypa\/armando-guce\/&#8222;][vc_column_text css=&#8220;.vc_custom_1592400565482{margin-bottom: 0px !important;}&#8220; el_class=&#8220;ypa-name&#8220;]\n<h2 id=\"armando-guce\" style=\"text-align: left;\"><a href=\"https:\/\/www.united-europe.eu\/de\/ypa\/armando-guce\/\">Armando Gu\u00e7e<\/a><\/h2>\n[\/vc_column_text][vc_column_text el_class=&#8220;ypa-job&#8220;]\n<p style=\"text-align: left;\">Sicherheitsanalytiker, Trans Adriatic Pipeline &#8211; Albanien\n[\/vc_column_text][vc_column_text el_class=&#8220;ypa-read-more&#8220;]\n<p style=\"text-align: left;\"><a href=\"https:\/\/www.united-europe.eu\/de\/ypa\/armando-guce\/\">Mehr \u00bb<\/a><\/p>\n[\/vc_column_text][\/vc_column][\/vc_row]<\/div>\n                  <\/div>\n              <\/div>\n          <\/div>\n      \n          <div class=\"wpb_column vc_column_container vc_col-sm-6 vc_col-md-3 vc_col-sm-offset-0 vc_col-xs-offset-1 vc_col-xs-10\">\n              <div class=\"vc_column-inner\">\n                  <div class=\"wpb_wrapper\">\n                      <div class=\"wpb-content-wrapper\">[vc_row][vc_column el_class=&#8220;ypa-profile-container&#8220;][vc_single_image source=&#8220;featured_image&#8220; img_size=&#8220;325&#215;325&#8243; alignment=&#8220;left&#8220; style=&#8220;vc_box_rounded&#8220; onclick=&#8220;custom_link&#8220; el_class=&#8220;ypa-image&#8220; link=&#8220;https:\/\/www.united-europe.eu\/de\/ypa\/luca-contrino\/&#8222;][vc_column_text css=&#8220;.vc_custom_1592400565482{margin-bottom: 0px !important;}&#8220; el_class=&#8220;ypa-name&#8220;]\n<h2 id=\"luca-contrino\" style=\"text-align: left;\"><a href=\"https:\/\/www.united-europe.eu\/de\/ypa\/luca-contrino\/\">Luca Contrino<\/a><\/h2>\n[\/vc_column_text][vc_column_text el_class=&#8220;ypa-job&#8220;]\n<p style=\"text-align: left;\">EU Policy Officer f\u00fcr AREFLH &#8211; Italien\n[\/vc_column_text][vc_column_text el_class=&#8220;ypa-read-more&#8220;]\n<p style=\"text-align: left;\"><a href=\"https:\/\/www.united-europe.eu\/de\/ypa\/luca-contrino\/\">Mehr \u00bb<\/a><\/p>\n[\/vc_column_text][\/vc_column][\/vc_row]<\/div>\n                  <\/div>\n              <\/div>\n          <\/div>\n      \n          <div class=\"wpb_column vc_column_container vc_col-sm-6 vc_col-md-3 vc_col-sm-offset-0 vc_col-xs-offset-1 vc_col-xs-10\">\n              <div class=\"vc_column-inner\">\n                  <div class=\"wpb_wrapper\">\n                      <div class=\"wpb-content-wrapper\">[vc_row][vc_column el_class=&#8220;ypa-profile-container&#8220;][vc_single_image source=&#8220;featured_image&#8220; img_size=&#8220;325&#215;325&#8243; alignment=&#8220;left&#8220; style=&#8220;vc_box_rounded&#8220; onclick=&#8220;custom_link&#8220; el_class=&#8220;ypa-image&#8220; link=&#8220;https:\/\/www.united-europe.eu\/de\/ypa\/mihaly-szabo\/&#8222;][vc_column_text css=&#8220;.vc_custom_1592400565482{margin-bottom: 0px !important;}&#8220; el_class=&#8220;ypa-name&#8220;]\n<h2 id=\"mihaly-szabo\" style=\"text-align: left;\"><a href=\"https:\/\/www.united-europe.eu\/de\/ypa\/mihaly-szabo\/\">Mihaly Szabo<\/a><\/h2>\n[\/vc_column_text][vc_column_text el_class=&#8220;ypa-job&#8220;]\n<p style=\"text-align: left;\">Wahlberater, Experte f\u00fcr Jugendpolitik &#8211; Ungarn\n[\/vc_column_text][vc_column_text el_class=&#8220;ypa-read-more&#8220;]\n<p style=\"text-align: left;\"><a href=\"https:\/\/www.united-europe.eu\/de\/ypa\/mihaly-szabo\/\">Mehr \u00bb<\/a><\/p>\n[\/vc_column_text][\/vc_column][\/vc_row]<\/div>\n                  <\/div>\n              <\/div>\n          <\/div>\n      \n          <div class=\"wpb_column vc_column_container vc_col-sm-6 vc_col-md-3 vc_col-sm-offset-0 vc_col-xs-offset-1 vc_col-xs-10\">\n              <div class=\"vc_column-inner\">\n                  <div class=\"wpb_wrapper\">\n                      <div class=\"wpb-content-wrapper\">[vc_row][vc_column el_class=&#8220;ypa-profile-container&#8220;][vc_single_image source=&#8220;featured_image&#8220; img_size=&#8220;325&#215;325&#8243; alignment=&#8220;left&#8220; style=&#8220;vc_box_rounded&#8220; onclick=&#8220;custom_link&#8220; el_class=&#8220;ypa-image&#8220; link=&#8220;https:\/\/www.united-europe.eu\/de\/ypa\/martin-pulpitel\/&#8222;][vc_column_text css=&#8220;.vc_custom_1592400565482{margin-bottom: 0px !important;}&#8220; el_class=&#8220;ypa-name&#8220;]\n<h2 id=\"martin-pulpitel\" style=\"text-align: left;\"><a href=\"https:\/\/www.united-europe.eu\/de\/ypa\/martin-pulpitel\/\">Martin Pulpitel<\/a><\/h2>\n[\/vc_column_text][vc_column_text el_class=&#8220;ypa-job&#8220;]\n<p style=\"text-align: left;\">Gr\u00fcnder und CEO, Ackee &#8211; Tschechische Republik\n[\/vc_column_text][vc_column_text el_class=&#8220;ypa-read-more&#8220;]\n<p style=\"text-align: left;\"><a href=\"https:\/\/www.united-europe.eu\/de\/ypa\/martin-pulpitel\/\">Mehr \u00bb<\/a><\/p>\n[\/vc_column_text][\/vc_column][\/vc_row]<\/div>\n                  <\/div>\n              <\/div>\n          <\/div>\n      \n          <div class=\"wpb_column vc_column_container vc_col-sm-6 vc_col-md-3 vc_col-sm-offset-0 vc_col-xs-offset-1 vc_col-xs-10\">\n              <div class=\"vc_column-inner\">\n                  <div class=\"wpb_wrapper\">\n                      <div class=\"wpb-content-wrapper\">[vc_row][vc_column el_class=&#8220;ypa-profile-container&#8220;][vc_single_image source=&#8220;featured_image&#8220; img_size=&#8220;325&#215;325&#8243; alignment=&#8220;left&#8220; style=&#8220;vc_box_rounded&#8220; onclick=&#8220;custom_link&#8220; el_class=&#8220;ypa-image&#8220; link=&#8220;https:\/\/www.united-europe.eu\/de\/ypa\/viktorya-muradyan\/&#8222;][vc_column_text css=&#8220;.vc_custom_1592400565482{margin-bottom: 0px !important;}&#8220; el_class=&#8220;ypa-name&#8220;]\n<h2 id=\"viktorya-muradyan\" style=\"text-align: left;\"><a href=\"https:\/\/www.united-europe.eu\/de\/ypa\/viktorya-muradyan\/\">Viktorya Muradyan<\/a><\/h2>\n[\/vc_column_text][vc_column_text el_class=&#8220;ypa-job&#8220;]\n<p style=\"text-align: left;\">Vorstandsmitglied, European Youth Press &#8211; Armenien\n[\/vc_column_text][vc_column_text el_class=&#8220;ypa-read-more&#8220;]\n<p style=\"text-align: left;\"><a href=\"https:\/\/www.united-europe.eu\/de\/ypa\/viktorya-muradyan\/\">Mehr \u00bb<\/a><\/p>\n[\/vc_column_text][\/vc_column][\/vc_row]<\/div>\n                  <\/div>\n              <\/div>\n          <\/div>\n      \n          <div class=\"wpb_column vc_column_container vc_col-sm-6 vc_col-md-3 vc_col-sm-offset-0 vc_col-xs-offset-1 vc_col-xs-10\">\n              <div class=\"vc_column-inner\">\n                  <div class=\"wpb_wrapper\">\n                      <div class=\"wpb-content-wrapper\">[vc_row][vc_column el_class=&#8220;ypa-profile-container&#8220;][vc_single_image source=&#8220;featured_image&#8220; img_size=&#8220;325&#215;325&#8243; alignment=&#8220;left&#8220; style=&#8220;vc_box_rounded&#8220; onclick=&#8220;custom_link&#8220; el_class=&#8220;ypa-image&#8220; link=&#8220;https:\/\/www.united-europe.eu\/de\/ypa\/nevena-milutinovic\/&#8222;][vc_column_text css=&#8220;.vc_custom_1592400565482{margin-bottom: 0px !important;}&#8220; el_class=&#8220;ypa-name&#8220;]\n<h2 id=\"nevena-milutinovic\" style=\"text-align: left;\"><a href=\"https:\/\/www.united-europe.eu\/de\/ypa\/nevena-milutinovic\/\">Nevena Milutinovic<\/a><\/h2>\n[\/vc_column_text][vc_column_text el_class=&#8220;ypa-job&#8220;]\n<p style=\"text-align: left;\">Projektassistentin &#8211; Serbien\n[\/vc_column_text][vc_column_text el_class=&#8220;ypa-read-more&#8220;]\n<p style=\"text-align: left;\"><a href=\"https:\/\/www.united-europe.eu\/de\/ypa\/nevena-milutinovic\/\">Mehr \u00bb<\/a><\/p>\n[\/vc_column_text][\/vc_column][\/vc_row]<\/div>\n                  <\/div>\n              <\/div>\n          <\/div>\n      \n          <div class=\"wpb_column vc_column_container vc_col-sm-6 vc_col-md-3 vc_col-sm-offset-0 vc_col-xs-offset-1 vc_col-xs-10\">\n              <div class=\"vc_column-inner\">\n                  <div class=\"wpb_wrapper\">\n                      <div class=\"wpb-content-wrapper\">[vc_row][vc_column el_class=&#8220;ypa-profile-container&#8220;][vc_single_image source=&#8220;featured_image&#8220; img_size=&#8220;325&#215;325&#8243; alignment=&#8220;left&#8220; style=&#8220;vc_box_rounded&#8220; onclick=&#8220;custom_link&#8220; el_class=&#8220;ypa-image&#8220; link=&#8220;https:\/\/www.united-europe.eu\/de\/ypa\/lucas-clair\/&#8222;][vc_column_text css=&#8220;.vc_custom_1592400565482{margin-bottom: 0px !important;}&#8220; el_class=&#8220;ypa-name&#8220;]\n<h2 id=\"lucas-clair\" style=\"text-align: left;\"><a href=\"https:\/\/www.united-europe.eu\/de\/ypa\/lucas-clair\/\">Lucas Clair<\/a><\/h2>\n[\/vc_column_text][vc_column_text el_class=&#8220;ypa-job&#8220;]\n<p style=\"text-align: left;\">Leiter Digitale Forensik und Datenanalyse &#8211; Deutschland\n[\/vc_column_text][vc_column_text el_class=&#8220;ypa-read-more&#8220;]\n<p style=\"text-align: left;\"><a href=\"https:\/\/www.united-europe.eu\/de\/ypa\/lucas-clair\/\">Mehr \u00bb<\/a><\/p>\n[\/vc_column_text][\/vc_column][\/vc_row]<\/div>\n                  <\/div>\n              <\/div>\n          <\/div>\n      \n          <div class=\"wpb_column vc_column_container vc_col-sm-6 vc_col-md-3 vc_col-sm-offset-0 vc_col-xs-offset-1 vc_col-xs-10\">\n              <div class=\"vc_column-inner\">\n                  <div class=\"wpb_wrapper\">\n                      <div class=\"wpb-content-wrapper\">[vc_row][vc_column el_class=&#8220;ypa-profile-container&#8220;][vc_single_image source=&#8220;featured_image&#8220; img_size=&#8220;325&#215;325&#8243; alignment=&#8220;left&#8220; style=&#8220;vc_box_rounded&#8220; onclick=&#8220;custom_link&#8220; el_class=&#8220;ypa-image&#8220; link=&#8220;https:\/\/www.united-europe.eu\/de\/ypa\/anna-chashchyna\/&#8222;][vc_column_text css=&#8220;.vc_custom_1592400565482{margin-bottom: 0px !important;}&#8220; el_class=&#8220;ypa-name&#8220;]\n<h2 id=\"anna-chashchyna\" style=\"text-align: left;\"><a href=\"https:\/\/www.united-europe.eu\/de\/ypa\/anna-chashchyna\/\">Anna Chashchyna<\/a><\/h2>\n[\/vc_column_text][vc_column_text el_class=&#8220;ypa-job&#8220;]\n<p style=\"text-align: left;\">Umweltberaterin, Gr\u00fcnderin des Podcasts Sustainibility Explored &#8211; Ukraine\n[\/vc_column_text][vc_column_text el_class=&#8220;ypa-read-more&#8220;]\n<p style=\"text-align: left;\"><a href=\"https:\/\/www.united-europe.eu\/de\/ypa\/anna-chashchyna\/\">Mehr \u00bb<\/a><\/p>\n[\/vc_column_text][\/vc_column][\/vc_row]<\/div>\n                  <\/div>\n              <\/div>\n          <\/div>\n      \n          <div class=\"wpb_column vc_column_container vc_col-sm-6 vc_col-md-3 vc_col-sm-offset-0 vc_col-xs-offset-1 vc_col-xs-10\">\n              <div class=\"vc_column-inner\">\n                  <div class=\"wpb_wrapper\">\n                      <div class=\"wpb-content-wrapper\">[vc_row][vc_column el_class=&#8220;ypa-profile-container&#8220;][vc_single_image source=&#8220;featured_image&#8220; img_size=&#8220;325&#215;325&#8243; alignment=&#8220;left&#8220; style=&#8220;vc_box_rounded&#8220; onclick=&#8220;custom_link&#8220; el_class=&#8220;ypa-image&#8220; link=&#8220;https:\/\/www.united-europe.eu\/de\/ypa\/daniela-cerna\/&#8222;][vc_column_text css=&#8220;.vc_custom_1592400565482{margin-bottom: 0px !important;}&#8220; el_class=&#8220;ypa-name&#8220;]\n<h2 id=\"daniela-cerna\" style=\"text-align: left;\"><a href=\"https:\/\/www.united-europe.eu\/de\/ypa\/daniela-cerna\/\">Daniela Cerna<\/a><\/h2>\n[\/vc_column_text][vc_column_text el_class=&#8220;ypa-job&#8220;]\n<p style=\"text-align: left;\">Marketing communication manager, brand manager, Communication Business partner, Siemens &#8211; Tschechische Republik\n[\/vc_column_text][vc_column_text el_class=&#8220;ypa-read-more&#8220;]\n<p style=\"text-align: left;\"><a href=\"https:\/\/www.united-europe.eu\/de\/ypa\/daniela-cerna\/\">Mehr \u00bb<\/a><\/p>\n[\/vc_column_text][\/vc_column][\/vc_row]<\/div>\n                  <\/div>\n              <\/div>\n          <\/div>\n      \n          <div class=\"wpb_column vc_column_container vc_col-sm-6 vc_col-md-3 vc_col-sm-offset-0 vc_col-xs-offset-1 vc_col-xs-10\">\n              <div class=\"vc_column-inner\">\n                  <div class=\"wpb_wrapper\">\n                      <div class=\"wpb-content-wrapper\">[vc_row][vc_column el_class=&#8220;ypa-profile-container&#8220;][vc_single_image source=&#8220;featured_image&#8220; img_size=&#8220;325&#215;325&#8243; alignment=&#8220;left&#8220; style=&#8220;vc_box_rounded&#8220; onclick=&#8220;custom_link&#8220; el_class=&#8220;ypa-image&#8220; link=&#8220;https:\/\/www.united-europe.eu\/de\/ypa\/ivo-bochev\/&#8222;][vc_column_text css=&#8220;.vc_custom_1592400565482{margin-bottom: 0px !important;}&#8220; el_class=&#8220;ypa-name&#8220;]\n<h2 id=\"ivo-bochev\" style=\"text-align: left;\"><a href=\"https:\/\/www.united-europe.eu\/de\/ypa\/ivo-bochev\/\">Ivo Bochev<\/a><\/h2>\n[\/vc_column_text][vc_column_text el_class=&#8220;ypa-job&#8220;]\n<p style=\"text-align: left;\">Head of Portfolio Strategy and Market Intelligence, Mercedes-AMG GmbH &#8211; Deutschland\n[\/vc_column_text][vc_column_text el_class=&#8220;ypa-read-more&#8220;]\n<p style=\"text-align: left;\"><a href=\"https:\/\/www.united-europe.eu\/de\/ypa\/ivo-bochev\/\">Mehr \u00bb<\/a><\/p>\n[\/vc_column_text][\/vc_column][\/vc_row]<\/div>\n                  <\/div>\n              <\/div>\n          <\/div>\n      \n          <div class=\"wpb_column vc_column_container vc_col-sm-6 vc_col-md-3 vc_col-sm-offset-0 vc_col-xs-offset-1 vc_col-xs-10\">\n              <div class=\"vc_column-inner\">\n                  <div class=\"wpb_wrapper\">\n                      <div class=\"wpb-content-wrapper\">[vc_row][vc_column el_class=&#8220;ypa-profile-container&#8220;][vc_single_image source=&#8220;featured_image&#8220; img_size=&#8220;325&#215;325&#8243; alignment=&#8220;left&#8220; style=&#8220;vc_box_rounded&#8220; onclick=&#8220;custom_link&#8220; el_class=&#8220;ypa-image&#8220; link=&#8220;https:\/\/www.united-europe.eu\/de\/ypa\/arthur-poliakow\/&#8222;][vc_column_text css=&#8220;.vc_custom_1592400565482{margin-bottom: 0px !important;}&#8220; el_class=&#8220;ypa-name&#8220;]\n<h2 id=\"arthur-poliakow\" style=\"text-align: left;\"><a href=\"https:\/\/www.united-europe.eu\/de\/ypa\/arthur-poliakow\/\">Arthur Poliakow<\/a><\/h2>\n[\/vc_column_text][vc_column_text el_class=&#8220;ypa-job&#8220;]\n<p style=\"text-align: left;\">Chemiker, Healthcare Consultant &#8211; Deutschland\n[\/vc_column_text][vc_column_text el_class=&#8220;ypa-read-more&#8220;]\n<p style=\"text-align: left;\"><a href=\"https:\/\/www.united-europe.eu\/de\/ypa\/arthur-poliakow\/\">Mehr \u00bb<\/a><\/p>\n[\/vc_column_text][\/vc_column][\/vc_row]<\/div>\n                  <\/div>\n              <\/div>\n          <\/div>\n      \n          <div class=\"wpb_column vc_column_container vc_col-sm-6 vc_col-md-3 vc_col-sm-offset-0 vc_col-xs-offset-1 vc_col-xs-10\">\n              <div class=\"vc_column-inner\">\n                  <div class=\"wpb_wrapper\">\n                      <div class=\"wpb-content-wrapper\">[vc_row][vc_column el_class=&#8220;ypa-profile-container&#8220;][vc_single_image source=&#8220;featured_image&#8220; img_size=&#8220;325&#215;325&#8243; alignment=&#8220;left&#8220; style=&#8220;vc_box_rounded&#8220; onclick=&#8220;custom_link&#8220; el_class=&#8220;ypa-image&#8220; link=&#8220;https:\/\/www.united-europe.eu\/de\/ypa\/raphael-kohler\/&#8222;][vc_column_text css=&#8220;.vc_custom_1592400565482{margin-bottom: 0px !important;}&#8220; el_class=&#8220;ypa-name&#8220;]\n<h2 id=\"raphael-kohler\" style=\"text-align: left;\"><a href=\"https:\/\/www.united-europe.eu\/de\/ypa\/raphael-kohler\/\">Raphael Kohler<\/a><\/h2>\n[\/vc_column_text][vc_column_text el_class=&#8220;ypa-job&#8220;]\n<p style=\"text-align: left;\">Strategieberater f\u00fcr Digitalisierung und Datenverarbeitung &#8211; Deutschland\n[\/vc_column_text][vc_column_text el_class=&#8220;ypa-read-more&#8220;]\n<p style=\"text-align: left;\"><a href=\"https:\/\/www.united-europe.eu\/de\/ypa\/raphael-kohler\/\">Mehr \u00bb<\/a><\/p>\n[\/vc_column_text][\/vc_column][\/vc_row]<\/div>\n                  <\/div>\n              <\/div>\n          <\/div>\n      \n          <div class=\"wpb_column vc_column_container vc_col-sm-6 vc_col-md-3 vc_col-sm-offset-0 vc_col-xs-offset-1 vc_col-xs-10\">\n              <div class=\"vc_column-inner\">\n                  <div class=\"wpb_wrapper\">\n                      <div class=\"wpb-content-wrapper\">[vc_row][vc_column el_class=&#8220;ypa-profile-container&#8220;][vc_single_image source=&#8220;featured_image&#8220; img_size=&#8220;325&#215;325&#8243; alignment=&#8220;left&#8220; style=&#8220;vc_box_rounded&#8220; onclick=&#8220;custom_link&#8220; el_class=&#8220;ypa-image&#8220; link=&#8220;https:\/\/www.united-europe.eu\/de\/ypa\/hattie-watson\/&#8222;][vc_column_text css=&#8220;.vc_custom_1592400565482{margin-bottom: 0px !important;}&#8220; el_class=&#8220;ypa-name&#8220;]\n<h2 id=\"hattie-watson\" style=\"text-align: left;\"><a href=\"https:\/\/www.united-europe.eu\/de\/ypa\/hattie-watson\/\">Hattie Watson<\/a><\/h2>\n[\/vc_column_text][vc_column_text el_class=&#8220;ypa-job&#8220;]\n<p style=\"text-align: left;\">Masters Studentin Universit\u00e4t St. Andrews &#8211; Schottland\n[\/vc_column_text][vc_column_text el_class=&#8220;ypa-read-more&#8220;]\n<p style=\"text-align: left;\"><a href=\"https:\/\/www.united-europe.eu\/de\/ypa\/hattie-watson\/\">Mehr \u00bb<\/a><\/p>\n[\/vc_column_text][\/vc_column][\/vc_row]<\/div>\n                  <\/div>\n              <\/div>\n          <\/div>\n      \n          <div class=\"wpb_column vc_column_container vc_col-sm-6 vc_col-md-3 vc_col-sm-offset-0 vc_col-xs-offset-1 vc_col-xs-10\">\n              <div class=\"vc_column-inner\">\n                  <div class=\"wpb_wrapper\">\n                      <div class=\"wpb-content-wrapper\">[vc_row][vc_column el_class=&#8220;ypa-profile-container&#8220;][vc_single_image source=&#8220;featured_image&#8220; img_size=&#8220;325&#215;325&#8243; alignment=&#8220;left&#8220; style=&#8220;vc_box_rounded&#8220; onclick=&#8220;custom_link&#8220; el_class=&#8220;ypa-image&#8220; link=&#8220;https:\/\/www.united-europe.eu\/de\/ypa\/dr-anne-latz\/&#8222;][vc_column_text css=&#8220;.vc_custom_1592400565482{margin-bottom: 0px !important;}&#8220; el_class=&#8220;ypa-name&#8220;]\n<h2 id=\"anne-latz\" style=\"text-align: left;\"><a href=\"https:\/\/www.united-europe.eu\/de\/ypa\/dr-anne-latz\/\">Anne Latz<\/a><\/h2>\n[\/vc_column_text][vc_column_text el_class=&#8220;ypa-job&#8220;]\n<p style=\"text-align: left;\">Chief Medical Officer &#8211; Deutschland\n[\/vc_column_text][vc_column_text el_class=&#8220;ypa-read-more&#8220;]\n<p style=\"text-align: left;\"><a href=\"https:\/\/www.united-europe.eu\/de\/ypa\/dr-anne-latz\/\">Mehr \u00bb<\/a><\/p>\n[\/vc_column_text][\/vc_column][\/vc_row]<\/div>\n                  <\/div>\n              <\/div>\n          <\/div>\n      \n          <div class=\"wpb_column vc_column_container vc_col-sm-6 vc_col-md-3 vc_col-sm-offset-0 vc_col-xs-offset-1 vc_col-xs-10\">\n              <div class=\"vc_column-inner\">\n                  <div class=\"wpb_wrapper\">\n                      <div class=\"wpb-content-wrapper\">[vc_row][vc_column el_class=&#8220;ypa-profile-container&#8220;][vc_single_image source=&#8220;featured_image&#8220; img_size=&#8220;325&#215;325&#8243; alignment=&#8220;left&#8220; style=&#8220;vc_box_rounded&#8220; onclick=&#8220;custom_link&#8220; el_class=&#8220;ypa-image&#8220; link=&#8220;https:\/\/www.united-europe.eu\/de\/ypa\/anna-penninger\/&#8222;][vc_column_text css=&#8220;.vc_custom_1592400565482{margin-bottom: 0px !important;}&#8220; el_class=&#8220;ypa-name&#8220;]\n<h2 id=\"anna-penninger\" style=\"text-align: left;\"><a href=\"https:\/\/www.united-europe.eu\/de\/ypa\/anna-penninger\/\">Anna Penninger<\/a><\/h2>\n[\/vc_column_text][vc_column_text el_class=&#8220;ypa-job&#8220;]\n<p style=\"text-align: left;\">Beraterin Business Analytics und Strategie &#8211; Deutschland\n[\/vc_column_text][vc_column_text el_class=&#8220;ypa-read-more&#8220;]\n<p style=\"text-align: left;\"><a href=\"https:\/\/www.united-europe.eu\/de\/ypa\/anna-penninger\/\">Mehr \u00bb<\/a><\/p>\n[\/vc_column_text][\/vc_column][\/vc_row]<\/div>\n                  <\/div>\n              <\/div>\n          <\/div>\n      \n\t<\/div>\n\t\n\t\n\t\n<\/div>\n[\/vc_column_text][\/vc_column][\/vc_row]\n<\/div>","protected":false},"excerpt":{"rendered":"<p>[vc_row][vc_column][vc_column_text][\/vc_column_text][\/vc_column][\/vc_row]<\/p>\n","protected":false},"author":16,"featured_media":0,"parent":17593,"menu_order":3,"comment_status":"closed","ping_status":"closed","template":"","meta":{"_acf_changed":false,"footnotes":""},"class_list":["post-20669","page","type-page","status-publish"],"acf":[],"aioseo_notices":[],"_links":{"self":[{"href":"https:\/\/www.united-europe.eu\/de\/wp-json\/wp\/v2\/pages\/20669","targetHints":{"allow":["GET"]}}],"collection":[{"href":"https:\/\/www.united-europe.eu\/de\/wp-json\/wp\/v2\/pages"}],"about":[{"href":"https:\/\/www.united-europe.eu\/de\/wp-json\/wp\/v2\/types\/page"}],"author":[{"embeddable":true,"href":"https:\/\/www.united-europe.eu\/de\/wp-json\/wp\/v2\/users\/16"}],"replies":[{"embeddable":true,"href":"https:\/\/www.united-europe.eu\/de\/wp-json\/wp\/v2\/comments?post=20669"}],"version-history":[{"count":4,"href":"https:\/\/www.united-europe.eu\/de\/wp-json\/wp\/v2\/pages\/20669\/revisions"}],"predecessor-version":[{"id":24344,"href":"https:\/\/www.united-europe.eu\/de\/wp-json\/wp\/v2\/pages\/20669\/revisions\/24344"}],"up":[{"embeddable":true,"href":"https:\/\/www.united-europe.eu\/de\/wp-json\/wp\/v2\/pages\/17593"}],"wp:attachment":[{"href":"https:\/\/www.united-europe.eu\/de\/wp-json\/wp\/v2\/media?parent=20669"}],"curies":[{"name":"wp","href":"https:\/\/api.w.org\/{rel}","templated":true}]}}