{"id":20656,"date":"2022-02-14T23:31:46","date_gmt":"2022-02-14T22:31:46","guid":{"rendered":"https:\/\/www.united-europe.eu\/?page_id=20656"},"modified":"2024-07-05T16:09:58","modified_gmt":"2024-07-05T14:09:58","slug":"advocates","status":"publish","type":"page","link":"https:\/\/www.united-europe.eu\/de\/advocacy-programme\/advocates\/","title":{"rendered":"Mentoringprogramm"},"content":{"rendered":"<div class=\"wpb-content-wrapper\">[vc_row][vc_column][vc_column_text css=&#8220;&#8220;]<img loading=\"lazy\" decoding=\"async\" class=\"alignnone size-medium wp-image-22406\" src=\"https:\/\/www.united-europe.eu\/wp-content\/uploads\/2022\/11\/GHO-Deutsch-800x449.jpg\" alt=\"\" width=\"800\" height=\"449\" srcset=\"https:\/\/www.united-europe.eu\/wp-content\/uploads\/2022\/11\/GHO-Deutsch-800x449.jpg 800w, https:\/\/www.united-europe.eu\/wp-content\/uploads\/2022\/11\/GHO-Deutsch-1160x652.jpg 1160w, https:\/\/www.united-europe.eu\/wp-content\/uploads\/2022\/11\/GHO-Deutsch-120x67.jpg 120w, https:\/\/www.united-europe.eu\/wp-content\/uploads\/2022\/11\/GHO-Deutsch-90x51.jpg 90w, https:\/\/www.united-europe.eu\/wp-content\/uploads\/2022\/11\/GHO-Deutsch-320x180.jpg 320w, https:\/\/www.united-europe.eu\/wp-content\/uploads\/2022\/11\/GHO-Deutsch-560x315.jpg 560w, https:\/\/www.united-europe.eu\/wp-content\/uploads\/2022\/11\/GHO-Deutsch-633x356.jpg 633w, https:\/\/www.united-europe.eu\/wp-content\/uploads\/2022\/11\/GHO-Deutsch-178x100.jpg 178w, https:\/\/www.united-europe.eu\/wp-content\/uploads\/2022\/11\/GHO-Deutsch-220x124.jpg 220w, https:\/\/www.united-europe.eu\/wp-content\/uploads\/2022\/11\/GHO-Deutsch-240x135.jpg 240w, https:\/\/www.united-europe.eu\/wp-content\/uploads\/2022\/11\/GHO-Deutsch-180x101.jpg 180w, https:\/\/www.united-europe.eu\/wp-content\/uploads\/2022\/11\/GHO-Deutsch-640x360.jpg 640w, https:\/\/www.united-europe.eu\/wp-content\/uploads\/2022\/11\/GHO-Deutsch-1120x629.jpg 1120w, https:\/\/www.united-europe.eu\/wp-content\/uploads\/2022\/11\/GHO-Deutsch-1266x711.jpg 1266w, https:\/\/www.united-europe.eu\/wp-content\/uploads\/2022\/11\/GHO-Deutsch-356x200.jpg 356w, https:\/\/www.united-europe.eu\/wp-content\/uploads\/2022\/11\/GHO-Deutsch-440x247.jpg 440w, https:\/\/www.united-europe.eu\/wp-content\/uploads\/2022\/11\/GHO-Deutsch.jpg 1280w\" sizes=\"auto, (max-width: 800px) 100vw, 800px\" \/><\/p>\n<p>Die Erfolgsgeschichten aus unseren vergangenen Mentoring-Runden haben United Europe dazu inspiriert, das Programm j\u00e4hrlich mit neuen Mentees und Mentoren fortzusetzen. Die Mentoring-Initiative, die junge F\u00fchrungskr\u00e4fte mit erfahrenen F\u00fchrungskr\u00e4ften verbindet, verspricht einen wertvollen Austausch zwischen den Generationen. Sie bietet die M\u00f6glichkeit, auf das Wissen erfahrener Fachleute zuzugreifen, was das Lernen und die berufliche Entwicklung beschleunigt. Dar\u00fcber hinaus bietet sie eine einzigartige Gelegenheit, Projekte, f\u00fcr die sie sich leidenschaftlich interessieren, vorzustellen und zu diskutieren.<\/p>\n<p><strong>Wie wird man ein Mentee?<\/strong><\/p>\n<p>Jedes Jahr haben die Unternehmens- und Einzelmitglieder von United Europe die M\u00f6glichkeit, Kandidaten zu nominieren oder sich selbst f\u00fcr das Programm zu bewerben. Die Bewerbungen werden von einem Auswahlkomitee gepr\u00fcft und zugeordnet. Schlie\u00dflich wird eine neue Kohorte von Mentoren und Mentees zusammenarbeiten. Um am Programm teilnehmen zu k\u00f6nnen, m\u00fcssen Sie Mitglied von United Europe sein.<\/p>\n<p>Wenn Sie Interesse an der Teilnahme am Programm haben, kontaktieren Sie uns bitte.<\/p>\n<p><strong>Wer sind die Mentees?<\/strong><\/p>\n<ul>\n<li>Nominierte junge F\u00fchrungskr\u00e4fte von Unternehmens- und Einzelmitgliedern<\/li>\n<li>Ehemalige Teilnehmer von Advocacy-Seminaren<\/li>\n<li>Initiativbewerbung: 28-40-j\u00e4hrige F\u00fchrungskr\u00e4ftte<\/li>\n<\/ul>\n<p><span style=\"color: #003366;\"><strong>UNSERE MENTEES<\/strong><\/span>:[\/vc_column_text][\/vc_column][\/vc_row][vc_row][vc_column][vc_column_text]\n\n\n<div id=\"wpv-view-layout-18018\" class=\"js-wpv-view-layout js-wpv-layout-responsive js-wpv-view-layout-18018\" data-viewnumber=\"18018\" data-pagination=\"{&quot;id&quot;:18018,&quot;query&quot;:&quot;normal&quot;,&quot;type&quot;:&quot;disabled&quot;,&quot;effect&quot;:&quot;fade&quot;,&quot;duration&quot;:500,&quot;speed&quot;:5,&quot;pause_on_hover&quot;:&quot;disabled&quot;,&quot;stop_rollover&quot;:&quot;false&quot;,&quot;cache_pages&quot;:&quot;enabled&quot;,&quot;preload_images&quot;:&quot;enabled&quot;,&quot;preload_pages&quot;:&quot;enabled&quot;,&quot;preload_reach&quot;:1,&quot;spinner&quot;:&quot;builtin&quot;,&quot;spinner_image&quot;:&quot;https:\/\/www.united-europe.eu\/wp-content\/plugins\/toolset-blocks\/embedded\/res\/img\/ajax-loader.gif&quot;,&quot;callback_next&quot;:&quot;&quot;,&quot;manage_history&quot;:&quot;enabled&quot;,&quot;has_controls_in_form&quot;:&quot;disabled&quot;,&quot;infinite_tolerance&quot;:&quot;0&quot;,&quot;max_pages&quot;:0,&quot;page&quot;:1,&quot;base_permalink&quot;:&quot;\/de\/wp-json\/wp\/v2\/pages\/20656?wpv_view_count=18018&amp;wpv_paged=WPV_PAGE_NUM&quot;,&quot;loop&quot;:{&quot;type&quot;:&quot;&quot;,&quot;name&quot;:&quot;&quot;,&quot;data&quot;:[],&quot;id&quot;:0}}\" data-permalink=\"\/de\/wp-json\/wp\/v2\/pages\/20656?wpv_view_count=18018\">\n\n\t\n\t\n\t<div class=\"vc_row wpb_row vc_row-fluid ypa-profiles vc_row-o-equal-height vc_row-flex\">\t\n      \n          <div class=\"wpb_column vc_column_container vc_col-sm-6 vc_col-md-3 vc_col-sm-offset-0 vc_col-xs-offset-1 vc_col-xs-10\">\n              <div class=\"vc_column-inner\">\n                  <div class=\"wpb_wrapper\">\n                      <div class=\"wpb-content-wrapper\">[vc_row][vc_column el_class=&#8220;ypa-profile-container&#8220;][vc_single_image source=&#8220;featured_image&#8220; img_size=&#8220;325&#215;325&#8243; alignment=&#8220;left&#8220; style=&#8220;vc_box_rounded&#8220; onclick=&#8220;custom_link&#8220; el_class=&#8220;ypa-image&#8220; link=&#8220;https:\/\/www.united-europe.eu\/de\/ypa\/capucine-amez-droz\/&#8222;][vc_column_text css=&#8220;.vc_custom_1592400565482{margin-bottom: 0px !important;}&#8220; el_class=&#8220;ypa-name&#8220;]\n<h2 id=\"capucine-amez-droz\" style=\"text-align: left;\"><a href=\"https:\/\/www.united-europe.eu\/de\/ypa\/capucine-amez-droz\/\">Capucine Amez-Droz<\/a><\/h2>\n[\/vc_column_text][vc_column_text el_class=&#8220;ypa-job&#8220;]\n<p style=\"text-align: left;\">International Economist bei Banque de France &#8211; Deutschland\n[\/vc_column_text][vc_column_text el_class=&#8220;ypa-read-more&#8220;]\n<p style=\"text-align: left;\"><a href=\"https:\/\/www.united-europe.eu\/de\/ypa\/capucine-amez-droz\/\">Mehr \u00bb<\/a><\/p>\n[\/vc_column_text][\/vc_column][\/vc_row]<\/div>\n                  <\/div>\n              <\/div>\n          <\/div>\n      \n          <div class=\"wpb_column vc_column_container vc_col-sm-6 vc_col-md-3 vc_col-sm-offset-0 vc_col-xs-offset-1 vc_col-xs-10\">\n              <div class=\"vc_column-inner\">\n                  <div class=\"wpb_wrapper\">\n                      <div class=\"wpb-content-wrapper\">[vc_row][vc_column el_class=&#8220;ypa-profile-container&#8220;][vc_single_image source=&#8220;featured_image&#8220; img_size=&#8220;325&#215;325&#8243; alignment=&#8220;left&#8220; style=&#8220;vc_box_rounded&#8220; onclick=&#8220;custom_link&#8220; el_class=&#8220;ypa-image&#8220; link=&#8220;https:\/\/www.united-europe.eu\/de\/ypa\/edon-babameto\/&#8222;][vc_column_text css=&#8220;.vc_custom_1592400565482{margin-bottom: 0px !important;}&#8220; el_class=&#8220;ypa-name&#8220;]\n<h2 id=\"edon-babameto\" style=\"text-align: left;\"><a href=\"https:\/\/www.united-europe.eu\/de\/ypa\/edon-babameto\/\">Edon Babameto<\/a><\/h2>\n[\/vc_column_text][vc_column_text el_class=&#8220;ypa-job&#8220;]\n<p style=\"text-align: left;\">President & Portfolio Manager bei ESMT Investment Club &#8211; Deutschland\n[\/vc_column_text][vc_column_text el_class=&#8220;ypa-read-more&#8220;]\n<p style=\"text-align: left;\"><a href=\"https:\/\/www.united-europe.eu\/de\/ypa\/edon-babameto\/\">Mehr \u00bb<\/a><\/p>\n[\/vc_column_text][\/vc_column][\/vc_row]<\/div>\n                  <\/div>\n              <\/div>\n          <\/div>\n      \n          <div class=\"wpb_column vc_column_container vc_col-sm-6 vc_col-md-3 vc_col-sm-offset-0 vc_col-xs-offset-1 vc_col-xs-10\">\n              <div class=\"vc_column-inner\">\n                  <div class=\"wpb_wrapper\">\n                      <div class=\"wpb-content-wrapper\">[vc_row][vc_column el_class=&#8220;ypa-profile-container&#8220;][vc_single_image source=&#8220;featured_image&#8220; img_size=&#8220;325&#215;325&#8243; alignment=&#8220;left&#8220; style=&#8220;vc_box_rounded&#8220; onclick=&#8220;custom_link&#8220; el_class=&#8220;ypa-image&#8220; link=&#8220;https:\/\/www.united-europe.eu\/de\/ypa\/zeno-bach\/&#8222;][vc_column_text css=&#8220;.vc_custom_1592400565482{margin-bottom: 0px !important;}&#8220; el_class=&#8220;ypa-name&#8220;]\n<h2 id=\"zeno-bach\" style=\"text-align: left;\"><a href=\"https:\/\/www.united-europe.eu\/de\/ypa\/zeno-bach\/\">Zeno Bach<\/a><\/h2>\n[\/vc_column_text][vc_column_text el_class=&#8220;ypa-job&#8220;]\n<p style=\"text-align: left;\">Senior Management Consultant bei Wavestone &#8211; Deutschland\n[\/vc_column_text][vc_column_text el_class=&#8220;ypa-read-more&#8220;]\n<p style=\"text-align: left;\"><a href=\"https:\/\/www.united-europe.eu\/de\/ypa\/zeno-bach\/\">Mehr \u00bb<\/a><\/p>\n[\/vc_column_text][\/vc_column][\/vc_row]<\/div>\n                  <\/div>\n              <\/div>\n          <\/div>\n      \n          <div class=\"wpb_column vc_column_container vc_col-sm-6 vc_col-md-3 vc_col-sm-offset-0 vc_col-xs-offset-1 vc_col-xs-10\">\n              <div class=\"vc_column-inner\">\n                  <div class=\"wpb_wrapper\">\n                      <div class=\"wpb-content-wrapper\">[vc_row][vc_column el_class=&#8220;ypa-profile-container&#8220;][vc_single_image source=&#8220;featured_image&#8220; img_size=&#8220;325&#215;325&#8243; alignment=&#8220;left&#8220; style=&#8220;vc_box_rounded&#8220; onclick=&#8220;custom_link&#8220; el_class=&#8220;ypa-image&#8220; link=&#8220;https:\/\/www.united-europe.eu\/de\/ypa\/ilias-balzis\/&#8222;][vc_column_text css=&#8220;.vc_custom_1592400565482{margin-bottom: 0px !important;}&#8220; el_class=&#8220;ypa-name&#8220;]\n<h2 id=\"ilias-balzis\" style=\"text-align: left;\"><a href=\"https:\/\/www.united-europe.eu\/de\/ypa\/ilias-balzis\/\">Ilias Balzis<\/a><\/h2>\n[\/vc_column_text][vc_column_text el_class=&#8220;ypa-job&#8220;]\n<p style=\"text-align: left;\">Research Associate & PhD Candidate bei Berlin School of Economics and Law &#8211; Deutschland\n[\/vc_column_text][vc_column_text el_class=&#8220;ypa-read-more&#8220;]\n<p style=\"text-align: left;\"><a href=\"https:\/\/www.united-europe.eu\/de\/ypa\/ilias-balzis\/\">Mehr \u00bb<\/a><\/p>\n[\/vc_column_text][\/vc_column][\/vc_row]<\/div>\n                  <\/div>\n              <\/div>\n          <\/div>\n      \n          <div class=\"wpb_column vc_column_container vc_col-sm-6 vc_col-md-3 vc_col-sm-offset-0 vc_col-xs-offset-1 vc_col-xs-10\">\n              <div class=\"vc_column-inner\">\n                  <div class=\"wpb_wrapper\">\n                      <div class=\"wpb-content-wrapper\">[vc_row][vc_column el_class=&#8220;ypa-profile-container&#8220;][vc_single_image source=&#8220;featured_image&#8220; img_size=&#8220;325&#215;325&#8243; alignment=&#8220;left&#8220; style=&#8220;vc_box_rounded&#8220; onclick=&#8220;custom_link&#8220; el_class=&#8220;ypa-image&#8220; link=&#8220;https:\/\/www.united-europe.eu\/de\/ypa\/bilir-bilgin\/&#8222;][vc_column_text css=&#8220;.vc_custom_1592400565482{margin-bottom: 0px !important;}&#8220; el_class=&#8220;ypa-name&#8220;]\n<h2 id=\"bilir-bilgin\" style=\"text-align: left;\"><a href=\"https:\/\/www.united-europe.eu\/de\/ypa\/bilir-bilgin\/\">Bilir Bilgin<\/a><\/h2>\n[\/vc_column_text][vc_column_text el_class=&#8220;ypa-job&#8220;]\n<p style=\"text-align: left;\">Vice President bei Bank of America &#8211; Deutschland\n[\/vc_column_text][vc_column_text el_class=&#8220;ypa-read-more&#8220;]\n<p style=\"text-align: left;\"><a href=\"https:\/\/www.united-europe.eu\/de\/ypa\/bilir-bilgin\/\">Mehr \u00bb<\/a><\/p>\n[\/vc_column_text][\/vc_column][\/vc_row]<\/div>\n                  <\/div>\n              <\/div>\n          <\/div>\n      \n          <div class=\"wpb_column vc_column_container vc_col-sm-6 vc_col-md-3 vc_col-sm-offset-0 vc_col-xs-offset-1 vc_col-xs-10\">\n              <div class=\"vc_column-inner\">\n                  <div class=\"wpb_wrapper\">\n                      <div class=\"wpb-content-wrapper\">[vc_row][vc_column el_class=&#8220;ypa-profile-container&#8220;][vc_single_image source=&#8220;featured_image&#8220; img_size=&#8220;325&#215;325&#8243; alignment=&#8220;left&#8220; style=&#8220;vc_box_rounded&#8220; onclick=&#8220;custom_link&#8220; el_class=&#8220;ypa-image&#8220; link=&#8220;https:\/\/www.united-europe.eu\/de\/ypa\/konstantin-bruker\/&#8222;][vc_column_text css=&#8220;.vc_custom_1592400565482{margin-bottom: 0px !important;}&#8220; el_class=&#8220;ypa-name&#8220;]\n<h2 id=\"konstantin-brueker\" style=\"text-align: left;\"><a href=\"https:\/\/www.united-europe.eu\/de\/ypa\/konstantin-bruker\/\">Konstantin Br\u00fcker<\/a><\/h2>\n[\/vc_column_text][vc_column_text el_class=&#8220;ypa-job&#8220;]\n<p style=\"text-align: left;\">Executive Assistant bei Iberdrola International &#8211; Deutschland\n[\/vc_column_text][vc_column_text el_class=&#8220;ypa-read-more&#8220;]\n<p style=\"text-align: left;\"><a href=\"https:\/\/www.united-europe.eu\/de\/ypa\/konstantin-bruker\/\">Mehr \u00bb<\/a><\/p>\n[\/vc_column_text][\/vc_column][\/vc_row]<\/div>\n                  <\/div>\n              <\/div>\n          <\/div>\n      \n          <div class=\"wpb_column vc_column_container vc_col-sm-6 vc_col-md-3 vc_col-sm-offset-0 vc_col-xs-offset-1 vc_col-xs-10\">\n              <div class=\"vc_column-inner\">\n                  <div class=\"wpb_wrapper\">\n                      <div class=\"wpb-content-wrapper\">[vc_row][vc_column el_class=&#8220;ypa-profile-container&#8220;][vc_single_image source=&#8220;featured_image&#8220; img_size=&#8220;325&#215;325&#8243; alignment=&#8220;left&#8220; style=&#8220;vc_box_rounded&#8220; onclick=&#8220;custom_link&#8220; el_class=&#8220;ypa-image&#8220; link=&#8220;https:\/\/www.united-europe.eu\/de\/ypa\/sarah-czernin\/&#8222;][vc_column_text css=&#8220;.vc_custom_1592400565482{margin-bottom: 0px !important;}&#8220; el_class=&#8220;ypa-name&#8220;]\n<h2 id=\"sarah-czernin\" style=\"text-align: left;\"><a href=\"https:\/\/www.united-europe.eu\/de\/ypa\/sarah-czernin\/\">Sarah Czernin<\/a><\/h2>\n[\/vc_column_text][vc_column_text el_class=&#8220;ypa-job&#8220;]\n<p style=\"text-align: left;\">Postgraduate Student in Advanced International Studies &#8211; \u00d6sterreich\n[\/vc_column_text][vc_column_text el_class=&#8220;ypa-read-more&#8220;]\n<p style=\"text-align: left;\"><a href=\"https:\/\/www.united-europe.eu\/de\/ypa\/sarah-czernin\/\">Mehr \u00bb<\/a><\/p>\n[\/vc_column_text][\/vc_column][\/vc_row]<\/div>\n                  <\/div>\n              <\/div>\n          <\/div>\n      \n          <div class=\"wpb_column vc_column_container vc_col-sm-6 vc_col-md-3 vc_col-sm-offset-0 vc_col-xs-offset-1 vc_col-xs-10\">\n              <div class=\"vc_column-inner\">\n                  <div class=\"wpb_wrapper\">\n                      <div class=\"wpb-content-wrapper\">[vc_row][vc_column el_class=&#8220;ypa-profile-container&#8220;][vc_single_image source=&#8220;featured_image&#8220; img_size=&#8220;325&#215;325&#8243; alignment=&#8220;left&#8220; style=&#8220;vc_box_rounded&#8220; onclick=&#8220;custom_link&#8220; el_class=&#8220;ypa-image&#8220; link=&#8220;https:\/\/www.united-europe.eu\/de\/ypa\/fausto-gernone\/&#8222;][vc_column_text css=&#8220;.vc_custom_1592400565482{margin-bottom: 0px !important;}&#8220; el_class=&#8220;ypa-name&#8220;]\n<h2 id=\"fausto-gernone\" style=\"text-align: left;\"><a href=\"https:\/\/www.united-europe.eu\/de\/ypa\/fausto-gernone\/\">Fausto Gernone<\/a><\/h2>\n[\/vc_column_text][vc_column_text el_class=&#8220;ypa-job&#8220;]\n<p style=\"text-align: left;\">PhD Candidate bei UCL &#8211; Vereinigtes K\u00f6nigreich\n[\/vc_column_text][vc_column_text el_class=&#8220;ypa-read-more&#8220;]\n<p style=\"text-align: left;\"><a href=\"https:\/\/www.united-europe.eu\/de\/ypa\/fausto-gernone\/\">Mehr \u00bb<\/a><\/p>\n[\/vc_column_text][\/vc_column][\/vc_row]<\/div>\n                  <\/div>\n              <\/div>\n          <\/div>\n      \n          <div class=\"wpb_column vc_column_container vc_col-sm-6 vc_col-md-3 vc_col-sm-offset-0 vc_col-xs-offset-1 vc_col-xs-10\">\n              <div class=\"vc_column-inner\">\n                  <div class=\"wpb_wrapper\">\n                      <div class=\"wpb-content-wrapper\">[vc_row][vc_column el_class=&#8220;ypa-profile-container&#8220;][vc_single_image source=&#8220;featured_image&#8220; img_size=&#8220;325&#215;325&#8243; alignment=&#8220;left&#8220; style=&#8220;vc_box_rounded&#8220; onclick=&#8220;custom_link&#8220; el_class=&#8220;ypa-image&#8220; link=&#8220;https:\/\/www.united-europe.eu\/de\/ypa\/jan-gertenbach\/&#8222;][vc_column_text css=&#8220;.vc_custom_1592400565482{margin-bottom: 0px !important;}&#8220; el_class=&#8220;ypa-name&#8220;]\n<h2 id=\"jan-gertenbach\" style=\"text-align: left;\"><a href=\"https:\/\/www.united-europe.eu\/de\/ypa\/jan-gertenbach\/\">Jan Gertenbach<\/a><\/h2>\n[\/vc_column_text][vc_column_text el_class=&#8220;ypa-job&#8220;]\n<p style=\"text-align: left;\">Deputy Head of Asset Management bei RAG-Stiftung &#8211; Deutschland\n[\/vc_column_text][vc_column_text el_class=&#8220;ypa-read-more&#8220;]\n<p style=\"text-align: left;\"><a href=\"https:\/\/www.united-europe.eu\/de\/ypa\/jan-gertenbach\/\">Mehr \u00bb<\/a><\/p>\n[\/vc_column_text][\/vc_column][\/vc_row]<\/div>\n                  <\/div>\n              <\/div>\n          <\/div>\n      \n          <div class=\"wpb_column vc_column_container vc_col-sm-6 vc_col-md-3 vc_col-sm-offset-0 vc_col-xs-offset-1 vc_col-xs-10\">\n              <div class=\"vc_column-inner\">\n                  <div class=\"wpb_wrapper\">\n                      <div class=\"wpb-content-wrapper\">[vc_row][vc_column el_class=&#8220;ypa-profile-container&#8220;][vc_single_image source=&#8220;featured_image&#8220; img_size=&#8220;325&#215;325&#8243; alignment=&#8220;left&#8220; style=&#8220;vc_box_rounded&#8220; onclick=&#8220;custom_link&#8220; el_class=&#8220;ypa-image&#8220; link=&#8220;https:\/\/www.united-europe.eu\/de\/ypa\/jon-golde\/&#8222;][vc_column_text css=&#8220;.vc_custom_1592400565482{margin-bottom: 0px !important;}&#8220; el_class=&#8220;ypa-name&#8220;]\n<h2 id=\"jon-golde\" style=\"text-align: left;\"><a href=\"https:\/\/www.united-europe.eu\/de\/ypa\/jon-golde\/\">Jon Golde<\/a><\/h2>\n[\/vc_column_text][vc_column_text el_class=&#8220;ypa-job&#8220;]\n<p style=\"text-align: left;\">Associate bei Boston Consulting Group &#8211; Deutschland\n[\/vc_column_text][vc_column_text el_class=&#8220;ypa-read-more&#8220;]\n<p style=\"text-align: left;\"><a href=\"https:\/\/www.united-europe.eu\/de\/ypa\/jon-golde\/\">Mehr \u00bb<\/a><\/p>\n[\/vc_column_text][\/vc_column][\/vc_row]<\/div>\n                  <\/div>\n              <\/div>\n          <\/div>\n      \n          <div class=\"wpb_column vc_column_container vc_col-sm-6 vc_col-md-3 vc_col-sm-offset-0 vc_col-xs-offset-1 vc_col-xs-10\">\n              <div class=\"vc_column-inner\">\n                  <div class=\"wpb_wrapper\">\n                      <div class=\"wpb-content-wrapper\">[vc_row][vc_column el_class=&#8220;ypa-profile-container&#8220;][vc_single_image source=&#8220;featured_image&#8220; img_size=&#8220;325&#215;325&#8243; alignment=&#8220;left&#8220; style=&#8220;vc_box_rounded&#8220; onclick=&#8220;custom_link&#8220; el_class=&#8220;ypa-image&#8220; link=&#8220;https:\/\/www.united-europe.eu\/de\/ypa\/marcel-hamann\/&#8222;][vc_column_text css=&#8220;.vc_custom_1592400565482{margin-bottom: 0px !important;}&#8220; el_class=&#8220;ypa-name&#8220;]\n<h2 id=\"marcel-hamann\" style=\"text-align: left;\"><a href=\"https:\/\/www.united-europe.eu\/de\/ypa\/marcel-hamann\/\">Marcel Hamann<\/a><\/h2>\n[\/vc_column_text][vc_column_text el_class=&#8220;ypa-job&#8220;]\n<p style=\"text-align: left;\">Vice President bei Eurazeo\u2019s Investor Relations Team &#8211; Deutschland\n[\/vc_column_text][vc_column_text el_class=&#8220;ypa-read-more&#8220;]\n<p style=\"text-align: left;\"><a href=\"https:\/\/www.united-europe.eu\/de\/ypa\/marcel-hamann\/\">Mehr \u00bb<\/a><\/p>\n[\/vc_column_text][\/vc_column][\/vc_row]<\/div>\n                  <\/div>\n              <\/div>\n          <\/div>\n      \n          <div class=\"wpb_column vc_column_container vc_col-sm-6 vc_col-md-3 vc_col-sm-offset-0 vc_col-xs-offset-1 vc_col-xs-10\">\n              <div class=\"vc_column-inner\">\n                  <div class=\"wpb_wrapper\">\n                      <div class=\"wpb-content-wrapper\">[vc_row][vc_column el_class=&#8220;ypa-profile-container&#8220;][vc_single_image source=&#8220;featured_image&#8220; img_size=&#8220;325&#215;325&#8243; alignment=&#8220;left&#8220; style=&#8220;vc_box_rounded&#8220; onclick=&#8220;custom_link&#8220; el_class=&#8220;ypa-image&#8220; link=&#8220;https:\/\/www.united-europe.eu\/de\/ypa\/valentina-mayrhofer\/&#8222;][vc_column_text css=&#8220;.vc_custom_1592400565482{margin-bottom: 0px !important;}&#8220; el_class=&#8220;ypa-name&#8220;]\n<h2 id=\"valentina-mayrhofer\" style=\"text-align: left;\"><a href=\"https:\/\/www.united-europe.eu\/de\/ypa\/valentina-mayrhofer\/\">Valentina Mayrhofer<\/a><\/h2>\n[\/vc_column_text][vc_column_text el_class=&#8220;ypa-job&#8220;]\n<p style=\"text-align: left;\">Assistant Manager Audit bei KPMG &#8211; \u00d6sterreich\n[\/vc_column_text][vc_column_text el_class=&#8220;ypa-read-more&#8220;]\n<p style=\"text-align: left;\"><a href=\"https:\/\/www.united-europe.eu\/de\/ypa\/valentina-mayrhofer\/\">Mehr \u00bb<\/a><\/p>\n[\/vc_column_text][\/vc_column][\/vc_row]<\/div>\n                  <\/div>\n              <\/div>\n          <\/div>\n      \n          <div class=\"wpb_column vc_column_container vc_col-sm-6 vc_col-md-3 vc_col-sm-offset-0 vc_col-xs-offset-1 vc_col-xs-10\">\n              <div class=\"vc_column-inner\">\n                  <div class=\"wpb_wrapper\">\n                      <div class=\"wpb-content-wrapper\">[vc_row][vc_column el_class=&#8220;ypa-profile-container&#8220;][vc_single_image source=&#8220;featured_image&#8220; img_size=&#8220;325&#215;325&#8243; alignment=&#8220;left&#8220; style=&#8220;vc_box_rounded&#8220; onclick=&#8220;custom_link&#8220; el_class=&#8220;ypa-image&#8220; link=&#8220;https:\/\/www.united-europe.eu\/de\/ypa\/viktoriia-rafalovych\/&#8222;][vc_column_text css=&#8220;.vc_custom_1592400565482{margin-bottom: 0px !important;}&#8220; el_class=&#8220;ypa-name&#8220;]\n<h2 id=\"viktoriia-rafalovych\" style=\"text-align: left;\"><a href=\"https:\/\/www.united-europe.eu\/de\/ypa\/viktoriia-rafalovych\/\">Viktoriia Rafalovych<\/a><\/h2>\n[\/vc_column_text][vc_column_text el_class=&#8220;ypa-job&#8220;]\n<p style=\"text-align: left;\">Director bei CEU Student Think Tank &#8211; \u00d6sterreich\n[\/vc_column_text][vc_column_text el_class=&#8220;ypa-read-more&#8220;]\n<p style=\"text-align: left;\"><a href=\"https:\/\/www.united-europe.eu\/de\/ypa\/viktoriia-rafalovych\/\">Mehr \u00bb<\/a><\/p>\n[\/vc_column_text][\/vc_column][\/vc_row]<\/div>\n                  <\/div>\n              <\/div>\n          <\/div>\n      \n          <div class=\"wpb_column vc_column_container vc_col-sm-6 vc_col-md-3 vc_col-sm-offset-0 vc_col-xs-offset-1 vc_col-xs-10\">\n              <div class=\"vc_column-inner\">\n                  <div class=\"wpb_wrapper\">\n                      <div class=\"wpb-content-wrapper\">[vc_row][vc_column el_class=&#8220;ypa-profile-container&#8220;][vc_single_image source=&#8220;featured_image&#8220; img_size=&#8220;325&#215;325&#8243; alignment=&#8220;left&#8220; style=&#8220;vc_box_rounded&#8220; onclick=&#8220;custom_link&#8220; el_class=&#8220;ypa-image&#8220; link=&#8220;https:\/\/www.united-europe.eu\/de\/ypa\/25831\/&#8222;][vc_column_text css=&#8220;.vc_custom_1592400565482{margin-bottom: 0px !important;}&#8220; el_class=&#8220;ypa-name&#8220;]\n<h2 id=\"simona-rejlic\" style=\"text-align: left;\"><a href=\"https:\/\/www.united-europe.eu\/de\/ypa\/25831\/\">Simona Rejlic<\/a><\/h2>\n[\/vc_column_text][vc_column_text el_class=&#8220;ypa-job&#8220;]\n<p style=\"text-align: left;\">Public Affairs & International Relations bei OMV &#8211; \u00d6sterreich\n[\/vc_column_text][vc_column_text el_class=&#8220;ypa-read-more&#8220;]\n<p style=\"text-align: left;\"><a href=\"https:\/\/www.united-europe.eu\/de\/ypa\/25831\/\">Mehr \u00bb<\/a><\/p>\n[\/vc_column_text][\/vc_column][\/vc_row]<\/div>\n                  <\/div>\n              <\/div>\n          <\/div>\n      \n          <div class=\"wpb_column vc_column_container vc_col-sm-6 vc_col-md-3 vc_col-sm-offset-0 vc_col-xs-offset-1 vc_col-xs-10\">\n              <div class=\"vc_column-inner\">\n                  <div class=\"wpb_wrapper\">\n                      <div class=\"wpb-content-wrapper\">[vc_row][vc_column el_class=&#8220;ypa-profile-container&#8220;][vc_single_image source=&#8220;featured_image&#8220; img_size=&#8220;325&#215;325&#8243; alignment=&#8220;left&#8220; style=&#8220;vc_box_rounded&#8220; onclick=&#8220;custom_link&#8220; el_class=&#8220;ypa-image&#8220; link=&#8220;https:\/\/www.united-europe.eu\/de\/ypa\/niels-rossler\/&#8222;][vc_column_text css=&#8220;.vc_custom_1592400565482{margin-bottom: 0px !important;}&#8220; el_class=&#8220;ypa-name&#8220;]\n<h2 id=\"niels-roessler\" style=\"text-align: left;\"><a href=\"https:\/\/www.united-europe.eu\/de\/ypa\/niels-rossler\/\">Niels Ro\u0308ssler<\/a><\/h2>\n[\/vc_column_text][vc_column_text el_class=&#8220;ypa-job&#8220;]\n<p style=\"text-align: left;\">Referent f\u00fcr Umwelt und Verkehr bei Unternehmer Baden-W\u00fcrttemberg (UBW) &#8211; Deutschland\n[\/vc_column_text][vc_column_text el_class=&#8220;ypa-read-more&#8220;]\n<p style=\"text-align: left;\"><a href=\"https:\/\/www.united-europe.eu\/de\/ypa\/niels-rossler\/\">Mehr \u00bb<\/a><\/p>\n[\/vc_column_text][\/vc_column][\/vc_row]<\/div>\n                  <\/div>\n              <\/div>\n          <\/div>\n      \n          <div class=\"wpb_column vc_column_container vc_col-sm-6 vc_col-md-3 vc_col-sm-offset-0 vc_col-xs-offset-1 vc_col-xs-10\">\n              <div class=\"vc_column-inner\">\n                  <div class=\"wpb_wrapper\">\n                      <div class=\"wpb-content-wrapper\">[vc_row][vc_column el_class=&#8220;ypa-profile-container&#8220;][vc_single_image source=&#8220;featured_image&#8220; img_size=&#8220;325&#215;325&#8243; alignment=&#8220;left&#8220; style=&#8220;vc_box_rounded&#8220; onclick=&#8220;custom_link&#8220; el_class=&#8220;ypa-image&#8220; link=&#8220;https:\/\/www.united-europe.eu\/de\/ypa\/benedikt-rothhagen\/&#8222;][vc_column_text css=&#8220;.vc_custom_1592400565482{margin-bottom: 0px !important;}&#8220; el_class=&#8220;ypa-name&#8220;]\n<h2 id=\"benedikt-rothhagen\" style=\"text-align: left;\"><a href=\"https:\/\/www.united-europe.eu\/de\/ypa\/benedikt-rothhagen\/\">Benedikt Rothhagen<\/a><\/h2>\n[\/vc_column_text][vc_column_text el_class=&#8220;ypa-job&#8220;]\n<p style=\"text-align: left;\">Project Manager International bei VDMA &#8211; Deutschland\n[\/vc_column_text][vc_column_text el_class=&#8220;ypa-read-more&#8220;]\n<p style=\"text-align: left;\"><a href=\"https:\/\/www.united-europe.eu\/de\/ypa\/benedikt-rothhagen\/\">Mehr \u00bb<\/a><\/p>\n[\/vc_column_text][\/vc_column][\/vc_row]<\/div>\n                  <\/div>\n              <\/div>\n          <\/div>\n      \n          <div class=\"wpb_column vc_column_container vc_col-sm-6 vc_col-md-3 vc_col-sm-offset-0 vc_col-xs-offset-1 vc_col-xs-10\">\n              <div class=\"vc_column-inner\">\n                  <div class=\"wpb_wrapper\">\n                      <div class=\"wpb-content-wrapper\">[vc_row][vc_column el_class=&#8220;ypa-profile-container&#8220;][vc_single_image source=&#8220;featured_image&#8220; img_size=&#8220;325&#215;325&#8243; alignment=&#8220;left&#8220; style=&#8220;vc_box_rounded&#8220; onclick=&#8220;custom_link&#8220; el_class=&#8220;ypa-image&#8220; link=&#8220;https:\/\/www.united-europe.eu\/de\/ypa\/niels-schroeder\/&#8222;][vc_column_text css=&#8220;.vc_custom_1592400565482{margin-bottom: 0px !important;}&#8220; el_class=&#8220;ypa-name&#8220;]\n<h2 id=\"niels-schroeder\" style=\"text-align: left;\"><a href=\"https:\/\/www.united-europe.eu\/de\/ypa\/niels-schroeder\/\">Niels Schroeder<\/a><\/h2>\n[\/vc_column_text][vc_column_text el_class=&#8220;ypa-job&#8220;]\n<p style=\"text-align: left;\">Restructuring bei Roland Berger &#8211; Deutschland\n[\/vc_column_text][vc_column_text el_class=&#8220;ypa-read-more&#8220;]\n<p style=\"text-align: left;\"><a href=\"https:\/\/www.united-europe.eu\/de\/ypa\/niels-schroeder\/\">Mehr \u00bb<\/a><\/p>\n[\/vc_column_text][\/vc_column][\/vc_row]<\/div>\n                  <\/div>\n              <\/div>\n          <\/div>\n      \n          <div class=\"wpb_column vc_column_container vc_col-sm-6 vc_col-md-3 vc_col-sm-offset-0 vc_col-xs-offset-1 vc_col-xs-10\">\n              <div class=\"vc_column-inner\">\n                  <div class=\"wpb_wrapper\">\n                      <div class=\"wpb-content-wrapper\">[vc_row][vc_column el_class=&#8220;ypa-profile-container&#8220;][vc_single_image source=&#8220;featured_image&#8220; img_size=&#8220;325&#215;325&#8243; alignment=&#8220;left&#8220; style=&#8220;vc_box_rounded&#8220; onclick=&#8220;custom_link&#8220; el_class=&#8220;ypa-image&#8220; link=&#8220;https:\/\/www.united-europe.eu\/de\/ypa\/arslan-suleymanov\/&#8222;][vc_column_text css=&#8220;.vc_custom_1592400565482{margin-bottom: 0px !important;}&#8220; el_class=&#8220;ypa-name&#8220;]\n<h2 id=\"arslan-suleymanov\" style=\"text-align: left;\"><a href=\"https:\/\/www.united-europe.eu\/de\/ypa\/arslan-suleymanov\/\">Arslan Suleymanov<\/a><\/h2>\n[\/vc_column_text][vc_column_text el_class=&#8220;ypa-job&#8220;]\n<p style=\"text-align: left;\">Assistant Editor bei Visegrad Insight &#8211; \u00d6sterreich\n[\/vc_column_text][vc_column_text el_class=&#8220;ypa-read-more&#8220;]\n<p style=\"text-align: left;\"><a href=\"https:\/\/www.united-europe.eu\/de\/ypa\/arslan-suleymanov\/\">Mehr \u00bb<\/a><\/p>\n[\/vc_column_text][\/vc_column][\/vc_row]<\/div>\n                  <\/div>\n              <\/div>\n          <\/div>\n      \n\t<\/div>\n\t\n\t\n\t\n<\/div>\n[\/vc_column_text][\/vc_column][\/vc_row][vc_row css=&#8220;.vc_custom_1647274878703{margin-bottom: 50px !important;}&#8220;][vc_column][vc_column_text][\/vc_column_text][vc_column_text][\/vc_column_text][vc_column_text]<span style=\"color: #003366;\"><strong>Wer sind die Mentoren?<br \/>\n<\/strong> <\/span><br \/>\n\u2022 Aktive Mitglieder von United Europe<br \/>\n\u2022 F\u00fchrungskr\u00e4fte<\/p>\n<p>Das Mentoring-Programm, etwa zwei bis vier Stunden pro Monat, findet \u00fcber Zoom, Telefon oder bei einem pers\u00f6nlichen Treffen statt.<\/p>\n<p><span style=\"color: #003366;\"><strong>UNSERE MENTOREN:<\/strong><\/span>[\/vc_column_text][\/vc_column][\/vc_row][vc_row el_id=&#8220;advocacy-mentors&#8220;][vc_column][vc_column_text]\n\n\n<div id=\"wpv-view-layout-18337\" class=\"js-wpv-view-layout js-wpv-layout-responsive js-wpv-view-layout-18337\" data-viewnumber=\"18337\" data-pagination=\"{&quot;id&quot;:18337,&quot;query&quot;:&quot;normal&quot;,&quot;type&quot;:&quot;disabled&quot;,&quot;effect&quot;:&quot;fade&quot;,&quot;duration&quot;:500,&quot;speed&quot;:5,&quot;pause_on_hover&quot;:&quot;disabled&quot;,&quot;stop_rollover&quot;:&quot;false&quot;,&quot;cache_pages&quot;:&quot;enabled&quot;,&quot;preload_images&quot;:&quot;enabled&quot;,&quot;preload_pages&quot;:&quot;enabled&quot;,&quot;preload_reach&quot;:1,&quot;spinner&quot;:&quot;builtin&quot;,&quot;spinner_image&quot;:&quot;https:\/\/www.united-europe.eu\/wp-content\/plugins\/toolset-blocks\/embedded\/res\/img\/ajax-loader.gif&quot;,&quot;callback_next&quot;:&quot;&quot;,&quot;manage_history&quot;:&quot;enabled&quot;,&quot;has_controls_in_form&quot;:&quot;disabled&quot;,&quot;infinite_tolerance&quot;:&quot;0&quot;,&quot;max_pages&quot;:0,&quot;page&quot;:1,&quot;base_permalink&quot;:&quot;\/de\/wp-json\/wp\/v2\/pages\/20656?wpv_view_count=18337&amp;wpv_paged=WPV_PAGE_NUM&quot;,&quot;loop&quot;:{&quot;type&quot;:&quot;&quot;,&quot;name&quot;:&quot;&quot;,&quot;data&quot;:[],&quot;id&quot;:0}}\" data-permalink=\"\/de\/wp-json\/wp\/v2\/pages\/20656?wpv_view_count=18337\">\n\n\t\n\t\n\t<div class=\"vc_row wpb_row vc_row-fluid mentor-profiles vc_row-o-equal-height vc_row-flex\">\t\n      \n          <div class=\"wpb_column vc_column_container vc_col-sm-6 vc_col-md-3 vc_col-sm-offset-0 vc_col-xs-offset-1 vc_col-xs-10\">\n              <div class=\"vc_column-inner\">\n                  <div class=\"wpb_wrapper\">\n                      <div class=\"wpb-content-wrapper\"><div class=\"vc_row wpb_row vc_row-fluid\"><div class=\"&#8220;mentor-profile-container&#8220; wpb_column vc_column_container vc_col-sm-12\"><div class=\"vc_column-inner\"><div class=\"wpb_wrapper\">\n\t<div  class=\"wpb_single_image wpb_content_element vc_align_&#8220;left&#8220; wpb_content_element  &#8220;mentor-image&#8220;\">\n\t\t\n\t\t<figure class=\"wpb_wrapper vc_figure\">\n\t\t\t<a href=\"http:\/\/&#8220;%5Bwpv-post-url\" target=\"_self\" class=\"vc_single_image-wrapper &#8220;vc_box_rounded&#8220;  vc_box_border_grey\"><img decoding=\"async\" class=\"vc_img-placeholder vc_single_image-img\" src=\"https:\/\/www.united-europe.eu\/wp-content\/plugins\/js_composer\/assets\/vc\/no_image.png\" \/><\/a>\n\t\t<\/figure>\n\t<\/div>\n&#8222;]\n\t<div class=\"wpb_text_column wpb_content_element &#8220;mentor-name&#8220;\" >\n\t\t<div class=\"wpb_wrapper\">\n\t\t\t<h3 id=\"luc-albert\" style=\"text-align: left;\"><a href=\"https:\/\/www.united-europe.eu\/de\/mentoren\/luc-albert\/\">Luc Albert<\/a><\/h3>\n\n\t\t<\/div>\n\t<\/div>\n\n\t<div class=\"wpb_text_column wpb_content_element &#8220;mentor-short-bio&#8220;\" >\n\t\t<div class=\"wpb_wrapper\">\n\t\t\t<p>Luc Albert ist eine international erfahrene F\u00fchrungspers\u00f6nlichkeit, die sich im Laufe ihrer Karriere zum Investor, nicht-exekutiven Direktor, Mentor und Coach weiterentwickelt hat. Heute ist er in verschiedenen Start-ups aktiv und Mitglied des Aufsichtsrats mehrerer privat gef\u00fchrter Unternehmen.<\/p>\n\n\n\t\t<\/div>\n\t<\/div>\n<\/div><\/div><\/div><\/div>\n<\/div>\n                  <\/div>\n              <\/div>\n          <\/div>\n      \n          <div class=\"wpb_column vc_column_container vc_col-sm-6 vc_col-md-3 vc_col-sm-offset-0 vc_col-xs-offset-1 vc_col-xs-10\">\n              <div class=\"vc_column-inner\">\n                  <div class=\"wpb_wrapper\">\n                      <div class=\"wpb-content-wrapper\"><div class=\"vc_row wpb_row vc_row-fluid\"><div class=\"mentor-profile-container wpb_column vc_column_container vc_col-sm-12\"><div class=\"vc_column-inner\"><div class=\"wpb_wrapper\">\n\t<div  class=\"wpb_single_image wpb_content_element vc_align_left wpb_content_element  mentor-image\">\n\t\t\n\t\t<figure class=\"wpb_wrapper vc_figure\">\n\t\t\t<a href=\"https:\/\/www.united-europe.eu\/de\/mentoren\/andreas-foeller\/\" target=\"_self\" class=\"vc_single_image-wrapper vc_box_rounded  vc_box_border_grey\"><img decoding=\"async\" class=\"vc_single_image-img \" src=\"https:\/\/www.united-europe.eu\/wp-content\/uploads\/2023\/09\/55-325x325.png\" width=\"325\" height=\"325\" alt=\"Andreas V\u00f6ller\" title=\"Andreas V\u00f6ller\" loading=\"lazy\" \/><\/a>\n\t\t<\/figure>\n\t<\/div>\n\n\t<div class=\"wpb_text_column wpb_content_element vc_custom_1592467442201 mentor-name\" >\n\t\t<div class=\"wpb_wrapper\">\n\t\t\t<h3 id=\"dr-andreas-foeller\" style=\"text-align: left;\"><a href=\"https:\/\/www.united-europe.eu\/de\/mentoren\/andreas-foeller\/\">Dr. Andreas F\u00f6ller<\/a><\/h3>\n\n\t\t<\/div>\n\t<\/div>\n\n\t<div class=\"wpb_text_column wpb_content_element mentor-short-bio\" >\n\t\t<div class=\"wpb_wrapper\">\n\t\t\t<p>Andreas F\u00f6ller, Gr\u00fcnder und gesch\u00e4ftsf\u00fchrender Gesellschafter von Comites, ist ein deutscher Unternehmensberater. Er ist Mitglied des Kuratoriums der Bayerischen EliteAkademie und Lehrbeauftragter f\u00fcr Wirtschaftsethik an der Ludwig-Maximilians-Universit\u00e4t M\u00fcnchen.<\/p>\n\n\n\t\t<\/div>\n\t<\/div>\n<\/div><\/div><\/div><\/div>\n<\/div>\n                  <\/div>\n              <\/div>\n          <\/div>\n      \n          <div class=\"wpb_column vc_column_container vc_col-sm-6 vc_col-md-3 vc_col-sm-offset-0 vc_col-xs-offset-1 vc_col-xs-10\">\n              <div class=\"vc_column-inner\">\n                  <div class=\"wpb_wrapper\">\n                      <div class=\"wpb-content-wrapper\"><div class=\"vc_row wpb_row vc_row-fluid\"><div class=\"mentor-profile-container wpb_column vc_column_container vc_col-sm-12\"><div class=\"vc_column-inner\"><div class=\"wpb_wrapper\">\n\t<div  class=\"wpb_single_image wpb_content_element vc_align_left wpb_content_element  mentor-image\">\n\t\t\n\t\t<figure class=\"wpb_wrapper vc_figure\">\n\t\t\t<a href=\"https:\/\/www.united-europe.eu\/de\/mentoren\/andrea-helfer\/\" target=\"_self\" class=\"vc_single_image-wrapper vc_box_rounded  vc_box_border_grey\"><img decoding=\"async\" class=\"vc_single_image-img \" src=\"https:\/\/www.united-europe.eu\/wp-content\/uploads\/2024\/11\/Andrea-Helfer-Blau-klein-325x325.jpg\" width=\"325\" height=\"325\" alt=\"Andrea Helfer Blau klein\" title=\"Andrea Helfer Blau klein\" loading=\"lazy\" \/><\/a>\n\t\t<\/figure>\n\t<\/div>\n\n\t<div class=\"wpb_text_column wpb_content_element vc_custom_1592467442201 mentor-name\" >\n\t\t<div class=\"wpb_wrapper\">\n\t\t\t<h3 id=\"andrea-helfer\" style=\"text-align: left;\"><a href=\"https:\/\/www.united-europe.eu\/de\/mentoren\/andrea-helfer\/\">Andrea Helfer<\/a><\/h3>\n\n\t\t<\/div>\n\t<\/div>\n\n\t<div class=\"wpb_text_column wpb_content_element mentor-short-bio\" >\n\t\t<div class=\"wpb_wrapper\">\n\t\t\t<p>Seit 2024 Fellow des Institute of Coaching (McLean Hospital, Harvard Medical School); zuvor in der Europaabteilung des Bundeskanzleramts t\u00e4tig.<\/p>\n\n\n\t\t<\/div>\n\t<\/div>\n<\/div><\/div><\/div><\/div>\n<\/div>\n                  <\/div>\n              <\/div>\n          <\/div>\n      \n          <div class=\"wpb_column vc_column_container vc_col-sm-6 vc_col-md-3 vc_col-sm-offset-0 vc_col-xs-offset-1 vc_col-xs-10\">\n              <div class=\"vc_column-inner\">\n                  <div class=\"wpb_wrapper\">\n                      <div class=\"wpb-content-wrapper\"><div class=\"vc_row wpb_row vc_row-fluid\"><div class=\"mentor-profile-container wpb_column vc_column_container vc_col-sm-12\"><div class=\"vc_column-inner\"><div class=\"wpb_wrapper\">\n\t<div  class=\"wpb_single_image wpb_content_element vc_align_left wpb_content_element  mentor-image\">\n\t\t\n\t\t<figure class=\"wpb_wrapper vc_figure\">\n\t\t\t<a href=\"https:\/\/www.united-europe.eu\/de\/mentoren\/flo-kaminska\/\" target=\"_self\" class=\"vc_single_image-wrapper vc_box_rounded  vc_box_border_grey\"><img decoding=\"async\" class=\"vc_single_image-img \" src=\"https:\/\/www.united-europe.eu\/wp-content\/uploads\/2021\/06\/6-325x325.jpg\" width=\"325\" height=\"325\" alt=\"6\" title=\"6\" loading=\"lazy\" \/><\/a>\n\t\t<\/figure>\n\t<\/div>\n\n\t<div class=\"wpb_text_column wpb_content_element vc_custom_1592467442201 mentor-name\" >\n\t\t<div class=\"wpb_wrapper\">\n\t\t\t<h3 id=\"flo-kaminska\" style=\"text-align: left;\"><a href=\"https:\/\/www.united-europe.eu\/de\/mentoren\/flo-kaminska\/\">Flo Kaminska<\/a><\/h3>\n\n\t\t<\/div>\n\t<\/div>\n\n\t<div class=\"wpb_text_column wpb_content_element mentor-short-bio\" >\n\t\t<div class=\"wpb_wrapper\">\n\t\t\t<p>Frau Kaminka konzentriert sich als Expertin f\u00fcr Human Resources in gro\u00dfen Organisationen und Start-ups besonders auf Transformation und Change Management. Ihre Arbeitsbereiche reichen hier von digitalen Transformationen bis hin zu Fusionen und \u00dcbernahmen.<\/p>\n\n\n\t\t<\/div>\n\t<\/div>\n<\/div><\/div><\/div><\/div>\n<\/div>\n                  <\/div>\n              <\/div>\n          <\/div>\n      \n          <div class=\"wpb_column vc_column_container vc_col-sm-6 vc_col-md-3 vc_col-sm-offset-0 vc_col-xs-offset-1 vc_col-xs-10\">\n              <div class=\"vc_column-inner\">\n                  <div class=\"wpb_wrapper\">\n                      <div class=\"wpb-content-wrapper\"><div class=\"vc_row wpb_row vc_row-fluid\"><div class=\"mentor-profile-container wpb_column vc_column_container vc_col-sm-12\"><div class=\"vc_column-inner\"><div class=\"wpb_wrapper\">\n\t<div  class=\"wpb_single_image wpb_content_element vc_align_left wpb_content_element  mentor-image\">\n\t\t\n\t\t<figure class=\"wpb_wrapper vc_figure\">\n\t\t\t<a href=\"https:\/\/www.united-europe.eu\/de\/mentoren\/steffen-kampeter\/\" target=\"_self\" class=\"vc_single_image-wrapper vc_box_rounded  vc_box_border_grey\"><img decoding=\"async\" class=\"vc_single_image-img \" src=\"https:\/\/www.united-europe.eu\/wp-content\/uploads\/2023\/10\/Kampeter-325x325.png\" width=\"325\" height=\"325\" alt=\"Kampeter\" title=\"Kampeter\" loading=\"lazy\" \/><\/a>\n\t\t<\/figure>\n\t<\/div>\n\n\t<div class=\"wpb_text_column wpb_content_element vc_custom_1592467442201 mentor-name\" >\n\t\t<div class=\"wpb_wrapper\">\n\t\t\t<h3 id=\"steffen-kampeter\" style=\"text-align: left;\"><a href=\"https:\/\/www.united-europe.eu\/de\/mentoren\/steffen-kampeter\/\">Steffen Kampeter<\/a><\/h3>\n\n\t\t<\/div>\n\t<\/div>\n\n\t<div class=\"wpb_text_column wpb_content_element mentor-short-bio\" >\n\t\t<div class=\"wpb_wrapper\">\n\t\t\t<p>Steffen Kampeter, von 1990 bis 2016 Mitglied des Deutschen Bundestages und ehemaliger Parlamentarischer Staatssekret\u00e4r beim Bundesminister der Finanzen, ist derzeit Hauptgesch\u00e4ftsf\u00fchrer der Bundesvereinigung der Deutschen Arbeitgeberverb\u00e4nde (BDA).<\/p>\n\n\n\t\t<\/div>\n\t<\/div>\n<\/div><\/div><\/div><\/div>\n<\/div>\n                  <\/div>\n              <\/div>\n          <\/div>\n      \n          <div class=\"wpb_column vc_column_container vc_col-sm-6 vc_col-md-3 vc_col-sm-offset-0 vc_col-xs-offset-1 vc_col-xs-10\">\n              <div class=\"vc_column-inner\">\n                  <div class=\"wpb_wrapper\">\n                      <div class=\"wpb-content-wrapper\"><div class=\"vc_row wpb_row vc_row-fluid\"><div class=\"mentor-profile-container wpb_column vc_column_container vc_col-sm-12\"><div class=\"vc_column-inner\"><div class=\"wpb_wrapper\">\n\t<div  class=\"wpb_single_image wpb_content_element vc_align_left wpb_content_element  mentor-image\">\n\t\t\n\t\t<figure class=\"wpb_wrapper vc_figure\">\n\t\t\t<a href=\"https:\/\/www.united-europe.eu\/de\/mentoren\/dr-angela-kane\/\" target=\"_self\" class=\"vc_single_image-wrapper vc_box_rounded  vc_box_border_grey\"><img decoding=\"async\" class=\"vc_single_image-img \" src=\"https:\/\/www.united-europe.eu\/wp-content\/uploads\/2020\/06\/UE-Mentorenprogramm-Angela_Kane.jpg\" width=\"325\" height=\"325\" alt=\"UE-Mentorenprogramm-Angela_Kane\" title=\"UE-Mentorenprogramm-Angela_Kane\" loading=\"lazy\" \/><\/a>\n\t\t<\/figure>\n\t<\/div>\n\n\t<div class=\"wpb_text_column wpb_content_element vc_custom_1592467442201 mentor-name\" >\n\t\t<div class=\"wpb_wrapper\">\n\t\t\t<h3 id=\"dr-angela-kane\" style=\"text-align: left;\"><a href=\"https:\/\/www.united-europe.eu\/de\/mentoren\/dr-angela-kane\/\">Dr. Angela Kane<\/a><\/h3>\n\n\t\t<\/div>\n\t<\/div>\n\n\t<div class=\"wpb_text_column wpb_content_element mentor-short-bio\" >\n\t\t<div class=\"wpb_wrapper\">\n\t\t\t<p>Senior Fellow am Wiener Zentrum f\u00fcr Abr\u00fcstung und Non-Proliferation, Vizepr\u00e4sidentin des Internationalen Instituts f\u00fcr Frieden in Wien, ehemalige Hohe Vertreterin der Vereinten Nationen f\u00fcr Abr\u00fcstungsfragen. Mitglied von United Europe.<\/p>\n\n\n\t\t<\/div>\n\t<\/div>\n<\/div><\/div><\/div><\/div>\n<\/div>\n                  <\/div>\n              <\/div>\n          <\/div>\n      \n          <div class=\"wpb_column vc_column_container vc_col-sm-6 vc_col-md-3 vc_col-sm-offset-0 vc_col-xs-offset-1 vc_col-xs-10\">\n              <div class=\"vc_column-inner\">\n                  <div class=\"wpb_wrapper\">\n                      <div class=\"wpb-content-wrapper\"><div class=\"vc_row wpb_row vc_row-fluid\"><div class=\"mentor-profile-container wpb_column vc_column_container vc_col-sm-12\"><div class=\"vc_column-inner\"><div class=\"wpb_wrapper\">\n\t<div  class=\"wpb_single_image wpb_content_element vc_align_left wpb_content_element  mentor-image\">\n\t\t\n\t\t<figure class=\"wpb_wrapper vc_figure\">\n\t\t\t<a href=\"https:\/\/www.united-europe.eu\/de\/mentoren\/tobias-knoch\/\" target=\"_self\" class=\"vc_single_image-wrapper vc_box_rounded  vc_box_border_grey\"><img decoding=\"async\" class=\"vc_single_image-img \" src=\"https:\/\/www.united-europe.eu\/wp-content\/uploads\/2022\/11\/Knoch-klein.jpg\" width=\"325\" height=\"325\" alt=\"Knoch klein\" title=\"Knoch klein\" loading=\"lazy\" \/><\/a>\n\t\t<\/figure>\n\t<\/div>\n\n\t<div class=\"wpb_text_column wpb_content_element vc_custom_1592467442201 mentor-name\" >\n\t\t<div class=\"wpb_wrapper\">\n\t\t\t<h3 id=\"tobias-knoch\" style=\"text-align: left;\"><a href=\"https:\/\/www.united-europe.eu\/de\/mentoren\/tobias-knoch\/\">Tobias Knoch<\/a><\/h3>\n\n\t\t<\/div>\n\t<\/div>\n\n\t<div class=\"wpb_text_column wpb_content_element mentor-short-bio\" >\n\t\t<div class=\"wpb_wrapper\">\n\t\t\t<p>Seit dem Eintritt in die Tetra Gruppe im Jahr 2013 leitet und entwickelt Tobias Knoch die Global Demand &amp; Supply Planning Practice bei DeLaval.<\/p>\n\n\n\t\t<\/div>\n\t<\/div>\n<\/div><\/div><\/div><\/div>\n<\/div>\n                  <\/div>\n              <\/div>\n          <\/div>\n      \n          <div class=\"wpb_column vc_column_container vc_col-sm-6 vc_col-md-3 vc_col-sm-offset-0 vc_col-xs-offset-1 vc_col-xs-10\">\n              <div class=\"vc_column-inner\">\n                  <div class=\"wpb_wrapper\">\n                      <div class=\"wpb-content-wrapper\"><div class=\"vc_row wpb_row vc_row-fluid\"><div class=\"mentor-profile-container wpb_column vc_column_container vc_col-sm-12\"><div class=\"vc_column-inner\"><div class=\"wpb_wrapper\">\n\t<div  class=\"wpb_single_image wpb_content_element vc_align_left wpb_content_element  mentor-image\">\n\t\t\n\t\t<figure class=\"wpb_wrapper vc_figure\">\n\t\t\t<a href=\"https:\/\/www.united-europe.eu\/de\/mentoren\/dr-matthias-koch\/\" target=\"_self\" class=\"vc_single_image-wrapper vc_box_rounded  vc_box_border_grey\"><img decoding=\"async\" class=\"vc_single_image-img \" src=\"https:\/\/www.united-europe.eu\/wp-content\/uploads\/2024\/11\/Blue-Mugshots-Mentees-2526-325x325.png\" width=\"325\" height=\"325\" alt=\"Blue Mugshots Mentees 2526\" title=\"Blue Mugshots Mentees 2526\" loading=\"lazy\" \/><\/a>\n\t\t<\/figure>\n\t<\/div>\n\n\t<div class=\"wpb_text_column wpb_content_element vc_custom_1592467442201 mentor-name\" >\n\t\t<div class=\"wpb_wrapper\">\n\t\t\t<h3 id=\"dr-matthias-koch\" style=\"text-align: left;\"><a href=\"https:\/\/www.united-europe.eu\/de\/mentoren\/dr-matthias-koch\/\">Dr. Matthias Koch<\/a><\/h3>\n\n\t\t<\/div>\n\t<\/div>\n\n\t<div class=\"wpb_text_column wpb_content_element mentor-short-bio\" >\n\t\t<div class=\"wpb_wrapper\">\n\t\t\t<p data-start=\"0\" data-end=\"237\">Dr. Matthias Koch ist derzeit Gesch\u00e4ftsf\u00fchrer der ESMT Berlin. Zuvor hatte er verschiedene CFO-Positionen im Konzern- und Private-Equity-Umfeld inne. Er ist Senior Advisor f\u00fcr verschiedene Branchen und leidenschaftlicher Executive Coach.<\/p>\n\n\n\t\t<\/div>\n\t<\/div>\n<\/div><\/div><\/div><\/div>\n<\/div>\n                  <\/div>\n              <\/div>\n          <\/div>\n      \n          <div class=\"wpb_column vc_column_container vc_col-sm-6 vc_col-md-3 vc_col-sm-offset-0 vc_col-xs-offset-1 vc_col-xs-10\">\n              <div class=\"vc_column-inner\">\n                  <div class=\"wpb_wrapper\">\n                      <div class=\"wpb-content-wrapper\"><div class=\"vc_row wpb_row vc_row-fluid\"><div class=\"mentor-profile-container wpb_column vc_column_container vc_col-sm-12\"><div class=\"vc_column-inner\"><div class=\"wpb_wrapper\">\n\t<div  class=\"wpb_single_image wpb_content_element vc_align_left wpb_content_element  mentor-image\">\n\t\t\n\t\t<figure class=\"wpb_wrapper vc_figure\">\n\t\t\t<a href=\"https:\/\/www.united-europe.eu\/de\/mentoren\/marcus-lippold\/\" target=\"_self\" class=\"vc_single_image-wrapper vc_box_rounded  vc_box_border_grey\"><img decoding=\"async\" class=\"vc_single_image-img \" src=\"https:\/\/www.united-europe.eu\/wp-content\/uploads\/2020\/06\/Marcus-Lippold-1.jpg\" width=\"325\" height=\"325\" alt=\"Marcus-Lippold\" title=\"Marcus-Lippold\" loading=\"lazy\" \/><\/a>\n\t\t<\/figure>\n\t<\/div>\n\n\t<div class=\"wpb_text_column wpb_content_element vc_custom_1592467442201 mentor-name\" >\n\t\t<div class=\"wpb_wrapper\">\n\t\t\t<h3 id=\"marcus-lippold\" style=\"text-align: left;\"><a href=\"https:\/\/www.united-europe.eu\/de\/mentoren\/marcus-lippold\/\">Marcus Lippold<\/a><\/h3>\n\n\t\t<\/div>\n\t<\/div>\n\n\t<div class=\"wpb_text_column wpb_content_element mentor-short-bio\" >\n\t\t<div class=\"wpb_wrapper\">\n\t\t\t<p>Berater der Europ\u00e4ischen Kommission, Gastdozent f\u00fcr Energiewirtschaft und Energiepolitik. Vorstandsmitglied von United Europe.<\/p>\n\n\n\t\t<\/div>\n\t<\/div>\n<\/div><\/div><\/div><\/div>\n<\/div>\n                  <\/div>\n              <\/div>\n          <\/div>\n      \n          <div class=\"wpb_column vc_column_container vc_col-sm-6 vc_col-md-3 vc_col-sm-offset-0 vc_col-xs-offset-1 vc_col-xs-10\">\n              <div class=\"vc_column-inner\">\n                  <div class=\"wpb_wrapper\">\n                      <div class=\"wpb-content-wrapper\"><div class=\"vc_row wpb_row vc_row-fluid\"><div class=\"mentor-profile-container wpb_column vc_column_container vc_col-sm-12\"><div class=\"vc_column-inner\"><div class=\"wpb_wrapper\">\n\t<div  class=\"wpb_single_image wpb_content_element vc_align_left wpb_content_element  mentor-image\">\n\t\t\n\t\t<figure class=\"wpb_wrapper vc_figure\">\n\t\t\t<a href=\"https:\/\/www.united-europe.eu\/de\/mentoren\/dr-frank-lugert\/\" target=\"_self\" class=\"vc_single_image-wrapper vc_box_rounded  vc_box_border_grey\"><img decoding=\"async\" class=\"vc_single_image-img \" src=\"https:\/\/www.united-europe.eu\/wp-content\/uploads\/2024\/09\/Mentor-325x325-1.png\" width=\"325\" height=\"325\" alt=\"Mentor 325x325\" title=\"Mentor 325x325\" loading=\"lazy\" \/><\/a>\n\t\t<\/figure>\n\t<\/div>\n\n\t<div class=\"wpb_text_column wpb_content_element vc_custom_1592467442201 mentor-name\" >\n\t\t<div class=\"wpb_wrapper\">\n\t\t\t<h3 id=\"dr-frank-lugert\" style=\"text-align: left;\"><a href=\"https:\/\/www.united-europe.eu\/de\/mentoren\/dr-frank-lugert\/\">Dr. Frank Lugert<\/a><\/h3>\n\n\t\t<\/div>\n\t<\/div>\n\n\t<div class=\"wpb_text_column wpb_content_element mentor-short-bio\" >\n\t\t<div class=\"wpb_wrapper\">\n\t\t\t<p>Dr. Frank Lugert f\u00fchrt seit 2023 ein eigenes Unternehmen und Team (<a href=\"http:\/\/www.franklugert.ch\">www.franklugert.ch)<\/a>, um unternehmerische L\u00f6sungen in familiengef\u00fchrten Unternehmen zu finden.<\/p>\n\n\n\t\t<\/div>\n\t<\/div>\n<\/div><\/div><\/div><\/div>\n<\/div>\n                  <\/div>\n              <\/div>\n          <\/div>\n      \n          <div class=\"wpb_column vc_column_container vc_col-sm-6 vc_col-md-3 vc_col-sm-offset-0 vc_col-xs-offset-1 vc_col-xs-10\">\n              <div class=\"vc_column-inner\">\n                  <div class=\"wpb_wrapper\">\n                      <div class=\"wpb-content-wrapper\"><div class=\"vc_row wpb_row vc_row-fluid\"><div class=\"mentor-profile-container wpb_column vc_column_container vc_col-sm-12\"><div class=\"vc_column-inner\"><div class=\"wpb_wrapper\">\n\t<div  class=\"wpb_single_image wpb_content_element vc_align_left wpb_content_element  mentor-image\">\n\t\t\n\t\t<figure class=\"wpb_wrapper vc_figure\">\n\t\t\t<a href=\"https:\/\/www.united-europe.eu\/de\/mentoren\/ingrid-maass\/\" target=\"_self\" class=\"vc_single_image-wrapper vc_box_rounded  vc_box_border_grey\"><img decoding=\"async\" class=\"vc_single_image-img \" src=\"https:\/\/www.united-europe.eu\/wp-content\/uploads\/2021\/08\/3-325x325.jpg\" width=\"325\" height=\"325\" alt=\"3\" title=\"3\" loading=\"lazy\" \/><\/a>\n\t\t<\/figure>\n\t<\/div>\n\n\t<div class=\"wpb_text_column wpb_content_element vc_custom_1592467442201 mentor-name\" >\n\t\t<div class=\"wpb_wrapper\">\n\t\t\t<h3 id=\"ingrid-maass\" style=\"text-align: left;\"><a href=\"https:\/\/www.united-europe.eu\/de\/mentoren\/ingrid-maass\/\">Ingrid Maass<\/a><\/h3>\n\n\t\t<\/div>\n\t<\/div>\n\n\t<div class=\"wpb_text_column wpb_content_element mentor-short-bio\" >\n\t\t<div class=\"wpb_wrapper\">\n\t\t\t<p>Ingrid Maass ist Managing Partner bei &#8218;acrossabridge.com&#8216;, Board Member IABG GmbH, strategische Beraterin, verf\u00fcgt \u00fcber langj\u00e4hrige Erfahrung in Projektorganisationen und setzt sich mit Leidenschaft f\u00fcr Menschen, Technologie und Wachstum ein.<\/p>\n\n\n\t\t<\/div>\n\t<\/div>\n<\/div><\/div><\/div><\/div>\n<\/div>\n                  <\/div>\n              <\/div>\n          <\/div>\n      \n          <div class=\"wpb_column vc_column_container vc_col-sm-6 vc_col-md-3 vc_col-sm-offset-0 vc_col-xs-offset-1 vc_col-xs-10\">\n              <div class=\"vc_column-inner\">\n                  <div class=\"wpb_wrapper\">\n                      <div class=\"wpb-content-wrapper\"><div class=\"vc_row wpb_row vc_row-fluid\"><div class=\"mentor-profile-container wpb_column vc_column_container vc_col-sm-12\"><div class=\"vc_column-inner\"><div class=\"wpb_wrapper\">\n\t<div  class=\"wpb_single_image wpb_content_element vc_align_left wpb_content_element  mentor-image\">\n\t\t\n\t\t<figure class=\"wpb_wrapper vc_figure\">\n\t\t\t<a href=\"https:\/\/www.united-europe.eu\/de\/mentoren\/simone-menne\/\" target=\"_self\" class=\"vc_single_image-wrapper vc_box_rounded  vc_box_border_grey\"><img decoding=\"async\" class=\"vc_single_image-img \" src=\"https:\/\/www.united-europe.eu\/wp-content\/uploads\/2020\/06\/UE-Mentorenprogramm-Simone_Menne.jpg\" width=\"325\" height=\"325\" alt=\"UE-Mentorenprogramm-Simone_Menne\" title=\"UE-Mentorenprogramm-Simone_Menne\" loading=\"lazy\" \/><\/a>\n\t\t<\/figure>\n\t<\/div>\n\n\t<div class=\"wpb_text_column wpb_content_element vc_custom_1592467442201 mentor-name\" >\n\t\t<div class=\"wpb_wrapper\">\n\t\t\t<h3 id=\"simone-menne\" style=\"text-align: left;\"><a href=\"https:\/\/www.united-europe.eu\/de\/mentoren\/simone-menne\/\">Simone Menne<\/a><\/h3>\n\n\t\t<\/div>\n\t<\/div>\n\n\t<div class=\"wpb_text_column wpb_content_element mentor-short-bio\" >\n\t\t<div class=\"wpb_wrapper\">\n\t\t\t<p>Deutsche Betriebswirtin, ehemaliger Finanzvorstand der Lufthansa, ehemaliges Mitglied der Gesch\u00e4ftsleitung von Boehringer Ingelheim. Vorstandsmitglied von United Europe.<\/p>\n\n\n\t\t<\/div>\n\t<\/div>\n<\/div><\/div><\/div><\/div>\n<\/div>\n                  <\/div>\n              <\/div>\n          <\/div>\n      \n          <div class=\"wpb_column vc_column_container vc_col-sm-6 vc_col-md-3 vc_col-sm-offset-0 vc_col-xs-offset-1 vc_col-xs-10\">\n              <div class=\"vc_column-inner\">\n                  <div class=\"wpb_wrapper\">\n                      <div class=\"wpb-content-wrapper\"><div class=\"vc_row wpb_row vc_row-fluid\"><div class=\"mentor-profile-container wpb_column vc_column_container vc_col-sm-12\"><div class=\"vc_column-inner\"><div class=\"wpb_wrapper\">\n\t<div  class=\"wpb_single_image wpb_content_element vc_align_left wpb_content_element  mentor-image\">\n\t\t\n\t\t<figure class=\"wpb_wrapper vc_figure\">\n\t\t\t<a href=\"https:\/\/www.united-europe.eu\/de\/mentoren\/valon-murtezaj\/\" target=\"_self\" class=\"vc_single_image-wrapper vc_box_rounded  vc_box_border_grey\"><img decoding=\"async\" class=\"vc_single_image-img \" src=\"https:\/\/www.united-europe.eu\/wp-content\/uploads\/2023\/03\/Valon-MURTEZAJ_photo.jpeg\" width=\"325\" height=\"325\" alt=\"Valon MURTEZAJ_photo\" title=\"Valon MURTEZAJ_photo\" loading=\"lazy\" \/><\/a>\n\t\t<\/figure>\n\t<\/div>\n\n\t<div class=\"wpb_text_column wpb_content_element vc_custom_1592467442201 mentor-name\" >\n\t\t<div class=\"wpb_wrapper\">\n\t\t\t<h3 id=\"valon-murtezaj\" style=\"text-align: left;\"><a href=\"https:\/\/www.united-europe.eu\/de\/mentoren\/valon-murtezaj\/\">Valon Murtezaj<\/a><\/h3>\n\n\t\t<\/div>\n\t<\/div>\n\n\t<div class=\"wpb_text_column wpb_content_element mentor-short-bio\" >\n\t\t<div class=\"wpb_wrapper\">\n\t\t\t<p>Dr. Valon Murtezaj ist Professor, Diplomat und Experte f\u00fcr Verhandlungsf\u00fchrung und Konfliktmanagement. Er ist st\u00e4ndiger Professor an der renommierten IESEG School of Management in Paris, Frankreich.<\/p>\n\n\n\t\t<\/div>\n\t<\/div>\n<\/div><\/div><\/div><\/div>\n<\/div>\n                  <\/div>\n              <\/div>\n          <\/div>\n      \n          <div class=\"wpb_column vc_column_container vc_col-sm-6 vc_col-md-3 vc_col-sm-offset-0 vc_col-xs-offset-1 vc_col-xs-10\">\n              <div class=\"vc_column-inner\">\n                  <div class=\"wpb_wrapper\">\n                      <div class=\"wpb-content-wrapper\"><div class=\"vc_row wpb_row vc_row-fluid\"><div class=\"mentor-profile-container wpb_column vc_column_container vc_col-sm-12\"><div class=\"vc_column-inner\"><div class=\"wpb_wrapper\">\n\t<div  class=\"wpb_single_image wpb_content_element vc_align_left wpb_content_element  mentor-image\">\n\t\t\n\t\t<figure class=\"wpb_wrapper vc_figure\">\n\t\t\t<a href=\"https:\/\/www.united-europe.eu\/de\/mentoren\/rainer-ohler\/\" target=\"_self\" class=\"vc_single_image-wrapper vc_box_rounded  vc_box_border_grey\"><img decoding=\"async\" class=\"vc_single_image-img \" src=\"https:\/\/www.united-europe.eu\/wp-content\/uploads\/2023\/09\/blue-4-325x325.png\" width=\"325\" height=\"325\" alt=\"Rainer Ohler\" title=\"blue 4\" loading=\"lazy\" \/><\/a>\n\t\t<\/figure>\n\t<\/div>\n\n\t<div class=\"wpb_text_column wpb_content_element vc_custom_1592467442201 mentor-name\" >\n\t\t<div class=\"wpb_wrapper\">\n\t\t\t<h3 id=\"rainer-ohler\" style=\"text-align: left;\"><a href=\"https:\/\/www.united-europe.eu\/de\/mentoren\/rainer-ohler\/\">Rainer Ohler<\/a><\/h3>\n\n\t\t<\/div>\n\t<\/div>\n\n\t<div class=\"wpb_text_column wpb_content_element mentor-short-bio\" >\n\t\t<div class=\"wpb_wrapper\">\n\t\t\t<p>Rainer Ohler, Gr\u00fcnder von Senior Strategists und Gesch\u00e4ftsf\u00fchrer von Sieber Advisors, ist seit fast 25 Jahren als internationaler Manager und als Kommunikations-Experte t\u00e4tig. Sein Schwerpunkt liegt auf der Strategie und Optimierung von Stakeholder-Beziehungen, insbesondere bei Gro\u00dfprojekten, Krisen und Reputationsthemen. Rainer Ohler ist als Rechtsanwalt in M\u00fcnchen zugelassen.<\/p>\n\n\n\t\t<\/div>\n\t<\/div>\n<\/div><\/div><\/div><\/div>\n<\/div>\n                  <\/div>\n              <\/div>\n          <\/div>\n      \n          <div class=\"wpb_column vc_column_container vc_col-sm-6 vc_col-md-3 vc_col-sm-offset-0 vc_col-xs-offset-1 vc_col-xs-10\">\n              <div class=\"vc_column-inner\">\n                  <div class=\"wpb_wrapper\">\n                      <div class=\"wpb-content-wrapper\"><div class=\"vc_row wpb_row vc_row-fluid\"><div class=\"mentor-profile-container wpb_column vc_column_container vc_col-sm-12\"><div class=\"vc_column-inner\"><div class=\"wpb_wrapper\">\n\t<div  class=\"wpb_single_image wpb_content_element vc_align_left wpb_content_element  mentor-image\">\n\t\t\n\t\t<figure class=\"wpb_wrapper vc_figure\">\n\t\t\t<a href=\"https:\/\/www.united-europe.eu\/de\/mentoren\/rolf-pfeiffer\/\" target=\"_self\" class=\"vc_single_image-wrapper vc_box_rounded  vc_box_border_grey\"><img decoding=\"async\" class=\"vc_single_image-img \" src=\"https:\/\/www.united-europe.eu\/wp-content\/uploads\/2020\/06\/RP-325x325-1.png\" width=\"325\" height=\"325\" alt=\"RP 325x325\" title=\"RP 325x325\" loading=\"lazy\" \/><\/a>\n\t\t<\/figure>\n\t<\/div>\n\n\t<div class=\"wpb_text_column wpb_content_element vc_custom_1592467442201 mentor-name\" >\n\t\t<div class=\"wpb_wrapper\">\n\t\t\t<h3 id=\"rolf-pfeiffer\" style=\"text-align: left;\"><a href=\"https:\/\/www.united-europe.eu\/de\/mentoren\/rolf-pfeiffer\/\">Rolf Pfeiffer<\/a><\/h3>\n\n\t\t<\/div>\n\t<\/div>\n\n\t<div class=\"wpb_text_column wpb_content_element mentor-short-bio\" >\n\t\t<div class=\"wpb_wrapper\">\n\t\t\t<p>Managing Partner <strong>Schwarz &amp; Pfeiffer Executive Advisory Partners<\/strong>, Fellow des Institute of Coaching am McLean Hospital, Teil der Harvard Medical School, Mitglied von United Europe.<\/p>\n\n\n\t\t<\/div>\n\t<\/div>\n<\/div><\/div><\/div><\/div>\n<\/div>\n                  <\/div>\n              <\/div>\n          <\/div>\n      \n          <div class=\"wpb_column vc_column_container vc_col-sm-6 vc_col-md-3 vc_col-sm-offset-0 vc_col-xs-offset-1 vc_col-xs-10\">\n              <div class=\"vc_column-inner\">\n                  <div class=\"wpb_wrapper\">\n                      <div class=\"wpb-content-wrapper\"><div class=\"vc_row wpb_row vc_row-fluid\"><div class=\"mentor-profile-container wpb_column vc_column_container vc_col-sm-12\"><div class=\"vc_column-inner\"><div class=\"wpb_wrapper\">\n\t<div  class=\"wpb_single_image wpb_content_element vc_align_left wpb_content_element  mentor-image\">\n\t\t\n\t\t<figure class=\"wpb_wrapper vc_figure\">\n\t\t\t<a href=\"https:\/\/www.united-europe.eu\/de\/mentoren\/steve-price\/\" target=\"_self\" class=\"vc_single_image-wrapper vc_box_rounded  vc_box_border_grey\"><img decoding=\"async\" class=\"vc_single_image-img \" src=\"https:\/\/www.united-europe.eu\/wp-content\/uploads\/2021\/06\/7-325x325.jpg\" width=\"325\" height=\"325\" alt=\"7\" title=\"7\" loading=\"lazy\" \/><\/a>\n\t\t<\/figure>\n\t<\/div>\n\n\t<div class=\"wpb_text_column wpb_content_element vc_custom_1592467442201 mentor-name\" >\n\t\t<div class=\"wpb_wrapper\">\n\t\t\t<h3 id=\"steve-price\" style=\"text-align: left;\"><a href=\"https:\/\/www.united-europe.eu\/de\/mentoren\/steve-price\/\">Steve Price<\/a><\/h3>\n\n\t\t<\/div>\n\t<\/div>\n\n\t<div class=\"wpb_text_column wpb_content_element mentor-short-bio\" >\n\t\t<div class=\"wpb_wrapper\">\n\t\t\t<p>Steve Price ist ein pensionierter Referatsleiter der Europ\u00e4ischen Kommission. In den letzten 20 Jahren seiner Karriere leitete er komplexe Teams und kennt die Herausforderungen, die mit der F\u00fchrung von Menschen verbunden sind, aber auch das Potenzial exzellent geleiteter Teams.<\/p>\n\n\n\t\t<\/div>\n\t<\/div>\n<\/div><\/div><\/div><\/div>\n<\/div>\n                  <\/div>\n              <\/div>\n          <\/div>\n      \n          <div class=\"wpb_column vc_column_container vc_col-sm-6 vc_col-md-3 vc_col-sm-offset-0 vc_col-xs-offset-1 vc_col-xs-10\">\n              <div class=\"vc_column-inner\">\n                  <div class=\"wpb_wrapper\">\n                      <div class=\"wpb-content-wrapper\"><div class=\"vc_row wpb_row vc_row-fluid\"><div class=\"mentor-profile-container wpb_column vc_column_container vc_col-sm-12\"><div class=\"vc_column-inner\"><div class=\"wpb_wrapper\">\n\t<div  class=\"wpb_single_image wpb_content_element vc_align_left wpb_content_element  mentor-image\">\n\t\t\n\t\t<figure class=\"wpb_wrapper vc_figure\">\n\t\t\t<a href=\"https:\/\/www.united-europe.eu\/de\/mentoren\/dr-dennis-rendschmidt\/\" target=\"_self\" class=\"vc_single_image-wrapper vc_box_rounded  vc_box_border_grey\"><img decoding=\"async\" class=\"vc_single_image-img \" src=\"https:\/\/www.united-europe.eu\/wp-content\/uploads\/2023\/09\/22-325x325.png\" width=\"325\" height=\"325\" alt=\"22\" title=\"22\" loading=\"lazy\" \/><\/a>\n\t\t<\/figure>\n\t<\/div>\n\n\t<div class=\"wpb_text_column wpb_content_element vc_custom_1592467442201 mentor-name\" >\n\t\t<div class=\"wpb_wrapper\">\n\t\t\t<h3 id=\"dr-dennis-rendschmidt\" style=\"text-align: left;\"><a href=\"https:\/\/www.united-europe.eu\/de\/mentoren\/dr-dennis-rendschmidt\/\">Dr. Dennis Rendschmidt<\/a><\/h3>\n\n\t\t<\/div>\n\t<\/div>\n\n\t<div class=\"wpb_text_column wpb_content_element mentor-short-bio\" >\n\t\t<div class=\"wpb_wrapper\">\n\t\t\t<p>Dr. Rendschmidt ist seit \u00fcber 20 Jahren als engagierter Berater in Politik und Wirtschaft t\u00e4tig.<\/p>\n\n\n\t\t<\/div>\n\t<\/div>\n<\/div><\/div><\/div><\/div>\n<\/div>\n                  <\/div>\n              <\/div>\n          <\/div>\n      \n          <div class=\"wpb_column vc_column_container vc_col-sm-6 vc_col-md-3 vc_col-sm-offset-0 vc_col-xs-offset-1 vc_col-xs-10\">\n              <div class=\"vc_column-inner\">\n                  <div class=\"wpb_wrapper\">\n                      <div class=\"wpb-content-wrapper\"><div class=\"vc_row wpb_row vc_row-fluid\"><div class=\"mentor-profile-container wpb_column vc_column_container vc_col-sm-12\"><div class=\"vc_column-inner\"><div class=\"wpb_wrapper\">\n\t<div  class=\"wpb_single_image wpb_content_element vc_align_left wpb_content_element  mentor-image\">\n\t\t\n\t\t<figure class=\"wpb_wrapper vc_figure\">\n\t\t\t<a href=\"https:\/\/www.united-europe.eu\/de\/mentoren\/dr-gunnar-riemann\/\" target=\"_self\" class=\"vc_single_image-wrapper vc_box_rounded  vc_box_border_grey\"><img decoding=\"async\" class=\"vc_single_image-img \" src=\"https:\/\/www.united-europe.eu\/wp-content\/uploads\/2020\/06\/Riemann_kl.jpg\" width=\"325\" height=\"325\" alt=\"Riemann_kl\" title=\"Riemann_kl\" loading=\"lazy\" \/><\/a>\n\t\t<\/figure>\n\t<\/div>\n\n\t<div class=\"wpb_text_column wpb_content_element vc_custom_1592467442201 mentor-name\" >\n\t\t<div class=\"wpb_wrapper\">\n\t\t\t<h3 id=\"dr-gunnar-riemann\" style=\"text-align: left;\"><a href=\"https:\/\/www.united-europe.eu\/de\/mentoren\/dr-gunnar-riemann\/\">Dr. Gunnar Riemann<\/a><\/h3>\n\n\t\t<\/div>\n\t<\/div>\n\n\t<div class=\"wpb_text_column wpb_content_element mentor-short-bio\" >\n\t\t<div class=\"wpb_wrapper\">\n\t\t\t<p>Executive Mentor, Unternehmensberater und Mitglied diverser Aufsichtsr\u00e4te und Beir\u00e4te, ehem. Mitglied des Vorstands bei Bayer Healthcare und Bayer Cropscience.<\/p>\n\n\n\t\t<\/div>\n\t<\/div>\n<\/div><\/div><\/div><\/div>\n<\/div>\n                  <\/div>\n              <\/div>\n          <\/div>\n      \n          <div class=\"wpb_column vc_column_container vc_col-sm-6 vc_col-md-3 vc_col-sm-offset-0 vc_col-xs-offset-1 vc_col-xs-10\">\n              <div class=\"vc_column-inner\">\n                  <div class=\"wpb_wrapper\">\n                      <div class=\"wpb-content-wrapper\"><div class=\"vc_row wpb_row vc_row-fluid\"><div class=\"mentor-profile-container wpb_column vc_column_container vc_col-sm-12\"><div class=\"vc_column-inner\"><div class=\"wpb_wrapper\">\n\t<div  class=\"wpb_single_image wpb_content_element vc_align_left wpb_content_element  mentor-image\">\n\t\t\n\t\t<figure class=\"wpb_wrapper vc_figure\">\n\t\t\t<a href=\"https:\/\/www.united-europe.eu\/de\/mentoren\/joerg-rocholl\/\" target=\"_self\" class=\"vc_single_image-wrapper vc_box_rounded  vc_box_border_grey\"><img decoding=\"async\" class=\"vc_single_image-img \" src=\"https:\/\/www.united-europe.eu\/wp-content\/uploads\/2021\/08\/2-325x325.jpg\" width=\"325\" height=\"325\" alt=\"2\" title=\"2\" loading=\"lazy\" \/><\/a>\n\t\t<\/figure>\n\t<\/div>\n\n\t<div class=\"wpb_text_column wpb_content_element vc_custom_1592467442201 mentor-name\" >\n\t\t<div class=\"wpb_wrapper\">\n\t\t\t<h3 id=\"joerg-rocholl\" style=\"text-align: left;\"><a href=\"https:\/\/www.united-europe.eu\/de\/mentoren\/joerg-rocholl\/\">J\u00f6rg Rocholl<\/a><\/h3>\n\n\t\t<\/div>\n\t<\/div>\n\n\t<div class=\"wpb_text_column wpb_content_element mentor-short-bio\" >\n\t\t<div class=\"wpb_wrapper\">\n\t\t\t<p>Prof. J\u00f6rg Rocholl, PhD, ist der Pr\u00e4sident der ESMT Berlin. Er ist au\u00dferdem stellvertretender Vorsitzender des Beirats des Bundesministeriums der Finanzen.<\/p>\n\n\n\t\t<\/div>\n\t<\/div>\n<\/div><\/div><\/div><\/div>\n<\/div>\n                  <\/div>\n              <\/div>\n          <\/div>\n      \n          <div class=\"wpb_column vc_column_container vc_col-sm-6 vc_col-md-3 vc_col-sm-offset-0 vc_col-xs-offset-1 vc_col-xs-10\">\n              <div class=\"vc_column-inner\">\n                  <div class=\"wpb_wrapper\">\n                      <div class=\"wpb-content-wrapper\"><div class=\"vc_row wpb_row vc_row-fluid\"><div class=\"mentor-profile-container wpb_column vc_column_container vc_col-sm-12\"><div class=\"vc_column-inner\"><div class=\"wpb_wrapper\">\n\t<div  class=\"wpb_single_image wpb_content_element vc_align_left wpb_content_element  mentor-image\">\n\t\t\n\t\t<figure class=\"wpb_wrapper vc_figure\">\n\t\t\t<a href=\"https:\/\/www.united-europe.eu\/de\/mentoren\/michael-rupp\/\" target=\"_self\" class=\"vc_single_image-wrapper vc_box_rounded  vc_box_border_grey\"><img decoding=\"async\" class=\"vc_single_image-img \" src=\"https:\/\/www.united-europe.eu\/wp-content\/uploads\/2021\/06\/4-325x325.jpg\" width=\"325\" height=\"325\" alt=\"4\" title=\"4\" loading=\"lazy\" \/><\/a>\n\t\t<\/figure>\n\t<\/div>\n\n\t<div class=\"wpb_text_column wpb_content_element vc_custom_1592467442201 mentor-name\" >\n\t\t<div class=\"wpb_wrapper\">\n\t\t\t<h3 id=\"michael-rupp\" style=\"text-align: left;\"><a href=\"https:\/\/www.united-europe.eu\/de\/mentoren\/michael-rupp\/\">Michael Rupp<\/a><\/h3>\n\n\t\t<\/div>\n\t<\/div>\n\n\t<div class=\"wpb_text_column wpb_content_element mentor-short-bio\" >\n\t\t<div class=\"wpb_wrapper\">\n\t\t\t<p>Dr. Michael Rupp ist \u201eHead of Sector\u201c f\u00fcr \u201eConnectivity\u201c und den \u201eGreen Deal\u201c in der Europ\u00e4ischen Kommission. Von 2015 bis 2018 war er Referatsleiter f\u00fcr u. a. Migration, Grenzmanagement und die Justizreform in der EU-Delegation in der T\u00fcrkei.<\/p>\n\n\n\t\t<\/div>\n\t<\/div>\n<\/div><\/div><\/div><\/div>\n<\/div>\n                  <\/div>\n              <\/div>\n          <\/div>\n      \n          <div class=\"wpb_column vc_column_container vc_col-sm-6 vc_col-md-3 vc_col-sm-offset-0 vc_col-xs-offset-1 vc_col-xs-10\">\n              <div class=\"vc_column-inner\">\n                  <div class=\"wpb_wrapper\">\n                      <div class=\"wpb-content-wrapper\"><div class=\"vc_row wpb_row vc_row-fluid\"><div class=\"mentor-profile-container wpb_column vc_column_container vc_col-sm-12\"><div class=\"vc_column-inner\"><div class=\"wpb_wrapper\">\n\t<div  class=\"wpb_single_image wpb_content_element vc_align_left wpb_content_element  mentor-image\">\n\t\t\n\t\t<figure class=\"wpb_wrapper vc_figure\">\n\t\t\t<a href=\"https:\/\/www.united-europe.eu\/de\/mentoren\/anthony-ruys\/\" target=\"_self\" class=\"vc_single_image-wrapper vc_box_rounded  vc_box_border_grey\"><img decoding=\"async\" class=\"vc_single_image-img \" src=\"https:\/\/www.united-europe.eu\/wp-content\/uploads\/2022\/03\/Ruys-325x325.png\" width=\"325\" height=\"325\" alt=\"Ruys\" title=\"Ruys\" loading=\"lazy\" \/><\/a>\n\t\t<\/figure>\n\t<\/div>\n\n\t<div class=\"wpb_text_column wpb_content_element vc_custom_1592467442201 mentor-name\" >\n\t\t<div class=\"wpb_wrapper\">\n\t\t\t<h3 id=\"anthony-ruys\" style=\"text-align: left;\"><a href=\"https:\/\/www.united-europe.eu\/de\/mentoren\/anthony-ruys\/\">Anthony Ruys<\/a><\/h3>\n\n\t\t<\/div>\n\t<\/div>\n\n\t<div class=\"wpb_text_column wpb_content_element mentor-short-bio\" >\n\t\t<div class=\"wpb_wrapper\">\n\t\t\t<p>Ehemaliger CEO von Heineken, bis 2017 Vorsitzender des Aufsichtsrats des Amsterdamer Flughafens Schiphol. Derzeit ist er nicht-gesch\u00e4ftsf\u00fchrendes Vorstandsmitglied der Intertrust Holding NV und von Hunter Douglas NV sowie Vize-Pr\u00e4sident von United Europe.<\/p>\n\n\n\t\t<\/div>\n\t<\/div>\n<\/div><\/div><\/div><\/div>\n<\/div>\n                  <\/div>\n              <\/div>\n          <\/div>\n      \n          <div class=\"wpb_column vc_column_container vc_col-sm-6 vc_col-md-3 vc_col-sm-offset-0 vc_col-xs-offset-1 vc_col-xs-10\">\n              <div class=\"vc_column-inner\">\n                  <div class=\"wpb_wrapper\">\n                      <div class=\"wpb-content-wrapper\"><div class=\"vc_row wpb_row vc_row-fluid\"><div class=\"mentor-profile-container wpb_column vc_column_container vc_col-sm-12\"><div class=\"vc_column-inner\"><div class=\"wpb_wrapper\">\n\t<div  class=\"wpb_single_image wpb_content_element vc_align_left wpb_content_element  mentor-image\">\n\t\t\n\t\t<figure class=\"wpb_wrapper vc_figure\">\n\t\t\t<a href=\"https:\/\/www.united-europe.eu\/de\/mentoren\/ulrich-schumacher\/\" target=\"_self\" class=\"vc_single_image-wrapper vc_box_rounded  vc_box_border_grey\"><img decoding=\"async\" class=\"vc_single_image-img \" src=\"https:\/\/www.united-europe.eu\/wp-content\/uploads\/2020\/06\/Schumacher_kl.jpg\" width=\"325\" height=\"325\" alt=\"Schumacher_kl\" title=\"Schumacher_kl\" loading=\"lazy\" \/><\/a>\n\t\t<\/figure>\n\t<\/div>\n\n\t<div class=\"wpb_text_column wpb_content_element vc_custom_1592467442201 mentor-name\" >\n\t\t<div class=\"wpb_wrapper\">\n\t\t\t<h3 id=\"ulrich-schumacher\" style=\"text-align: left;\"><a href=\"https:\/\/www.united-europe.eu\/de\/mentoren\/ulrich-schumacher\/\">Ulrich Schumacher<\/a><\/h3>\n\n\t\t<\/div>\n\t<\/div>\n\n\t<div class=\"wpb_text_column wpb_content_element mentor-short-bio\" >\n\t\t<div class=\"wpb_wrapper\">\n\t\t\t<p>Executive Mentor, Unternehmensberater, ehem. Vorstand Personal und Arbeitsdirektor der Adam Opel GmbH; diverse f\u00fchrende Funktionen in Arbeitgeber- und Wirtschaftsverb\u00e4nden.<\/p>\n\n\n\t\t<\/div>\n\t<\/div>\n<\/div><\/div><\/div><\/div>\n<\/div>\n                  <\/div>\n              <\/div>\n          <\/div>\n      \n          <div class=\"wpb_column vc_column_container vc_col-sm-6 vc_col-md-3 vc_col-sm-offset-0 vc_col-xs-offset-1 vc_col-xs-10\">\n              <div class=\"vc_column-inner\">\n                  <div class=\"wpb_wrapper\">\n                      <div class=\"wpb-content-wrapper\"><div class=\"vc_row wpb_row vc_row-fluid\"><div class=\"mentor-profile-container wpb_column vc_column_container vc_col-sm-12\"><div class=\"vc_column-inner\"><div class=\"wpb_wrapper\">\n\t<div  class=\"wpb_single_image wpb_content_element vc_align_left wpb_content_element  mentor-image\">\n\t\t\n\t\t<figure class=\"wpb_wrapper vc_figure\">\n\t\t\t<a href=\"https:\/\/www.united-europe.eu\/de\/mentoren\/dr-marie-theres-thiell\/\" target=\"_self\" class=\"vc_single_image-wrapper vc_box_rounded  vc_box_border_grey\"><img decoding=\"async\" class=\"vc_single_image-img \" src=\"https:\/\/www.united-europe.eu\/wp-content\/uploads\/2020\/06\/MTT_2-1.jpg\" width=\"325\" height=\"325\" alt=\"MTT_2\" title=\"MTT_2\" loading=\"lazy\" \/><\/a>\n\t\t<\/figure>\n\t<\/div>\n\n\t<div class=\"wpb_text_column wpb_content_element vc_custom_1592467442201 mentor-name\" >\n\t\t<div class=\"wpb_wrapper\">\n\t\t\t<h3 id=\"dr-marie-theres-thiell\" style=\"text-align: left;\"><a href=\"https:\/\/www.united-europe.eu\/de\/mentoren\/dr-marie-theres-thiell\/\">Dr. Marie-Theres Thiell<\/a><\/h3>\n\n\t\t<\/div>\n\t<\/div>\n\n\t<div class=\"wpb_text_column wpb_content_element mentor-short-bio\" >\n\t\t<div class=\"wpb_wrapper\">\n\t\t\t<p>Deutsche Managerin und derzeitige Vizepr\u00e4sidentin der Deutsch-Ungarischen Handelskammer. Ehemalige Vorstandsvorsitzende von RWE Ungarn und ELM\u0170\/\u00c9M\u00c1SZ. Mitglied von United Europe.<\/p>\n\n\n\t\t<\/div>\n\t<\/div>\n<\/div><\/div><\/div><\/div>\n<\/div>\n                  <\/div>\n              <\/div>\n          <\/div>\n      \n          <div class=\"wpb_column vc_column_container vc_col-sm-6 vc_col-md-3 vc_col-sm-offset-0 vc_col-xs-offset-1 vc_col-xs-10\">\n              <div class=\"vc_column-inner\">\n                  <div class=\"wpb_wrapper\">\n                      <div class=\"wpb-content-wrapper\"><div class=\"vc_row wpb_row vc_row-fluid\"><div class=\"mentor-profile-container wpb_column vc_column_container vc_col-sm-12\"><div class=\"vc_column-inner\"><div class=\"wpb_wrapper\">\n\t<div  class=\"wpb_single_image wpb_content_element vc_align_left wpb_content_element  mentor-image\">\n\t\t\n\t\t<figure class=\"wpb_wrapper vc_figure\">\n\t\t\t<a href=\"https:\/\/www.united-europe.eu\/de\/mentoren\/prof-dr-paul-timmers\/\" target=\"_self\" class=\"vc_single_image-wrapper vc_box_rounded  vc_box_border_grey\"><img decoding=\"async\" class=\"vc_single_image-img \" src=\"https:\/\/www.united-europe.eu\/wp-content\/uploads\/2023\/09\/ue33-325x325.png\" width=\"325\" height=\"325\" alt=\"ue33\" title=\"ue33\" loading=\"lazy\" \/><\/a>\n\t\t<\/figure>\n\t<\/div>\n\n\t<div class=\"wpb_text_column wpb_content_element vc_custom_1592467442201 mentor-name\" >\n\t\t<div class=\"wpb_wrapper\">\n\t\t\t<h3 id=\"prof-dr-paul-timmers\" style=\"text-align: left;\"><a href=\"https:\/\/www.united-europe.eu\/de\/mentoren\/prof-dr-paul-timmers\/\">Prof. Dr. Paul Timmers<\/a><\/h3>\n\n\t\t<\/div>\n\t<\/div>\n\n\t<div class=\"wpb_text_column wpb_content_element mentor-short-bio\" >\n\t\t<div class=\"wpb_wrapper\">\n\t\t\t<p>Prof. Dr. Paul Timmers ist Research Fellow an der Universit\u00e4t Oxford, Oxford Internet Institute, Professor an der KU Leuven und der European University Cyprus, Senior Advisor am EPC &#8211; European Policy Centre &#8211; in Br\u00fcssel, Aufsichtsratsvorsitzender der Estonian eGovernance Academy, Mitglied des EU Cyber Direct Advisory Board f\u00fcr Cyberdiplomatie, Research Fellow bei CERRE, einem Think Tank f\u00fcr Regulierung, und CEO von iivii.<\/p>\n\n\n\t\t<\/div>\n\t<\/div>\n<\/div><\/div><\/div><\/div>\n<\/div>\n                  <\/div>\n              <\/div>\n          <\/div>\n      \n          <div class=\"wpb_column vc_column_container vc_col-sm-6 vc_col-md-3 vc_col-sm-offset-0 vc_col-xs-offset-1 vc_col-xs-10\">\n              <div class=\"vc_column-inner\">\n                  <div class=\"wpb_wrapper\">\n                      <div class=\"wpb-content-wrapper\"><div class=\"vc_row wpb_row vc_row-fluid\"><div class=\"mentor-profile-container wpb_column vc_column_container vc_col-sm-12\"><div class=\"vc_column-inner\"><div class=\"wpb_wrapper\">\n\t<div  class=\"wpb_single_image wpb_content_element vc_align_left wpb_content_element  mentor-image\">\n\t\t\n\t\t<figure class=\"wpb_wrapper vc_figure\">\n\t\t\t<a href=\"https:\/\/www.united-europe.eu\/de\/mentoren\/paul-van-son\/\" target=\"_self\" class=\"vc_single_image-wrapper vc_box_rounded  vc_box_border_grey\"><img decoding=\"async\" class=\"vc_single_image-img \" src=\"https:\/\/www.united-europe.eu\/wp-content\/uploads\/2021\/08\/5-325x325.jpg\" width=\"325\" height=\"325\" alt=\"5\" title=\"5\" loading=\"lazy\" \/><\/a>\n\t\t<\/figure>\n\t<\/div>\n\n\t<div class=\"wpb_text_column wpb_content_element vc_custom_1592467442201 mentor-name\" >\n\t\t<div class=\"wpb_wrapper\">\n\t\t\t<h3 id=\"paul-van-son\" style=\"text-align: left;\"><a href=\"https:\/\/www.united-europe.eu\/de\/mentoren\/paul-van-son\/\">Paul van Son<\/a><\/h3>\n\n\t\t<\/div>\n\t<\/div>\n\n\t<div class=\"wpb_text_column wpb_content_element mentor-short-bio\" >\n\t\t<div class=\"wpb_wrapper\">\n\t\t\t<p>Paul van Son ist seit mehr als 40 Jahren in Aufsichtsr\u00e4ten, Vorst\u00e4nden und in operativen F\u00fchrungspositionen des internationalen Energiegesch\u00e4fts t\u00e4tig. Er gilt als Pionier, Innovator und Netzwerker mit Erfahrung in den Bereichen Management und Unternehmensf\u00fchrung.<\/p>\n\n\n\t\t<\/div>\n\t<\/div>\n<\/div><\/div><\/div><\/div>\n<\/div>\n                  <\/div>\n              <\/div>\n          <\/div>\n      \n          <div class=\"wpb_column vc_column_container vc_col-sm-6 vc_col-md-3 vc_col-sm-offset-0 vc_col-xs-offset-1 vc_col-xs-10\">\n              <div class=\"vc_column-inner\">\n                  <div class=\"wpb_wrapper\">\n                      <div class=\"wpb-content-wrapper\"><div class=\"vc_row wpb_row vc_row-fluid\"><div class=\"mentor-profile-container wpb_column vc_column_container vc_col-sm-12\"><div class=\"vc_column-inner\"><div class=\"wpb_wrapper\">\n\t<div  class=\"wpb_single_image wpb_content_element vc_align_left wpb_content_element  mentor-image\">\n\t\t\n\t\t<figure class=\"wpb_wrapper vc_figure\">\n\t\t\t<a href=\"https:\/\/www.united-europe.eu\/de\/mentoren\/koen-verniers\/\" target=\"_self\" class=\"vc_single_image-wrapper vc_box_rounded  vc_box_border_grey\"><img decoding=\"async\" class=\"vc_single_image-img \" src=\"https:\/\/www.united-europe.eu\/wp-content\/uploads\/2021\/07\/8-325x325.jpg\" width=\"325\" height=\"325\" alt=\"8\" title=\"8\" loading=\"lazy\" \/><\/a>\n\t\t<\/figure>\n\t<\/div>\n\n\t<div class=\"wpb_text_column wpb_content_element vc_custom_1592467442201 mentor-name\" >\n\t\t<div class=\"wpb_wrapper\">\n\t\t\t<h3 id=\"koen-verniers\" style=\"text-align: left;\"><a href=\"https:\/\/www.united-europe.eu\/de\/mentoren\/koen-verniers\/\">Koen Verniers<\/a><\/h3>\n\n\t\t<\/div>\n\t<\/div>\n\n\t<div class=\"wpb_text_column wpb_content_element mentor-short-bio\" >\n\t\t<div class=\"wpb_wrapper\">\n\t\t\t<p>Koen betreibt derzeit ein Beratungsunternehmen, das mit einer Reihe von Infrastruktur-Investmentgesellschaften sowie mit gemeinn\u00fctzigen Organisationen in der Funktion eines (Start-up-)Investors zusammenarbeitet.<\/p>\n\n\n\t\t<\/div>\n\t<\/div>\n<\/div><\/div><\/div><\/div>\n<\/div>\n                  <\/div>\n              <\/div>\n          <\/div>\n      \n\t<\/div>\n\t\n\t\n\t\n<\/div>\n[\/vc_column_text][\/vc_column][\/vc_row]\n<\/div>","protected":false},"excerpt":{"rendered":"Die Erfolgsgeschichten aus unseren vergangenen Mentoring-Runden haben United Europe dazu inspiriert, das Programm j\u00e4hrlich mit neuen Mentees und Mentoren fortzusetzen. Die Mentoring-Initiative, die junge F\u00fchrungskr\u00e4fte mit erfahrenen F\u00fchrungskr\u00e4ften verbindet, verspricht&hellip;","protected":false},"author":16,"featured_media":22406,"parent":17593,"menu_order":1,"comment_status":"closed","ping_status":"closed","template":"","meta":{"_acf_changed":false,"footnotes":""},"class_list":["post-20656","page","type-page","status-publish","has-post-thumbnail"],"acf":[],"aioseo_notices":[],"_links":{"self":[{"href":"https:\/\/www.united-europe.eu\/de\/wp-json\/wp\/v2\/pages\/20656","targetHints":{"allow":["GET"]}}],"collection":[{"href":"https:\/\/www.united-europe.eu\/de\/wp-json\/wp\/v2\/pages"}],"about":[{"href":"https:\/\/www.united-europe.eu\/de\/wp-json\/wp\/v2\/types\/page"}],"author":[{"embeddable":true,"href":"https:\/\/www.united-europe.eu\/de\/wp-json\/wp\/v2\/users\/16"}],"replies":[{"embeddable":true,"href":"https:\/\/www.united-europe.eu\/de\/wp-json\/wp\/v2\/comments?post=20656"}],"version-history":[{"count":21,"href":"https:\/\/www.united-europe.eu\/de\/wp-json\/wp\/v2\/pages\/20656\/revisions"}],"predecessor-version":[{"id":24353,"href":"https:\/\/www.united-europe.eu\/de\/wp-json\/wp\/v2\/pages\/20656\/revisions\/24353"}],"up":[{"embeddable":true,"href":"https:\/\/www.united-europe.eu\/de\/wp-json\/wp\/v2\/pages\/17593"}],"wp:featuredmedia":[{"embeddable":true,"href":"https:\/\/www.united-europe.eu\/de\/wp-json\/wp\/v2\/media\/22406"}],"wp:attachment":[{"href":"https:\/\/www.united-europe.eu\/de\/wp-json\/wp\/v2\/media?parent=20656"}],"curies":[{"name":"wp","href":"https:\/\/api.w.org\/{rel}","templated":true}]}}